{"id":5959,"date":"2023-08-16T15:43:53","date_gmt":"2023-08-16T15:43:53","guid":{"rendered":"https:\/\/kinsley-demo.bslthemes.com\/hotel\/?page_id=5959"},"modified":"2024-12-18T12:16:30","modified_gmt":"2024-12-18T12:16:30","slug":"home-1","status":"publish","type":"page","link":"https:\/\/www.dayyachtchartermallorca.com\/de\/","title":{"rendered":"Tagescharter auf Mallorca"},"content":{"rendered":"<div data-elementor-type=\"wp-page\" data-elementor-id=\"5959\" class=\"elementor elementor-5959\">\n\t\t\t\t<div class=\"elementor-element elementor-element-4fe730e elementor-hidden-desktop elementor-hidden-tablet e-flex e-con-boxed e-con e-parent\" data-id=\"4fe730e\" data-element_type=\"container\" data-e-type=\"container\" data-settings=\"{&quot;background_background&quot;:&quot;classic&quot;}\">\n\t\t\t\t\t<div class=\"e-con-inner\">\n\t\t\t\t<div class=\"elementor-element elementor-element-9fb6a1d elementor-widget elementor-widget-heading\" data-id=\"9fb6a1d\" data-element_type=\"widget\" data-e-type=\"widget\" data-widget_type=\"heading.default\">\n\t\t\t\t<div class=\"elementor-widget-container\">\n\t\t\t\t\t<h1 class=\"elementor-heading-title elementor-size-default\">Tagescharter auf Mallorca<\/h1>\t\t\t\t<\/div>\n\t\t\t\t<\/div>\n\t\t\t\t<div class=\"elementor-element elementor-element-f132c0f elementor-widget elementor-widget-text-editor\" data-id=\"f132c0f\" data-element_type=\"widget\" data-e-type=\"widget\" data-widget_type=\"text-editor.default\">\n\t\t\t\t<div class=\"elementor-widget-container\">\n\t\t\t\t\t\t\t\t\t<p>Segeln Sie in den Luxus: Verbessern Sie Ihre Erfahrung mit einem Tages-Yachtcharter auf Mallorca<\/p>\t\t\t\t\t\t\t\t<\/div>\n\t\t\t\t<\/div>\n\t\t<div class=\"elementor-element elementor-element-ada6623 e-grid e-con-full e-con e-child\" data-id=\"ada6623\" data-element_type=\"container\" data-e-type=\"container\">\n\t\t\t\t<div class=\"elementor-element elementor-element-f4ce36c elementor-widget elementor-widget-button\" data-id=\"f4ce36c\" data-element_type=\"widget\" data-e-type=\"widget\" data-widget_type=\"button.default\">\n\t\t\t\t<div class=\"elementor-widget-container\">\n\t\t\t\t\t\t\t\t\t<div class=\"elementor-button-wrapper\">\n\t\t\t\t\t<a class=\"elementor-button elementor-button-link elementor-size-sm\" href=\"https:\/\/wa.link\/ume2go\">\n\t\t\t\t\t\t<span class=\"elementor-button-content-wrapper\">\n\t\t\t\t\t\t\t\t\t<span class=\"elementor-button-text\">Whatsapp<\/span>\n\t\t\t\t\t<\/span>\n\t\t\t\t\t<\/a>\n\t\t\t\t<\/div>\n\t\t\t\t\t\t\t\t<\/div>\n\t\t\t\t<\/div>\n\t\t\t\t<div class=\"elementor-element elementor-element-6a22b43 elementor-widget elementor-widget-button\" data-id=\"6a22b43\" data-element_type=\"widget\" data-e-type=\"widget\" data-widget_type=\"button.default\">\n\t\t\t\t<div class=\"elementor-widget-container\">\n\t\t\t\t\t\t\t\t\t<div class=\"elementor-button-wrapper\">\n\t\t\t\t\t<a class=\"elementor-button elementor-button-link elementor-size-sm\" href=\"https:\/\/www.dayyachtchartermallorca.com\/de\/finder\/\">\n\t\t\t\t\t\t<span class=\"elementor-button-content-wrapper\">\n\t\t\t\t\t\t\t\t\t<span class=\"elementor-button-text\">View all Yachts<\/span>\n\t\t\t\t\t<\/span>\n\t\t\t\t\t<\/a>\n\t\t\t\t<\/div>\n\t\t\t\t\t\t\t\t<\/div>\n\t\t\t\t<\/div>\n\t\t\t\t<\/div>\n\t\t\t\t\t<\/div>\n\t\t\t\t<\/div>\n\t\t<div class=\"elementor-element elementor-element-7238145 elementor-hidden-mobile e-flex e-con-boxed e-con e-parent\" data-id=\"7238145\" data-element_type=\"container\" data-e-type=\"container\">\n\t\t\t\t\t<div class=\"e-con-inner\">\n\t\t\t\t<div class=\"elementor-element elementor-element-874928b elementor-widget elementor-widget-heading\" data-id=\"874928b\" data-element_type=\"widget\" data-e-type=\"widget\" data-widget_type=\"heading.default\">\n\t\t\t\t<div class=\"elementor-widget-container\">\n\t\t\t\t\t<h1 class=\"elementor-heading-title elementor-size-default\">Tagescharter auf Mallorca<\/h1>\t\t\t\t<\/div>\n\t\t\t\t<\/div>\n\t\t\t\t<div class=\"elementor-element elementor-element-0d8857f elementor-widget elementor-widget-text-editor\" data-id=\"0d8857f\" data-element_type=\"widget\" data-e-type=\"widget\" data-widget_type=\"text-editor.default\">\n\t\t\t\t<div class=\"elementor-widget-container\">\n\t\t\t\t\t\t\t\t\t<p>Segeln Sie in den Luxus: Verbessern Sie Ihre Erfahrung mit einem Tages-Yachtcharter auf Mallorca<\/p>\t\t\t\t\t\t\t\t<\/div>\n\t\t\t\t<\/div>\n\t\t\t\t\t<\/div>\n\t\t\t\t<\/div>\n\t\t\t\t<section class=\"elementor-section elementor-top-section elementor-element elementor-element-066a6be elementor-section-boxed elementor-section-height-default elementor-section-height-default\" data-id=\"066a6be\" data-element_type=\"section\" data-e-type=\"section\">\n\t\t\t\t\t\t<div class=\"elementor-container elementor-column-gap-default\">\n\t\t\t\t\t<div class=\"elementor-column elementor-col-100 elementor-top-column elementor-element elementor-element-8c7b824\" data-id=\"8c7b824\" data-element_type=\"column\" data-e-type=\"column\">\n\t\t\t<div class=\"elementor-widget-wrap elementor-element-populated\">\n\t\t\t\t\t\t<div class=\"elementor-element elementor-element-abf10d1 elementor-widget elementor-widget-spacer\" data-id=\"abf10d1\" data-element_type=\"widget\" data-e-type=\"widget\" data-widget_type=\"spacer.default\">\n\t\t\t\t<div class=\"elementor-widget-container\">\n\t\t\t\t\t\t\t<div class=\"elementor-spacer\">\n\t\t\t<div class=\"elementor-spacer-inner\"><\/div>\n\t\t<\/div>\n\t\t\t\t\t\t<\/div>\n\t\t\t\t<\/div>\n\t\t\t\t<div class=\"elementor-element elementor-element-d3437c3 elementor-widget elementor-widget-kinsley-rooms-grid\" data-id=\"d3437c3\" data-element_type=\"widget\" data-e-type=\"widget\" id=\"yates\" data-settings=\"{&quot;_animation&quot;:&quot;none&quot;}\" data-widget_type=\"kinsley-rooms-grid.default\">\n\t\t\t\t<div class=\"elementor-widget-container\">\n\t\t\t\t\t\n\t\t<!-- rooms -->\n\t\t<section class=\"knsl-p-0-100\">\n\t\t\n\t\t<div class=\"container\">\t\t\t\n\t\t\t\n\t\t\t\t\t\t<div class=\"row attr-details-size-false attr-details-amenity-false attr-details-category-false attr-details-attributes-false attr-details-view-false attr-details-bed-type-false attr-details-children-false show-price-before-yes\">\n\t\t\t\t\n\t\t\t\t\t\t\t\t<div class=\"col-lg-4\">\n\t\t\t\t\t<div class=\"mphb_sc_room-wrapper\"><div class=\"mphb-room-type post-9450 mphb_room_type type-mphb_room_type status-publish has-post-thumbnail mphb_room_type_category-day-charter-yachts mphb_room_type_category-week-charter-yachts-mallorca mphb_room_type_tag-day-yacht-charter-mallorca mphb_room_type_facility-1-cabin mphb_room_type_facility-1-wc mphb_room_type_facility-air-conditioning mphb_room_type_facility-courtesy-drinks mphb_room_type_facility-paddle-sup mphb_room_type_facility-professional-skipper mphb_room_type_facility-snorkel mphb-room-type-adults-10 mphb-room-type-children-0\">\n\n\t\n\t\n\n\t<p class=\"post-thumbnail mphb-loop-room-thumbnail\">\n\t<a href=\"https:\/\/www.dayyachtchartermallorca.com\/de\/yacht\/solaris-power-44\/\">\n\t<img fetchpriority=\"high\" decoding=\"async\" width=\"800\" height=\"533\" src=\"https:\/\/www.dayyachtchartermallorca.com\/wp-content\/uploads\/2024\/12\/solaris-44-day-charter-mallorca.webp\" class=\"attachment-post-thumbnail size-post-thumbnail wp-post-image\" alt=\"\" srcset=\"https:\/\/www.dayyachtchartermallorca.com\/wp-content\/uploads\/2024\/12\/solaris-44-day-charter-mallorca.webp 800w, https:\/\/www.dayyachtchartermallorca.com\/wp-content\/uploads\/2024\/12\/solaris-44-day-charter-mallorca-300x200.webp 300w, https:\/\/www.dayyachtchartermallorca.com\/wp-content\/uploads\/2024\/12\/solaris-44-day-charter-mallorca-768x512.webp 768w, https:\/\/www.dayyachtchartermallorca.com\/wp-content\/uploads\/2024\/12\/solaris-44-day-charter-mallorca-18x12.webp 18w\" sizes=\"(max-width: 800px) 100vw, 800px\" \/>\t<\/a>\n\n\t<\/p>\n\n\n\n<h2 class=\"mphb-room-type-title entry-title\">\n\n\n\n<a class=\"mphb-room-type-title\" href=\"https:\/\/www.dayyachtchartermallorca.com\/de\/yacht\/solaris-power-44\/\">Solaris Power 44<\/a>\n\n\n<\/h2>\n\n\n<h3 class=\"mphb-room-type-details-title\">Details<\/h3><ul class=\"mphb-loop-room-type-attributes\">\n\t<li class=\"mphb-room-type-total-capacity\"><span class=\"mphb-attribute-title mphb-total-capacity-title\">G\u00e4ste:<\/span><span class=\"mphb-attribute-value\">\n\t10\n\t<\/span><\/li>\t\n\n\n\t<li class=\"mphb-room-type-facilities\"><span class=\"mphb-attribute-title mphb-facilities-title\">Ausstattungen:<\/span><span class=\"mphb-attribute-value\"> <span class=\"facility-1-cabin\"><a href=\"https:\/\/www.dayyachtchartermallorca.com\/de\/yacht-facility\/1-cabin\/\">1 Cabin<\/a><\/span>, <span class=\"facility-1-wc\"><a href=\"https:\/\/www.dayyachtchartermallorca.com\/de\/yacht-facility\/1-wc\/\">1 WC<\/a><\/span>, <span class=\"facility-air-conditioning\"><a href=\"https:\/\/www.dayyachtchartermallorca.com\/de\/yacht-facility\/air-conditioning\/\">Air-conditioned<\/a><\/span>, <span class=\"facility-courtesy-drinks\"><a href=\"https:\/\/www.dayyachtchartermallorca.com\/de\/yacht-facility\/courtesy-drinks\/\">Courtesy Drinks<\/a><\/span>, <span class=\"facility-paddle-sup\"><a href=\"https:\/\/www.dayyachtchartermallorca.com\/de\/yacht-facility\/paddle-sup\/\">Paddle Sup<\/a><\/span>, <span class=\"facility-professional-skipper\"><a href=\"https:\/\/www.dayyachtchartermallorca.com\/de\/yacht-facility\/professional-skipper\/\">Professional Skipper<\/a><\/span>, <span class=\"facility-snorkel\"><a href=\"https:\/\/www.dayyachtchartermallorca.com\/de\/yacht-facility\/snorkel\/\">Snorkel<\/a><\/span><\/span><\/li>\n\t\n\n\n\n\n\t<li class=\"mphb-room-type-size\"><span class=\"mphb-attribute-title mphb-size-title\">Gr\u00f6\u00dfe:<\/span><span class=\"mphb-attribute-value\">\n\t44ft\u00b2\n\t<\/span><\/li>\n\t\n\n\n\n\t<li class=\"mphb-room-type-categories\"><span class=\"mphb-attribute-title mphb-categories-title\">Kategorien:<\/span><span class=\"mphb-attribute-value\"> <span class=\"category-day-charter-yachts\"><a href=\"https:\/\/www.dayyachtchartermallorca.com\/de\/yacht-category\/day-charter-yachts\/\">Day Charter Yachts<\/a><\/span>, <span class=\"category-week-charter-yachts-mallorca\"><a href=\"https:\/\/www.dayyachtchartermallorca.com\/de\/yacht-category\/week-charter-yachts-mallorca\/\">Week Charter Yachts<\/a><\/span><\/span><\/li>\n\t\n<\/ul>\n\n<div class=\"mphb-to-book-btn-wrapper\">\n<form action=\"https:\/\/www.dayyachtchartermallorca.com\/de\/yacht\/solaris-power-44\/#booking-form-9450\" method=\"get\" data-trp-original-action=\"https:\/\/www.dayyachtchartermallorca.com\/de\/yacht\/solaris-power-44\/#booking-form-9450\" ><button type=\"submit\" class=\"button mphb-book-button\" >Buchen<\/button><input type=\"hidden\" name=\"trp-form-language\" value=\"de\"\/><\/form>\n<br\/><\/div>\n\t\n<\/div>\n<\/div>\t\t\t\t<\/div>\n\t\t\t\t\t\t\t\t<div class=\"col-lg-4\">\n\t\t\t\t\t<div class=\"mphb_sc_room-wrapper\"><div class=\"mphb-room-type post-9110 mphb_room_type type-mphb_room_type status-publish has-post-thumbnail mphb_room_type_category-day-charter-yachts mphb_room_type_category-week-charter-yachts-mallorca mphb_room_type_tag-day-yacht-charter-mallorca mphb_room_type_facility-3-cabins mphb_room_type_facility-3-wc mphb_room_type_facility-air-conditioning mphb_room_type_facility-crew-x-2 mphb_room_type_facility-paddle-sup mphb_room_type_facility-professional-skipper mphb_room_type_facility-snorkel mphb_room_type_facility-williams-tender mphb-room-type-adults-10 mphb-room-type-children-0\">\n\n\t\n\t\n\n\t<p class=\"post-thumbnail mphb-loop-room-thumbnail\">\n\t<a href=\"https:\/\/www.dayyachtchartermallorca.com\/de\/yacht\/mangusta-72\/\">\n\t<img decoding=\"async\" width=\"800\" height=\"533\" src=\"https:\/\/www.dayyachtchartermallorca.com\/wp-content\/uploads\/2024\/12\/yachtcharter-mallorca-mangusta-72.webp\" class=\"attachment-post-thumbnail size-post-thumbnail wp-post-image\" alt=\"\" srcset=\"https:\/\/www.dayyachtchartermallorca.com\/wp-content\/uploads\/2024\/12\/yachtcharter-mallorca-mangusta-72.webp 800w, https:\/\/www.dayyachtchartermallorca.com\/wp-content\/uploads\/2024\/12\/yachtcharter-mallorca-mangusta-72-300x200.webp 300w, https:\/\/www.dayyachtchartermallorca.com\/wp-content\/uploads\/2024\/12\/yachtcharter-mallorca-mangusta-72-768x512.webp 768w, https:\/\/www.dayyachtchartermallorca.com\/wp-content\/uploads\/2024\/12\/yachtcharter-mallorca-mangusta-72-18x12.webp 18w\" sizes=\"(max-width: 800px) 100vw, 800px\" \/>\t<\/a>\n\n\t<\/p>\n\n\n\n<h2 class=\"mphb-room-type-title entry-title\">\n\n\n\n<a class=\"mphb-room-type-title\" href=\"https:\/\/www.dayyachtchartermallorca.com\/de\/yacht\/mangusta-72\/\">Mangusta 72 &#8216;Thats Amore&#8217;<\/a>\n\n\n<\/h2>\n\n\n<h3 class=\"mphb-room-type-details-title\">Details<\/h3><ul class=\"mphb-loop-room-type-attributes\">\n\t<li class=\"mphb-room-type-total-capacity\"><span class=\"mphb-attribute-title mphb-total-capacity-title\">G\u00e4ste:<\/span><span class=\"mphb-attribute-value\">\n\t10\n\t<\/span><\/li>\t\n\n\n\t<li class=\"mphb-room-type-facilities\"><span class=\"mphb-attribute-title mphb-facilities-title\">Ausstattungen:<\/span><span class=\"mphb-attribute-value\"> <span class=\"facility-3-cabins\"><a href=\"https:\/\/www.dayyachtchartermallorca.com\/de\/yacht-facility\/3-cabins\/\">3 Cabins<\/a><\/span>, <span class=\"facility-3-wc\"><a href=\"https:\/\/www.dayyachtchartermallorca.com\/de\/yacht-facility\/3-wc\/\">3 WC<\/a><\/span>, <span class=\"facility-air-conditioning\"><a href=\"https:\/\/www.dayyachtchartermallorca.com\/de\/yacht-facility\/air-conditioning\/\">Air-conditioned<\/a><\/span>, <span class=\"facility-crew-x-2\"><a href=\"https:\/\/www.dayyachtchartermallorca.com\/de\/yacht-facility\/crew-x-2\/\">Crew x 2<\/a><\/span>, <span class=\"facility-paddle-sup\"><a href=\"https:\/\/www.dayyachtchartermallorca.com\/de\/yacht-facility\/paddle-sup\/\">Paddle Sup<\/a><\/span>, <span class=\"facility-professional-skipper\"><a href=\"https:\/\/www.dayyachtchartermallorca.com\/de\/yacht-facility\/professional-skipper\/\">Professional Skipper<\/a><\/span>, <span class=\"facility-snorkel\"><a href=\"https:\/\/www.dayyachtchartermallorca.com\/de\/yacht-facility\/snorkel\/\">Snorkel<\/a><\/span>, <span class=\"facility-williams-tender\"><a href=\"https:\/\/www.dayyachtchartermallorca.com\/de\/yacht-facility\/williams-tender\/\">Williams Tender<\/a><\/span><\/span><\/li>\n\t\n\n\n\n\n\t<li class=\"mphb-room-type-size\"><span class=\"mphb-attribute-title mphb-size-title\">Gr\u00f6\u00dfe:<\/span><span class=\"mphb-attribute-value\">\n\t72ft\u00b2\n\t<\/span><\/li>\n\t\n\n\n\n\t<li class=\"mphb-room-type-categories\"><span class=\"mphb-attribute-title mphb-categories-title\">Kategorien:<\/span><span class=\"mphb-attribute-value\"> <span class=\"category-day-charter-yachts\"><a href=\"https:\/\/www.dayyachtchartermallorca.com\/de\/yacht-category\/day-charter-yachts\/\">Day Charter Yachts<\/a><\/span>, <span class=\"category-week-charter-yachts-mallorca\"><a href=\"https:\/\/www.dayyachtchartermallorca.com\/de\/yacht-category\/week-charter-yachts-mallorca\/\">Week Charter Yachts<\/a><\/span><\/span><\/li>\n\t\n<\/ul>\n\n<div class=\"mphb-to-book-btn-wrapper\">\n<form action=\"https:\/\/www.dayyachtchartermallorca.com\/de\/yacht\/mangusta-72\/#booking-form-9110\" method=\"get\" data-trp-original-action=\"https:\/\/www.dayyachtchartermallorca.com\/de\/yacht\/mangusta-72\/#booking-form-9110\" ><button type=\"submit\" class=\"button mphb-book-button\" >Buchen<\/button><input type=\"hidden\" name=\"trp-form-language\" value=\"de\"\/><\/form>\n<br\/><\/div>\n\t\n<\/div>\n<\/div>\t\t\t\t<\/div>\n\t\t\t\t\t\t\t\t<div class=\"col-lg-4\">\n\t\t\t\t\t<div class=\"mphb_sc_room-wrapper\"><div class=\"mphb-room-type post-1943 mphb_room_type type-mphb_room_type status-publish has-post-thumbnail mphb_room_type_category-day-charter-yachts mphb_room_type_category-week-charter-yachts-mallorca mphb_room_type_tag-day-yacht-charter-mallorca mphb_room_type_facility-2-x-1-150-hp-cat-motors mphb_room_type_facility-3-cabins mphb_room_type_facility-3-wc mphb_room_type_facility-air-conditioning mphb_room_type_facility-crew-x-2 mphb_room_type_facility-paddle-sup mphb_room_type_facility-snorkel mphb_room_type_facility-williams-tender mphb-room-type-adults-10 mphb-room-type-children-0\">\n\n\t\n\t\n\n\t<p class=\"post-thumbnail mphb-loop-room-thumbnail\">\n\t<a href=\"https:\/\/www.dayyachtchartermallorca.com\/de\/yacht\/azimut-64\/\">\n\t<img decoding=\"async\" width=\"800\" height=\"533\" src=\"https:\/\/www.dayyachtchartermallorca.com\/wp-content\/uploads\/2024\/12\/day-yacht-charter-mallorca-azimut-64.webp\" class=\"attachment-post-thumbnail size-post-thumbnail wp-post-image\" alt=\"\" srcset=\"https:\/\/www.dayyachtchartermallorca.com\/wp-content\/uploads\/2024\/12\/day-yacht-charter-mallorca-azimut-64.webp 800w, https:\/\/www.dayyachtchartermallorca.com\/wp-content\/uploads\/2024\/12\/day-yacht-charter-mallorca-azimut-64-300x200.webp 300w, https:\/\/www.dayyachtchartermallorca.com\/wp-content\/uploads\/2024\/12\/day-yacht-charter-mallorca-azimut-64-768x512.webp 768w, https:\/\/www.dayyachtchartermallorca.com\/wp-content\/uploads\/2024\/12\/day-yacht-charter-mallorca-azimut-64-18x12.webp 18w\" sizes=\"(max-width: 800px) 100vw, 800px\" \/>\t<\/a>\n\n\t<\/p>\n\n\n\n<h2 class=\"mphb-room-type-title entry-title\">\n\n\n\n<a class=\"mphb-room-type-title\" href=\"https:\/\/www.dayyachtchartermallorca.com\/de\/yacht\/azimut-64\/\">Azimut 64 &#8216;Not Dead Yet&#8217;<\/a>\n\n\n<\/h2>\n\n\n<h3 class=\"mphb-room-type-details-title\">Details<\/h3><ul class=\"mphb-loop-room-type-attributes\">\n\t<li class=\"mphb-room-type-total-capacity\"><span class=\"mphb-attribute-title mphb-total-capacity-title\">G\u00e4ste:<\/span><span class=\"mphb-attribute-value\">\n\t10\n\t<\/span><\/li>\t\n\n\n\t<li class=\"mphb-room-type-facilities\"><span class=\"mphb-attribute-title mphb-facilities-title\">Ausstattungen:<\/span><span class=\"mphb-attribute-value\"> <span class=\"facility-2-x-1-150-hp-cat-motors\"><a href=\"https:\/\/www.dayyachtchartermallorca.com\/de\/yacht-facility\/2-x-1-150-hp-cat-motors\/\">2 x 1.150 Hp CAT Motors<\/a><\/span>, <span class=\"facility-3-cabins\"><a href=\"https:\/\/www.dayyachtchartermallorca.com\/de\/yacht-facility\/3-cabins\/\">3 Cabins<\/a><\/span>, <span class=\"facility-3-wc\"><a href=\"https:\/\/www.dayyachtchartermallorca.com\/de\/yacht-facility\/3-wc\/\">3 WC<\/a><\/span>, <span class=\"facility-air-conditioning\"><a href=\"https:\/\/www.dayyachtchartermallorca.com\/de\/yacht-facility\/air-conditioning\/\">Air-conditioned<\/a><\/span>, <span class=\"facility-crew-x-2\"><a href=\"https:\/\/www.dayyachtchartermallorca.com\/de\/yacht-facility\/crew-x-2\/\">Crew x 2<\/a><\/span>, <span class=\"facility-paddle-sup\"><a href=\"https:\/\/www.dayyachtchartermallorca.com\/de\/yacht-facility\/paddle-sup\/\">Paddle Sup<\/a><\/span>, <span class=\"facility-snorkel\"><a href=\"https:\/\/www.dayyachtchartermallorca.com\/de\/yacht-facility\/snorkel\/\">Snorkel<\/a><\/span>, <span class=\"facility-williams-tender\"><a href=\"https:\/\/www.dayyachtchartermallorca.com\/de\/yacht-facility\/williams-tender\/\">Williams Tender<\/a><\/span><\/span><\/li>\n\t\n\n\n\n\n\t<li class=\"mphb-room-type-size\"><span class=\"mphb-attribute-title mphb-size-title\">Gr\u00f6\u00dfe:<\/span><span class=\"mphb-attribute-value\">\n\t64ft\u00b2\n\t<\/span><\/li>\n\t\n\n\n\n\t<li class=\"mphb-room-type-categories\"><span class=\"mphb-attribute-title mphb-categories-title\">Kategorien:<\/span><span class=\"mphb-attribute-value\"> <span class=\"category-day-charter-yachts\"><a href=\"https:\/\/www.dayyachtchartermallorca.com\/de\/yacht-category\/day-charter-yachts\/\">Day Charter Yachts<\/a><\/span>, <span class=\"category-week-charter-yachts-mallorca\"><a href=\"https:\/\/www.dayyachtchartermallorca.com\/de\/yacht-category\/week-charter-yachts-mallorca\/\">Week Charter Yachts<\/a><\/span><\/span><\/li>\n\t\n<\/ul>\n\n<div class=\"mphb-to-book-btn-wrapper\">\n<form action=\"https:\/\/www.dayyachtchartermallorca.com\/de\/yacht\/azimut-64\/#booking-form-1943\" method=\"get\" data-trp-original-action=\"https:\/\/www.dayyachtchartermallorca.com\/de\/yacht\/azimut-64\/#booking-form-1943\" ><button type=\"submit\" class=\"button mphb-book-button\" >Buchen<\/button><input type=\"hidden\" name=\"trp-form-language\" value=\"de\"\/><\/form>\n<br\/><\/div>\n\t\n<\/div>\n<\/div>\t\t\t\t<\/div>\n\t\t\t\t\t\t\t\t<div class=\"col-lg-4\">\n\t\t\t\t\t<div class=\"mphb_sc_room-wrapper knsl-scroll-animation\"><div class=\"mphb-room-type post-8209 mphb_room_type type-mphb_room_type status-publish has-post-thumbnail mphb_room_type_category-day-charter-yachts mphb_room_type_category-week-charter-yachts-mallorca mphb_room_type_tag-day-yacht-charter-mallorca mphb_room_type_facility-3-cabins mphb_room_type_facility-3-wc mphb_room_type_facility-air-conditioning mphb_room_type_facility-paddle-sup mphb_room_type_facility-professional-skipper mphb_room_type_facility-snorkel mphb_room_type_facility-williams-tender mphb-room-type-adults-10 mphb-room-type-children-0\">\n\n\t\n\t\n\n\t<p class=\"post-thumbnail mphb-loop-room-thumbnail\">\n\t<a href=\"https:\/\/www.dayyachtchartermallorca.com\/de\/yacht\/absolute-62\/\">\n\t<img loading=\"lazy\" decoding=\"async\" width=\"800\" height=\"533\" src=\"https:\/\/www.dayyachtchartermallorca.com\/wp-content\/uploads\/2024\/12\/yachtcharter-mallorca-absolute-62.webp\" class=\"attachment-post-thumbnail size-post-thumbnail wp-post-image\" alt=\"\" srcset=\"https:\/\/www.dayyachtchartermallorca.com\/wp-content\/uploads\/2024\/12\/yachtcharter-mallorca-absolute-62.webp 800w, https:\/\/www.dayyachtchartermallorca.com\/wp-content\/uploads\/2024\/12\/yachtcharter-mallorca-absolute-62-300x200.webp 300w, https:\/\/www.dayyachtchartermallorca.com\/wp-content\/uploads\/2024\/12\/yachtcharter-mallorca-absolute-62-768x512.webp 768w, https:\/\/www.dayyachtchartermallorca.com\/wp-content\/uploads\/2024\/12\/yachtcharter-mallorca-absolute-62-18x12.webp 18w\" sizes=\"(max-width: 800px) 100vw, 800px\" \/>\t<\/a>\n\n\t<\/p>\n\n\n\n<h2 class=\"mphb-room-type-title entry-title\">\n\n\n\n<a class=\"mphb-room-type-title\" href=\"https:\/\/www.dayyachtchartermallorca.com\/de\/yacht\/absolute-62\/\">Absolute 62 &#8216;Emilia II&#8217;<\/a>\n\n\n<\/h2>\n\n\n<h3 class=\"mphb-room-type-details-title\">Details<\/h3><ul class=\"mphb-loop-room-type-attributes\">\n\t<li class=\"mphb-room-type-total-capacity\"><span class=\"mphb-attribute-title mphb-total-capacity-title\">G\u00e4ste:<\/span><span class=\"mphb-attribute-value\">\n\t10\n\t<\/span><\/li>\t\n\n\n\t<li class=\"mphb-room-type-facilities\"><span class=\"mphb-attribute-title mphb-facilities-title\">Ausstattungen:<\/span><span class=\"mphb-attribute-value\"> <span class=\"facility-3-cabins\"><a href=\"https:\/\/www.dayyachtchartermallorca.com\/de\/yacht-facility\/3-cabins\/\">3 Cabins<\/a><\/span>, <span class=\"facility-3-wc\"><a href=\"https:\/\/www.dayyachtchartermallorca.com\/de\/yacht-facility\/3-wc\/\">3 WC<\/a><\/span>, <span class=\"facility-air-conditioning\"><a href=\"https:\/\/www.dayyachtchartermallorca.com\/de\/yacht-facility\/air-conditioning\/\">Air-conditioned<\/a><\/span>, <span class=\"facility-paddle-sup\"><a href=\"https:\/\/www.dayyachtchartermallorca.com\/de\/yacht-facility\/paddle-sup\/\">Paddle Sup<\/a><\/span>, <span class=\"facility-professional-skipper\"><a href=\"https:\/\/www.dayyachtchartermallorca.com\/de\/yacht-facility\/professional-skipper\/\">Professional Skipper<\/a><\/span>, <span class=\"facility-snorkel\"><a href=\"https:\/\/www.dayyachtchartermallorca.com\/de\/yacht-facility\/snorkel\/\">Snorkel<\/a><\/span>, <span class=\"facility-williams-tender\"><a href=\"https:\/\/www.dayyachtchartermallorca.com\/de\/yacht-facility\/williams-tender\/\">Williams Tender<\/a><\/span><\/span><\/li>\n\t\n\n\n\n\n\t<li class=\"mphb-room-type-size\"><span class=\"mphb-attribute-title mphb-size-title\">Gr\u00f6\u00dfe:<\/span><span class=\"mphb-attribute-value\">\n\t62ft\u00b2\n\t<\/span><\/li>\n\t\n\n\n\n\t<li class=\"mphb-room-type-categories\"><span class=\"mphb-attribute-title mphb-categories-title\">Kategorien:<\/span><span class=\"mphb-attribute-value\"> <span class=\"category-day-charter-yachts\"><a href=\"https:\/\/www.dayyachtchartermallorca.com\/de\/yacht-category\/day-charter-yachts\/\">Day Charter Yachts<\/a><\/span>, <span class=\"category-week-charter-yachts-mallorca\"><a href=\"https:\/\/www.dayyachtchartermallorca.com\/de\/yacht-category\/week-charter-yachts-mallorca\/\">Week Charter Yachts<\/a><\/span><\/span><\/li>\n\t\n<\/ul>\n\n<div class=\"mphb-to-book-btn-wrapper\">\n<form action=\"https:\/\/www.dayyachtchartermallorca.com\/de\/yacht\/absolute-62\/#booking-form-8209\" method=\"get\" data-trp-original-action=\"https:\/\/www.dayyachtchartermallorca.com\/de\/yacht\/absolute-62\/#booking-form-8209\" ><button type=\"submit\" class=\"button mphb-book-button\" >Buchen<\/button><input type=\"hidden\" name=\"trp-form-language\" value=\"de\"\/><\/form>\n<br\/><\/div>\n\t\n<\/div>\n<\/div>\t\t\t\t<\/div>\n\t\t\t\t\t\t\t\t<div class=\"col-lg-4\">\n\t\t\t\t\t<div class=\"mphb_sc_room-wrapper knsl-scroll-animation\"><div class=\"mphb-room-type post-8765 mphb_room_type type-mphb_room_type status-publish has-post-thumbnail mphb_room_type_category-day-charter-yachts mphb_room_type_category-week-charter-yachts-mallorca mphb_room_type_tag-day-yacht-charter-mallorca mphb_room_type_facility-3-cabins mphb_room_type_facility-3-wc mphb_room_type_facility-air-conditioning mphb_room_type_facility-paddle-sup mphb_room_type_facility-professional-skipper mphb_room_type_facility-snorkel mphb_room_type_facility-yacht-motor mphb_room_type_facility-williams-tender mphb-room-type-adults-10 mphb-room-type-children-0\">\n\n\t\n\t\n\n\t<p class=\"post-thumbnail mphb-loop-room-thumbnail\">\n\t<a href=\"https:\/\/www.dayyachtchartermallorca.com\/de\/yacht\/filippetti-s55\/\">\n\t<img loading=\"lazy\" decoding=\"async\" width=\"800\" height=\"533\" src=\"https:\/\/www.dayyachtchartermallorca.com\/wp-content\/uploads\/2024\/12\/filippetti-s55-yachtcharter-mallorca.webp\" class=\"attachment-post-thumbnail size-post-thumbnail wp-post-image\" alt=\"\" srcset=\"https:\/\/www.dayyachtchartermallorca.com\/wp-content\/uploads\/2024\/12\/filippetti-s55-yachtcharter-mallorca.webp 800w, https:\/\/www.dayyachtchartermallorca.com\/wp-content\/uploads\/2024\/12\/filippetti-s55-yachtcharter-mallorca-300x200.webp 300w, https:\/\/www.dayyachtchartermallorca.com\/wp-content\/uploads\/2024\/12\/filippetti-s55-yachtcharter-mallorca-768x512.webp 768w, https:\/\/www.dayyachtchartermallorca.com\/wp-content\/uploads\/2024\/12\/filippetti-s55-yachtcharter-mallorca-18x12.webp 18w\" sizes=\"(max-width: 800px) 100vw, 800px\" \/>\t<\/a>\n\n\t<\/p>\n\n\n\n<h2 class=\"mphb-room-type-title entry-title\">\n\n\n\n<a class=\"mphb-room-type-title\" href=\"https:\/\/www.dayyachtchartermallorca.com\/de\/yacht\/filippetti-s55\/\">Filippetti S55 &#8216;Smile&#8217;<\/a>\n\n\n<\/h2>\n\n\n<h3 class=\"mphb-room-type-details-title\">Details<\/h3><ul class=\"mphb-loop-room-type-attributes\">\n\t<li class=\"mphb-room-type-total-capacity\"><span class=\"mphb-attribute-title mphb-total-capacity-title\">G\u00e4ste:<\/span><span class=\"mphb-attribute-value\">\n\t10\n\t<\/span><\/li>\t\n\n\n\t<li class=\"mphb-room-type-facilities\"><span class=\"mphb-attribute-title mphb-facilities-title\">Ausstattungen:<\/span><span class=\"mphb-attribute-value\"> <span class=\"facility-3-cabins\"><a href=\"https:\/\/www.dayyachtchartermallorca.com\/de\/yacht-facility\/3-cabins\/\">3 Cabins<\/a><\/span>, <span class=\"facility-3-wc\"><a href=\"https:\/\/www.dayyachtchartermallorca.com\/de\/yacht-facility\/3-wc\/\">3 WC<\/a><\/span>, <span class=\"facility-air-conditioning\"><a href=\"https:\/\/www.dayyachtchartermallorca.com\/de\/yacht-facility\/air-conditioning\/\">Air-conditioned<\/a><\/span>, <span class=\"facility-paddle-sup\"><a href=\"https:\/\/www.dayyachtchartermallorca.com\/de\/yacht-facility\/paddle-sup\/\">Paddle Sup<\/a><\/span>, <span class=\"facility-professional-skipper\"><a href=\"https:\/\/www.dayyachtchartermallorca.com\/de\/yacht-facility\/professional-skipper\/\">Professional Skipper<\/a><\/span>, <span class=\"facility-snorkel\"><a href=\"https:\/\/www.dayyachtchartermallorca.com\/de\/yacht-facility\/snorkel\/\">Snorkel<\/a><\/span>, <span class=\"facility-yacht-motor\"><a href=\"https:\/\/www.dayyachtchartermallorca.com\/de\/yacht-facility\/yacht-motor\/\">Volvo Penta IPS 1200 2 x 1800HP<\/a><\/span>, <span class=\"facility-williams-tender\"><a href=\"https:\/\/www.dayyachtchartermallorca.com\/de\/yacht-facility\/williams-tender\/\">Williams Tender<\/a><\/span><\/span><\/li>\n\t\n\n\n\n\n\t<li class=\"mphb-room-type-size\"><span class=\"mphb-attribute-title mphb-size-title\">Gr\u00f6\u00dfe:<\/span><span class=\"mphb-attribute-value\">\n\t55ft\u00b2\n\t<\/span><\/li>\n\t\n\n\n\n\t<li class=\"mphb-room-type-categories\"><span class=\"mphb-attribute-title mphb-categories-title\">Kategorien:<\/span><span class=\"mphb-attribute-value\"> <span class=\"category-day-charter-yachts\"><a href=\"https:\/\/www.dayyachtchartermallorca.com\/de\/yacht-category\/day-charter-yachts\/\">Day Charter Yachts<\/a><\/span>, <span class=\"category-week-charter-yachts-mallorca\"><a href=\"https:\/\/www.dayyachtchartermallorca.com\/de\/yacht-category\/week-charter-yachts-mallorca\/\">Week Charter Yachts<\/a><\/span><\/span><\/li>\n\t\n<\/ul>\n\n<div class=\"mphb-to-book-btn-wrapper\">\n<form action=\"https:\/\/www.dayyachtchartermallorca.com\/de\/yacht\/filippetti-s55\/#booking-form-8765\" method=\"get\" data-trp-original-action=\"https:\/\/www.dayyachtchartermallorca.com\/de\/yacht\/filippetti-s55\/#booking-form-8765\" ><button type=\"submit\" class=\"button mphb-book-button\" >Buchen<\/button><input type=\"hidden\" name=\"trp-form-language\" value=\"de\"\/><\/form>\n<br\/><\/div>\n\t\n<\/div>\n<\/div>\t\t\t\t<\/div>\n\t\t\t\t\t\t\t\t<div class=\"col-lg-4\">\n\t\t\t\t\t<div class=\"mphb_sc_room-wrapper knsl-scroll-animation\"><div class=\"mphb-room-type post-8345 mphb_room_type type-mphb_room_type status-publish has-post-thumbnail mphb_room_type_category-day-charter-yachts mphb_room_type_tag-day-yacht-charter-mallorca mphb_room_type_facility-1-wc mphb_room_type_facility-2-cabins mphb_room_type_facility-air-conditioning mphb_room_type_facility-courtesy-drinks mphb_room_type_facility-paddle-sup mphb_room_type_facility-professional-skipper mphb_room_type_facility-snorkel mphb_room_type_facility-yacht-motor-3 mphb-room-type-adults-10 mphb-room-type-children-0\">\n\n\t\n\t\n\n\t<p class=\"post-thumbnail mphb-loop-room-thumbnail\">\n\t<a href=\"https:\/\/www.dayyachtchartermallorca.com\/de\/yacht\/fjord-52\/\">\n\t<img loading=\"lazy\" decoding=\"async\" width=\"800\" height=\"534\" src=\"https:\/\/www.dayyachtchartermallorca.com\/wp-content\/uploads\/2024\/12\/fjord-52-yacht-charter-mallorca.webp\" class=\"attachment-post-thumbnail size-post-thumbnail wp-post-image\" alt=\"\" srcset=\"https:\/\/www.dayyachtchartermallorca.com\/wp-content\/uploads\/2024\/12\/fjord-52-yacht-charter-mallorca.webp 800w, https:\/\/www.dayyachtchartermallorca.com\/wp-content\/uploads\/2024\/12\/fjord-52-yacht-charter-mallorca-300x200.webp 300w, https:\/\/www.dayyachtchartermallorca.com\/wp-content\/uploads\/2024\/12\/fjord-52-yacht-charter-mallorca-768x513.webp 768w, https:\/\/www.dayyachtchartermallorca.com\/wp-content\/uploads\/2024\/12\/fjord-52-yacht-charter-mallorca-18x12.webp 18w\" sizes=\"(max-width: 800px) 100vw, 800px\" \/>\t<\/a>\n\n\t<\/p>\n\n\n\n<h2 class=\"mphb-room-type-title entry-title\">\n\n\n\n<a class=\"mphb-room-type-title\" href=\"https:\/\/www.dayyachtchartermallorca.com\/de\/yacht\/fjord-52\/\">Fjord 52 &#8216;Petichet&#8217;<\/a>\n\n\n<\/h2>\n\n\n<h3 class=\"mphb-room-type-details-title\">Details<\/h3><ul class=\"mphb-loop-room-type-attributes\">\n\t<li class=\"mphb-room-type-total-capacity\"><span class=\"mphb-attribute-title mphb-total-capacity-title\">G\u00e4ste:<\/span><span class=\"mphb-attribute-value\">\n\t10\n\t<\/span><\/li>\t\n\n\n\t<li class=\"mphb-room-type-facilities\"><span class=\"mphb-attribute-title mphb-facilities-title\">Ausstattungen:<\/span><span class=\"mphb-attribute-value\"> <span class=\"facility-1-wc\"><a href=\"https:\/\/www.dayyachtchartermallorca.com\/de\/yacht-facility\/1-wc\/\">1 WC<\/a><\/span>, <span class=\"facility-2-cabins\"><a href=\"https:\/\/www.dayyachtchartermallorca.com\/de\/yacht-facility\/2-cabins\/\">2 Cabins<\/a><\/span>, <span class=\"facility-air-conditioning\"><a href=\"https:\/\/www.dayyachtchartermallorca.com\/de\/yacht-facility\/air-conditioning\/\">Air-conditioned<\/a><\/span>, <span class=\"facility-courtesy-drinks\"><a href=\"https:\/\/www.dayyachtchartermallorca.com\/de\/yacht-facility\/courtesy-drinks\/\">Courtesy Drinks<\/a><\/span>, <span class=\"facility-paddle-sup\"><a href=\"https:\/\/www.dayyachtchartermallorca.com\/de\/yacht-facility\/paddle-sup\/\">Paddle Sup<\/a><\/span>, <span class=\"facility-professional-skipper\"><a href=\"https:\/\/www.dayyachtchartermallorca.com\/de\/yacht-facility\/professional-skipper\/\">Professional Skipper<\/a><\/span>, <span class=\"facility-snorkel\"><a href=\"https:\/\/www.dayyachtchartermallorca.com\/de\/yacht-facility\/snorkel\/\">Snorkel<\/a><\/span>, <span class=\"facility-yacht-motor-3\"><a href=\"https:\/\/www.dayyachtchartermallorca.com\/de\/yacht-facility\/yacht-motor-3\/\">Volvo Penta 2 x IPS700<\/a><\/span><\/span><\/li>\n\t\n\n\n\n\n\t<li class=\"mphb-room-type-size\"><span class=\"mphb-attribute-title mphb-size-title\">Gr\u00f6\u00dfe:<\/span><span class=\"mphb-attribute-value\">\n\t52ft\u00b2\n\t<\/span><\/li>\n\t\n\n\n\n\t<li class=\"mphb-room-type-categories\"><span class=\"mphb-attribute-title mphb-categories-title\">Kategorien:<\/span><span class=\"mphb-attribute-value\"> <span class=\"category-day-charter-yachts\"><a href=\"https:\/\/www.dayyachtchartermallorca.com\/de\/yacht-category\/day-charter-yachts\/\">Day Charter Yachts<\/a><\/span><\/span><\/li>\n\t\n<\/ul>\n\n<div class=\"mphb-to-book-btn-wrapper\">\n<form action=\"https:\/\/www.dayyachtchartermallorca.com\/de\/yacht\/fjord-52\/#booking-form-8345\" method=\"get\" data-trp-original-action=\"https:\/\/www.dayyachtchartermallorca.com\/de\/yacht\/fjord-52\/#booking-form-8345\" ><button type=\"submit\" class=\"button mphb-book-button\" >Buchen<\/button><input type=\"hidden\" name=\"trp-form-language\" value=\"de\"\/><\/form>\n<br\/><\/div>\n\t\n<\/div>\n<\/div>\t\t\t\t<\/div>\n\t\t\t\t\t\t\t\t<div class=\"col-lg-4\">\n\t\t\t\t\t<div class=\"mphb_sc_room-wrapper knsl-scroll-animation\"><div class=\"mphb-room-type post-9133 mphb_room_type type-mphb_room_type status-publish has-post-thumbnail mphb_room_type_category-day-charter-yachts mphb_room_type_category-week-charter-yachts-mallorca mphb_room_type_tag-day-yacht-charter-mallorca mphb_room_type_facility-1-wc mphb_room_type_facility-2-cabins mphb_room_type_facility-air-conditioning mphb_room_type_facility-courtesy-drinks mphb_room_type_facility-paddle-sup mphb_room_type_facility-professional-skipper mphb_room_type_facility-snorkel mphb-room-type-adults-10 mphb-room-type-children-0\">\n\n\t\n\t\n\n\t<p class=\"post-thumbnail mphb-loop-room-thumbnail\">\n\t<a href=\"https:\/\/www.dayyachtchartermallorca.com\/de\/yacht\/de-antonio-d50\/\">\n\t<img loading=\"lazy\" decoding=\"async\" width=\"800\" height=\"533\" src=\"https:\/\/www.dayyachtchartermallorca.com\/wp-content\/uploads\/2024\/12\/yachtcharter-mallorca-de-antonio-d50.webp\" class=\"attachment-post-thumbnail size-post-thumbnail wp-post-image\" alt=\"\" srcset=\"https:\/\/www.dayyachtchartermallorca.com\/wp-content\/uploads\/2024\/12\/yachtcharter-mallorca-de-antonio-d50.webp 800w, https:\/\/www.dayyachtchartermallorca.com\/wp-content\/uploads\/2024\/12\/yachtcharter-mallorca-de-antonio-d50-300x200.webp 300w, https:\/\/www.dayyachtchartermallorca.com\/wp-content\/uploads\/2024\/12\/yachtcharter-mallorca-de-antonio-d50-768x512.webp 768w, https:\/\/www.dayyachtchartermallorca.com\/wp-content\/uploads\/2024\/12\/yachtcharter-mallorca-de-antonio-d50-18x12.webp 18w\" sizes=\"(max-width: 800px) 100vw, 800px\" \/>\t<\/a>\n\n\t<\/p>\n\n\n\n<h2 class=\"mphb-room-type-title entry-title\">\n\n\n\n<a class=\"mphb-room-type-title\" href=\"https:\/\/www.dayyachtchartermallorca.com\/de\/yacht\/de-antonio-d50\/\">De Antonio D50 &#8216;El Bebe&#8217;<\/a>\n\n\n<\/h2>\n\n\n<h3 class=\"mphb-room-type-details-title\">Details<\/h3><ul class=\"mphb-loop-room-type-attributes\">\n\t<li class=\"mphb-room-type-total-capacity\"><span class=\"mphb-attribute-title mphb-total-capacity-title\">G\u00e4ste:<\/span><span class=\"mphb-attribute-value\">\n\t10\n\t<\/span><\/li>\t\n\n\n\t<li class=\"mphb-room-type-facilities\"><span class=\"mphb-attribute-title mphb-facilities-title\">Ausstattungen:<\/span><span class=\"mphb-attribute-value\"> <span class=\"facility-1-wc\"><a href=\"https:\/\/www.dayyachtchartermallorca.com\/de\/yacht-facility\/1-wc\/\">1 WC<\/a><\/span>, <span class=\"facility-2-cabins\"><a href=\"https:\/\/www.dayyachtchartermallorca.com\/de\/yacht-facility\/2-cabins\/\">2 Cabins<\/a><\/span>, <span class=\"facility-air-conditioning\"><a href=\"https:\/\/www.dayyachtchartermallorca.com\/de\/yacht-facility\/air-conditioning\/\">Air-conditioned<\/a><\/span>, <span class=\"facility-courtesy-drinks\"><a href=\"https:\/\/www.dayyachtchartermallorca.com\/de\/yacht-facility\/courtesy-drinks\/\">Courtesy Drinks<\/a><\/span>, <span class=\"facility-paddle-sup\"><a href=\"https:\/\/www.dayyachtchartermallorca.com\/de\/yacht-facility\/paddle-sup\/\">Paddle Sup<\/a><\/span>, <span class=\"facility-professional-skipper\"><a href=\"https:\/\/www.dayyachtchartermallorca.com\/de\/yacht-facility\/professional-skipper\/\">Professional Skipper<\/a><\/span>, <span class=\"facility-snorkel\"><a href=\"https:\/\/www.dayyachtchartermallorca.com\/de\/yacht-facility\/snorkel\/\">Snorkel<\/a><\/span><\/span><\/li>\n\t\n\n\n\n\n\t<li class=\"mphb-room-type-size\"><span class=\"mphb-attribute-title mphb-size-title\">Gr\u00f6\u00dfe:<\/span><span class=\"mphb-attribute-value\">\n\t50ft\u00b2\n\t<\/span><\/li>\n\t\n\n\n\n\t<li class=\"mphb-room-type-categories\"><span class=\"mphb-attribute-title mphb-categories-title\">Kategorien:<\/span><span class=\"mphb-attribute-value\"> <span class=\"category-day-charter-yachts\"><a href=\"https:\/\/www.dayyachtchartermallorca.com\/de\/yacht-category\/day-charter-yachts\/\">Day Charter Yachts<\/a><\/span>, <span class=\"category-week-charter-yachts-mallorca\"><a href=\"https:\/\/www.dayyachtchartermallorca.com\/de\/yacht-category\/week-charter-yachts-mallorca\/\">Week Charter Yachts<\/a><\/span><\/span><\/li>\n\t\n<\/ul>\n\n<div class=\"mphb-to-book-btn-wrapper\">\n<form action=\"https:\/\/www.dayyachtchartermallorca.com\/de\/yacht\/de-antonio-d50\/#booking-form-9133\" method=\"get\" data-trp-original-action=\"https:\/\/www.dayyachtchartermallorca.com\/de\/yacht\/de-antonio-d50\/#booking-form-9133\" ><button type=\"submit\" class=\"button mphb-book-button\" >Buchen<\/button><input type=\"hidden\" name=\"trp-form-language\" value=\"de\"\/><\/form>\n<br\/><\/div>\n\t\n<\/div>\n<\/div>\t\t\t\t<\/div>\n\t\t\t\t\t\t\t\t<div class=\"col-lg-4\">\n\t\t\t\t\t<div class=\"mphb_sc_room-wrapper knsl-scroll-animation\"><div class=\"mphb-room-type post-8244 mphb_room_type type-mphb_room_type status-publish has-post-thumbnail mphb_room_type_category-day-charter-yachts mphb_room_type_tag-day-yacht-charter-mallorca mphb_room_type_facility-1-wc mphb_room_type_facility-2-cabins mphb_room_type_facility-yacht-motor-2 mphb_room_type_facility-air-conditioning mphb_room_type_facility-courtesy-drinks mphb_room_type_facility-paddle-sup mphb_room_type_facility-professional-skipper mphb_room_type_facility-snorkel mphb-room-type-adults-11 mphb-room-type-children-0\">\n\n\t\n\t\n\n\t<p class=\"post-thumbnail mphb-loop-room-thumbnail\">\n\t<a href=\"https:\/\/www.dayyachtchartermallorca.com\/de\/yacht\/fjord-48\/\">\n\t<img loading=\"lazy\" decoding=\"async\" width=\"800\" height=\"533\" src=\"https:\/\/www.dayyachtchartermallorca.com\/wp-content\/uploads\/2024\/12\/day-yacht-charter-mallorca-fjord-48.webp\" class=\"attachment-post-thumbnail size-post-thumbnail wp-post-image\" alt=\"\" srcset=\"https:\/\/www.dayyachtchartermallorca.com\/wp-content\/uploads\/2024\/12\/day-yacht-charter-mallorca-fjord-48.webp 800w, https:\/\/www.dayyachtchartermallorca.com\/wp-content\/uploads\/2024\/12\/day-yacht-charter-mallorca-fjord-48-300x200.webp 300w, https:\/\/www.dayyachtchartermallorca.com\/wp-content\/uploads\/2024\/12\/day-yacht-charter-mallorca-fjord-48-768x512.webp 768w, https:\/\/www.dayyachtchartermallorca.com\/wp-content\/uploads\/2024\/12\/day-yacht-charter-mallorca-fjord-48-18x12.webp 18w\" sizes=\"(max-width: 800px) 100vw, 800px\" \/>\t<\/a>\n\n\t<\/p>\n\n\n\n<h2 class=\"mphb-room-type-title entry-title\">\n\n\n\n<a class=\"mphb-room-type-title\" href=\"https:\/\/www.dayyachtchartermallorca.com\/de\/yacht\/fjord-48\/\">Fjord 48 &#8216;Hells Bells&#8217;<\/a>\n\n\n<\/h2>\n\n\n<h3 class=\"mphb-room-type-details-title\">Details<\/h3><ul class=\"mphb-loop-room-type-attributes\">\n\t<li class=\"mphb-room-type-total-capacity\"><span class=\"mphb-attribute-title mphb-total-capacity-title\">G\u00e4ste:<\/span><span class=\"mphb-attribute-value\">\n\t11\n\t<\/span><\/li>\t\n\n\n\t<li class=\"mphb-room-type-facilities\"><span class=\"mphb-attribute-title mphb-facilities-title\">Ausstattungen:<\/span><span class=\"mphb-attribute-value\"> <span class=\"facility-1-wc\"><a href=\"https:\/\/www.dayyachtchartermallorca.com\/de\/yacht-facility\/1-wc\/\">1 WC<\/a><\/span>, <span class=\"facility-2-cabins\"><a href=\"https:\/\/www.dayyachtchartermallorca.com\/de\/yacht-facility\/2-cabins\/\">2 Cabins<\/a><\/span>, <span class=\"facility-yacht-motor-2\"><a href=\"https:\/\/www.dayyachtchartermallorca.com\/de\/yacht-facility\/yacht-motor-2\/\">2 x 435 IPS Interceptor<\/a><\/span>, <span class=\"facility-air-conditioning\"><a href=\"https:\/\/www.dayyachtchartermallorca.com\/de\/yacht-facility\/air-conditioning\/\">Air-conditioned<\/a><\/span>, <span class=\"facility-courtesy-drinks\"><a href=\"https:\/\/www.dayyachtchartermallorca.com\/de\/yacht-facility\/courtesy-drinks\/\">Courtesy Drinks<\/a><\/span>, <span class=\"facility-paddle-sup\"><a href=\"https:\/\/www.dayyachtchartermallorca.com\/de\/yacht-facility\/paddle-sup\/\">Paddle Sup<\/a><\/span>, <span class=\"facility-professional-skipper\"><a href=\"https:\/\/www.dayyachtchartermallorca.com\/de\/yacht-facility\/professional-skipper\/\">Professional Skipper<\/a><\/span>, <span class=\"facility-snorkel\"><a href=\"https:\/\/www.dayyachtchartermallorca.com\/de\/yacht-facility\/snorkel\/\">Snorkel<\/a><\/span><\/span><\/li>\n\t\n\n\n\n\n\t<li class=\"mphb-room-type-size\"><span class=\"mphb-attribute-title mphb-size-title\">Gr\u00f6\u00dfe:<\/span><span class=\"mphb-attribute-value\">\n\t48ft\u00b2\n\t<\/span><\/li>\n\t\n\n\n\n\t<li class=\"mphb-room-type-categories\"><span class=\"mphb-attribute-title mphb-categories-title\">Kategorien:<\/span><span class=\"mphb-attribute-value\"> <span class=\"category-day-charter-yachts\"><a href=\"https:\/\/www.dayyachtchartermallorca.com\/de\/yacht-category\/day-charter-yachts\/\">Day Charter Yachts<\/a><\/span><\/span><\/li>\n\t\n<\/ul>\n\n<div class=\"mphb-to-book-btn-wrapper\">\n<form action=\"https:\/\/www.dayyachtchartermallorca.com\/de\/yacht\/fjord-48\/#booking-form-8244\" method=\"get\" data-trp-original-action=\"https:\/\/www.dayyachtchartermallorca.com\/de\/yacht\/fjord-48\/#booking-form-8244\" ><button type=\"submit\" class=\"button mphb-book-button\" >Buchen<\/button><input type=\"hidden\" name=\"trp-form-language\" value=\"de\"\/><\/form>\n<br\/><\/div>\n\t\n<\/div>\n<\/div>\t\t\t\t<\/div>\n\t\t\t\t\t\t\t\t<div class=\"col-lg-4\">\n\t\t\t\t\t<div class=\"mphb_sc_room-wrapper knsl-scroll-animation\"><div class=\"mphb-room-type post-8409 mphb_room_type type-mphb_room_type status-publish has-post-thumbnail mphb_room_type_category-day-charter-yachts mphb_room_type_tag-day-yacht-charter-mallorca mphb_room_type_facility-1-wc mphb_room_type_facility-2-cabins mphb_room_type_facility-yacht-motor-5 mphb_room_type_facility-air-conditioning mphb_room_type_facility-professional-skipper mphb_room_type_facility-snorkel mphb-room-type-adults-11 mphb-room-type-children-0\">\n\n\t\n\t\n\n\t<p class=\"post-thumbnail mphb-loop-room-thumbnail\">\n\t<a href=\"https:\/\/www.dayyachtchartermallorca.com\/de\/yacht\/fjord-44\/\">\n\t<img loading=\"lazy\" decoding=\"async\" width=\"800\" height=\"533\" src=\"https:\/\/www.dayyachtchartermallorca.com\/wp-content\/uploads\/2024\/12\/fjord-44-day-yacht-charter-mallorca.webp\" class=\"attachment-post-thumbnail size-post-thumbnail wp-post-image\" alt=\"\" srcset=\"https:\/\/www.dayyachtchartermallorca.com\/wp-content\/uploads\/2024\/12\/fjord-44-day-yacht-charter-mallorca.webp 800w, https:\/\/www.dayyachtchartermallorca.com\/wp-content\/uploads\/2024\/12\/fjord-44-day-yacht-charter-mallorca-300x200.webp 300w, https:\/\/www.dayyachtchartermallorca.com\/wp-content\/uploads\/2024\/12\/fjord-44-day-yacht-charter-mallorca-768x512.webp 768w, https:\/\/www.dayyachtchartermallorca.com\/wp-content\/uploads\/2024\/12\/fjord-44-day-yacht-charter-mallorca-18x12.webp 18w\" sizes=\"(max-width: 800px) 100vw, 800px\" \/>\t<\/a>\n\n\t<\/p>\n\n\n\n<h2 class=\"mphb-room-type-title entry-title\">\n\n\n\n<a class=\"mphb-room-type-title\" href=\"https:\/\/www.dayyachtchartermallorca.com\/de\/yacht\/fjord-44\/\">Fjord 44 Open &#8216;Cloudy Bay&#8217;<\/a>\n\n\n<\/h2>\n\n\n<h3 class=\"mphb-room-type-details-title\">Details<\/h3><ul class=\"mphb-loop-room-type-attributes\">\n\t<li class=\"mphb-room-type-total-capacity\"><span class=\"mphb-attribute-title mphb-total-capacity-title\">G\u00e4ste:<\/span><span class=\"mphb-attribute-value\">\n\t11\n\t<\/span><\/li>\t\n\n\n\t<li class=\"mphb-room-type-facilities\"><span class=\"mphb-attribute-title mphb-facilities-title\">Ausstattungen:<\/span><span class=\"mphb-attribute-value\"> <span class=\"facility-1-wc\"><a href=\"https:\/\/www.dayyachtchartermallorca.com\/de\/yacht-facility\/1-wc\/\">1 WC<\/a><\/span>, <span class=\"facility-2-cabins\"><a href=\"https:\/\/www.dayyachtchartermallorca.com\/de\/yacht-facility\/2-cabins\/\">2 Cabins<\/a><\/span>, <span class=\"facility-yacht-motor-5\"><a href=\"https:\/\/www.dayyachtchartermallorca.com\/de\/yacht-facility\/yacht-motor-5\/\">2 x Volvo Penta D6 IPS 650<\/a><\/span>, <span class=\"facility-air-conditioning\"><a href=\"https:\/\/www.dayyachtchartermallorca.com\/de\/yacht-facility\/air-conditioning\/\">Air-conditioned<\/a><\/span>, <span class=\"facility-professional-skipper\"><a href=\"https:\/\/www.dayyachtchartermallorca.com\/de\/yacht-facility\/professional-skipper\/\">Professional Skipper<\/a><\/span>, <span class=\"facility-snorkel\"><a href=\"https:\/\/www.dayyachtchartermallorca.com\/de\/yacht-facility\/snorkel\/\">Snorkel<\/a><\/span><\/span><\/li>\n\t\n\n\n\n\n\t<li class=\"mphb-room-type-size\"><span class=\"mphb-attribute-title mphb-size-title\">Gr\u00f6\u00dfe:<\/span><span class=\"mphb-attribute-value\">\n\t44ft\u00b2\n\t<\/span><\/li>\n\t\n\n\n\n\t<li class=\"mphb-room-type-categories\"><span class=\"mphb-attribute-title mphb-categories-title\">Kategorien:<\/span><span class=\"mphb-attribute-value\"> <span class=\"category-day-charter-yachts\"><a href=\"https:\/\/www.dayyachtchartermallorca.com\/de\/yacht-category\/day-charter-yachts\/\">Day Charter Yachts<\/a><\/span><\/span><\/li>\n\t\n<\/ul>\n\n<div class=\"mphb-to-book-btn-wrapper\">\n<form action=\"https:\/\/www.dayyachtchartermallorca.com\/de\/yacht\/fjord-44\/#booking-form-8409\" method=\"get\" data-trp-original-action=\"https:\/\/www.dayyachtchartermallorca.com\/de\/yacht\/fjord-44\/#booking-form-8409\" ><button type=\"submit\" class=\"button mphb-book-button\" >Buchen<\/button><input type=\"hidden\" name=\"trp-form-language\" value=\"de\"\/><\/form>\n<br\/><\/div>\n\t\n<\/div>\n<\/div>\t\t\t\t<\/div>\n\t\t\t\t\t\t\t\t<div class=\"col-lg-4\">\n\t\t\t\t\t<div class=\"mphb_sc_room-wrapper knsl-scroll-animation\"><div class=\"mphb-room-type post-8426 mphb_room_type type-mphb_room_type status-publish has-post-thumbnail mphb_room_type_category-day-charter-yachts mphb_room_type_tag-day-yacht-charter-mallorca mphb_room_type_facility-1-cabin mphb_room_type_facility-1-wc mphb_room_type_facility-yacht-motor-6 mphb_room_type_facility-air-conditioning mphb_room_type_facility-professional-skipper mphb-room-type-adults-9 mphb-room-type-children-0\">\n\n\t\n\t\n\n\t<p class=\"post-thumbnail mphb-loop-room-thumbnail\">\n\t<a href=\"https:\/\/www.dayyachtchartermallorca.com\/de\/yacht\/pardo-43\/\">\n\t<img loading=\"lazy\" decoding=\"async\" width=\"800\" height=\"533\" src=\"https:\/\/www.dayyachtchartermallorca.com\/wp-content\/uploads\/2024\/12\/pardo-43-yachtcharter-mallorca.webp\" class=\"attachment-post-thumbnail size-post-thumbnail wp-post-image\" alt=\"\" srcset=\"https:\/\/www.dayyachtchartermallorca.com\/wp-content\/uploads\/2024\/12\/pardo-43-yachtcharter-mallorca.webp 800w, https:\/\/www.dayyachtchartermallorca.com\/wp-content\/uploads\/2024\/12\/pardo-43-yachtcharter-mallorca-300x200.webp 300w, https:\/\/www.dayyachtchartermallorca.com\/wp-content\/uploads\/2024\/12\/pardo-43-yachtcharter-mallorca-768x512.webp 768w, https:\/\/www.dayyachtchartermallorca.com\/wp-content\/uploads\/2024\/12\/pardo-43-yachtcharter-mallorca-18x12.webp 18w\" sizes=\"(max-width: 800px) 100vw, 800px\" \/>\t<\/a>\n\n\t<\/p>\n\n\n\n<h2 class=\"mphb-room-type-title entry-title\">\n\n\n\n<a class=\"mphb-room-type-title\" href=\"https:\/\/www.dayyachtchartermallorca.com\/de\/yacht\/pardo-43\/\">Pardo 43 &#8216;Filou&#8217;<\/a>\n\n\n<\/h2>\n\n\n<h3 class=\"mphb-room-type-details-title\">Details<\/h3><ul class=\"mphb-loop-room-type-attributes\">\n\t<li class=\"mphb-room-type-total-capacity\"><span class=\"mphb-attribute-title mphb-total-capacity-title\">G\u00e4ste:<\/span><span class=\"mphb-attribute-value\">\n\t9\n\t<\/span><\/li>\t\n\n\n\t<li class=\"mphb-room-type-facilities\"><span class=\"mphb-attribute-title mphb-facilities-title\">Ausstattungen:<\/span><span class=\"mphb-attribute-value\"> <span class=\"facility-1-cabin\"><a href=\"https:\/\/www.dayyachtchartermallorca.com\/de\/yacht-facility\/1-cabin\/\">1 Cabin<\/a><\/span>, <span class=\"facility-1-wc\"><a href=\"https:\/\/www.dayyachtchartermallorca.com\/de\/yacht-facility\/1-wc\/\">1 WC<\/a><\/span>, <span class=\"facility-yacht-motor-6\"><a href=\"https:\/\/www.dayyachtchartermallorca.com\/de\/yacht-facility\/yacht-motor-6\/\">2 x Volvo IPS 500<\/a><\/span>, <span class=\"facility-air-conditioning\"><a href=\"https:\/\/www.dayyachtchartermallorca.com\/de\/yacht-facility\/air-conditioning\/\">Air-conditioned<\/a><\/span>, <span class=\"facility-professional-skipper\"><a href=\"https:\/\/www.dayyachtchartermallorca.com\/de\/yacht-facility\/professional-skipper\/\">Professional Skipper<\/a><\/span><\/span><\/li>\n\t\n\n\n\n\n\t<li class=\"mphb-room-type-size\"><span class=\"mphb-attribute-title mphb-size-title\">Gr\u00f6\u00dfe:<\/span><span class=\"mphb-attribute-value\">\n\t43ft\u00b2\n\t<\/span><\/li>\n\t\n\n\n\n\t<li class=\"mphb-room-type-categories\"><span class=\"mphb-attribute-title mphb-categories-title\">Kategorien:<\/span><span class=\"mphb-attribute-value\"> <span class=\"category-day-charter-yachts\"><a href=\"https:\/\/www.dayyachtchartermallorca.com\/de\/yacht-category\/day-charter-yachts\/\">Day Charter Yachts<\/a><\/span><\/span><\/li>\n\t\n<\/ul>\n\n<div class=\"mphb-to-book-btn-wrapper\">\n<form action=\"https:\/\/www.dayyachtchartermallorca.com\/de\/yacht\/pardo-43\/#booking-form-8426\" method=\"get\" data-trp-original-action=\"https:\/\/www.dayyachtchartermallorca.com\/de\/yacht\/pardo-43\/#booking-form-8426\" ><button type=\"submit\" class=\"button mphb-book-button\" >Buchen<\/button><input type=\"hidden\" name=\"trp-form-language\" value=\"de\"\/><\/form>\n<br\/><\/div>\n\t\n<\/div>\n<\/div>\t\t\t\t<\/div>\n\t\t\t\t\t\t\t\t<div class=\"col-lg-4\">\n\t\t\t\t\t<div class=\"mphb_sc_room-wrapper knsl-scroll-animation\"><div class=\"mphb-room-type post-8358 mphb_room_type type-mphb_room_type status-publish has-post-thumbnail mphb_room_type_category-day-charter-yachts mphb_room_type_category-week-charter-yachts-mallorca mphb_room_type_tag-day-yacht-charter-mallorca mphb_room_type_facility-1-wc mphb_room_type_facility-2-cabins mphb_room_type_facility-air-conditioning mphb_room_type_facility-yacht-motor-4 mphb_room_type_facility-professional-skipper mphb_room_type_facility-snorkel mphb-room-type-adults-10 mphb-room-type-children-0\">\n\n\t\n\t\n\n\t<p class=\"post-thumbnail mphb-loop-room-thumbnail\">\n\t<a href=\"https:\/\/www.dayyachtchartermallorca.com\/de\/yacht\/jeanneau-db-43\/\">\n\t<img loading=\"lazy\" decoding=\"async\" width=\"800\" height=\"533\" src=\"https:\/\/www.dayyachtchartermallorca.com\/wp-content\/uploads\/2024\/12\/jeanneau-db43-yachtcharter-mallorca.webp\" class=\"attachment-post-thumbnail size-post-thumbnail wp-post-image\" alt=\"\" srcset=\"https:\/\/www.dayyachtchartermallorca.com\/wp-content\/uploads\/2024\/12\/jeanneau-db43-yachtcharter-mallorca.webp 800w, https:\/\/www.dayyachtchartermallorca.com\/wp-content\/uploads\/2024\/12\/jeanneau-db43-yachtcharter-mallorca-300x200.webp 300w, https:\/\/www.dayyachtchartermallorca.com\/wp-content\/uploads\/2024\/12\/jeanneau-db43-yachtcharter-mallorca-768x512.webp 768w, https:\/\/www.dayyachtchartermallorca.com\/wp-content\/uploads\/2024\/12\/jeanneau-db43-yachtcharter-mallorca-18x12.webp 18w\" sizes=\"(max-width: 800px) 100vw, 800px\" \/>\t<\/a>\n\n\t<\/p>\n\n\n\n<h2 class=\"mphb-room-type-title entry-title\">\n\n\n\n<a class=\"mphb-room-type-title\" href=\"https:\/\/www.dayyachtchartermallorca.com\/de\/yacht\/jeanneau-db-43\/\">Jeanneau DB 43 &#8216;Bon Voyage&#8217;<\/a>\n\n\n<\/h2>\n\n\n<h3 class=\"mphb-room-type-details-title\">Details<\/h3><ul class=\"mphb-loop-room-type-attributes\">\n\t<li class=\"mphb-room-type-total-capacity\"><span class=\"mphb-attribute-title mphb-total-capacity-title\">G\u00e4ste:<\/span><span class=\"mphb-attribute-value\">\n\t10\n\t<\/span><\/li>\t\n\n\n\t<li class=\"mphb-room-type-facilities\"><span class=\"mphb-attribute-title mphb-facilities-title\">Ausstattungen:<\/span><span class=\"mphb-attribute-value\"> <span class=\"facility-1-wc\"><a href=\"https:\/\/www.dayyachtchartermallorca.com\/de\/yacht-facility\/1-wc\/\">1 WC<\/a><\/span>, <span class=\"facility-2-cabins\"><a href=\"https:\/\/www.dayyachtchartermallorca.com\/de\/yacht-facility\/2-cabins\/\">2 Cabins<\/a><\/span>, <span class=\"facility-air-conditioning\"><a href=\"https:\/\/www.dayyachtchartermallorca.com\/de\/yacht-facility\/air-conditioning\/\">Air-conditioned<\/a><\/span>, <span class=\"facility-yacht-motor-4\"><a href=\"https:\/\/www.dayyachtchartermallorca.com\/de\/yacht-facility\/yacht-motor-4\/\">Motor 2 x 380HP<\/a><\/span>, <span class=\"facility-professional-skipper\"><a href=\"https:\/\/www.dayyachtchartermallorca.com\/de\/yacht-facility\/professional-skipper\/\">Professional Skipper<\/a><\/span>, <span class=\"facility-snorkel\"><a href=\"https:\/\/www.dayyachtchartermallorca.com\/de\/yacht-facility\/snorkel\/\">Snorkel<\/a><\/span><\/span><\/li>\n\t\n\n\n\n\n\t<li class=\"mphb-room-type-size\"><span class=\"mphb-attribute-title mphb-size-title\">Gr\u00f6\u00dfe:<\/span><span class=\"mphb-attribute-value\">\n\t43ft\u00b2\n\t<\/span><\/li>\n\t\n\n\n\n\t<li class=\"mphb-room-type-categories\"><span class=\"mphb-attribute-title mphb-categories-title\">Kategorien:<\/span><span class=\"mphb-attribute-value\"> <span class=\"category-day-charter-yachts\"><a href=\"https:\/\/www.dayyachtchartermallorca.com\/de\/yacht-category\/day-charter-yachts\/\">Day Charter Yachts<\/a><\/span>, <span class=\"category-week-charter-yachts-mallorca\"><a href=\"https:\/\/www.dayyachtchartermallorca.com\/de\/yacht-category\/week-charter-yachts-mallorca\/\">Week Charter Yachts<\/a><\/span><\/span><\/li>\n\t\n<\/ul>\n\n<div class=\"mphb-to-book-btn-wrapper\">\n<form action=\"https:\/\/www.dayyachtchartermallorca.com\/de\/yacht\/jeanneau-db-43\/#booking-form-8358\" method=\"get\" data-trp-original-action=\"https:\/\/www.dayyachtchartermallorca.com\/de\/yacht\/jeanneau-db-43\/#booking-form-8358\" ><button type=\"submit\" class=\"button mphb-book-button\" >Buchen<\/button><input type=\"hidden\" name=\"trp-form-language\" value=\"de\"\/><\/form>\n<br\/><\/div>\n\t\n<\/div>\n<\/div>\t\t\t\t<\/div>\n\t\t\t\t\t\t\t\t<div class=\"col-lg-4\">\n\t\t\t\t\t<div class=\"mphb_sc_room-wrapper knsl-scroll-animation\"><div class=\"mphb-room-type post-8293 mphb_room_type type-mphb_room_type status-publish has-post-thumbnail mphb_room_type_category-day-charter-yachts mphb_room_type_tag-day-yacht-charter-mallorca mphb_room_type_facility-1-wc mphb_room_type_facility-2-cabins mphb_room_type_facility-air-conditioning mphb_room_type_facility-courtesy-drinks mphb_room_type_facility-jet-ski mphb_room_type_facility-paddle-sup mphb_room_type_facility-professional-skipper mphb_room_type_facility-snorkel mphb-room-type-adults-10 mphb-room-type-children-0\">\n\n\t\n\t\n\n\t<p class=\"post-thumbnail mphb-loop-room-thumbnail\">\n\t<a href=\"https:\/\/www.dayyachtchartermallorca.com\/de\/yacht\/fjord-41-xl\/\">\n\t<img loading=\"lazy\" decoding=\"async\" width=\"800\" height=\"533\" src=\"https:\/\/www.dayyachtchartermallorca.com\/wp-content\/uploads\/2024\/12\/day-yacht-charter-mallorca-fjord-41-xl.webp\" class=\"attachment-post-thumbnail size-post-thumbnail wp-post-image\" alt=\"\" srcset=\"https:\/\/www.dayyachtchartermallorca.com\/wp-content\/uploads\/2024\/12\/day-yacht-charter-mallorca-fjord-41-xl.webp 800w, https:\/\/www.dayyachtchartermallorca.com\/wp-content\/uploads\/2024\/12\/day-yacht-charter-mallorca-fjord-41-xl-300x200.webp 300w, https:\/\/www.dayyachtchartermallorca.com\/wp-content\/uploads\/2024\/12\/day-yacht-charter-mallorca-fjord-41-xl-768x512.webp 768w, https:\/\/www.dayyachtchartermallorca.com\/wp-content\/uploads\/2024\/12\/day-yacht-charter-mallorca-fjord-41-xl-18x12.webp 18w\" sizes=\"(max-width: 800px) 100vw, 800px\" \/>\t<\/a>\n\n\t<\/p>\n\n\n\n<h2 class=\"mphb-room-type-title entry-title\">\n\n\n\n<a class=\"mphb-room-type-title\" href=\"https:\/\/www.dayyachtchartermallorca.com\/de\/yacht\/fjord-41-xl\/\">Fjord 41 XL &#8216;Pool One&#8217;<\/a>\n\n\n<\/h2>\n\n\n<h3 class=\"mphb-room-type-details-title\">Details<\/h3><ul class=\"mphb-loop-room-type-attributes\">\n\t<li class=\"mphb-room-type-total-capacity\"><span class=\"mphb-attribute-title mphb-total-capacity-title\">G\u00e4ste:<\/span><span class=\"mphb-attribute-value\">\n\t10\n\t<\/span><\/li>\t\n\n\n\t<li class=\"mphb-room-type-facilities\"><span class=\"mphb-attribute-title mphb-facilities-title\">Ausstattungen:<\/span><span class=\"mphb-attribute-value\"> <span class=\"facility-1-wc\"><a href=\"https:\/\/www.dayyachtchartermallorca.com\/de\/yacht-facility\/1-wc\/\">1 WC<\/a><\/span>, <span class=\"facility-2-cabins\"><a href=\"https:\/\/www.dayyachtchartermallorca.com\/de\/yacht-facility\/2-cabins\/\">2 Cabins<\/a><\/span>, <span class=\"facility-air-conditioning\"><a href=\"https:\/\/www.dayyachtchartermallorca.com\/de\/yacht-facility\/air-conditioning\/\">Air-conditioned<\/a><\/span>, <span class=\"facility-courtesy-drinks\"><a href=\"https:\/\/www.dayyachtchartermallorca.com\/de\/yacht-facility\/courtesy-drinks\/\">Courtesy Drinks<\/a><\/span>, <span class=\"facility-jet-ski\"><a href=\"https:\/\/www.dayyachtchartermallorca.com\/de\/yacht-facility\/jet-ski\/\">Jetski<\/a><\/span>, <span class=\"facility-paddle-sup\"><a href=\"https:\/\/www.dayyachtchartermallorca.com\/de\/yacht-facility\/paddle-sup\/\">Paddle Sup<\/a><\/span>, <span class=\"facility-professional-skipper\"><a href=\"https:\/\/www.dayyachtchartermallorca.com\/de\/yacht-facility\/professional-skipper\/\">Professional Skipper<\/a><\/span>, <span class=\"facility-snorkel\"><a href=\"https:\/\/www.dayyachtchartermallorca.com\/de\/yacht-facility\/snorkel\/\">Snorkel<\/a><\/span><\/span><\/li>\n\t\n\n\n\n\n\t<li class=\"mphb-room-type-size\"><span class=\"mphb-attribute-title mphb-size-title\">Gr\u00f6\u00dfe:<\/span><span class=\"mphb-attribute-value\">\n\t41ft\u00b2\n\t<\/span><\/li>\n\t\n\n\n\n\t<li class=\"mphb-room-type-categories\"><span class=\"mphb-attribute-title mphb-categories-title\">Kategorien:<\/span><span class=\"mphb-attribute-value\"> <span class=\"category-day-charter-yachts\"><a href=\"https:\/\/www.dayyachtchartermallorca.com\/de\/yacht-category\/day-charter-yachts\/\">Day Charter Yachts<\/a><\/span><\/span><\/li>\n\t\n<\/ul>\n\n<div class=\"mphb-to-book-btn-wrapper\">\n<form action=\"https:\/\/www.dayyachtchartermallorca.com\/de\/yacht\/fjord-41-xl\/#booking-form-8293\" method=\"get\" data-trp-original-action=\"https:\/\/www.dayyachtchartermallorca.com\/de\/yacht\/fjord-41-xl\/#booking-form-8293\" ><button type=\"submit\" class=\"button mphb-book-button\" >Buchen<\/button><input type=\"hidden\" name=\"trp-form-language\" value=\"de\"\/><\/form>\n<br\/><\/div>\n\t\n<\/div>\n<\/div>\t\t\t\t<\/div>\n\t\t\t\t\t\t\t\t<div class=\"col-lg-4\">\n\t\t\t\t\t<div class=\"mphb_sc_room-wrapper knsl-scroll-animation\"><div class=\"mphb-room-type post-8465 mphb_room_type type-mphb_room_type status-publish has-post-thumbnail mphb_room_type_category-day-charter-yachts mphb_room_type_category-week-charter-yachts-mallorca mphb_room_type_tag-day-yacht-charter-mallorca mphb_room_type_facility-1-cabin mphb_room_type_facility-1-wc mphb_room_type_facility-air-conditioning mphb_room_type_facility-courtesy-drinks mphb_room_type_facility-paddle-sup mphb_room_type_facility-professional-skipper mphb_room_type_facility-snorkel mphb_room_type_facility-williams-tender mphb-room-type-adults-11 mphb-room-type-children-0\">\n\n\t\n\t\n\n\t<p class=\"post-thumbnail mphb-loop-room-thumbnail\">\n\t<a href=\"https:\/\/www.dayyachtchartermallorca.com\/de\/yacht\/tesoro-40\/\">\n\t<img loading=\"lazy\" decoding=\"async\" width=\"800\" height=\"533\" src=\"https:\/\/www.dayyachtchartermallorca.com\/wp-content\/uploads\/2024\/12\/yacht-charter-mallorca-tesoro-40.webp\" class=\"attachment-post-thumbnail size-post-thumbnail wp-post-image\" alt=\"\" srcset=\"https:\/\/www.dayyachtchartermallorca.com\/wp-content\/uploads\/2024\/12\/yacht-charter-mallorca-tesoro-40.webp 800w, https:\/\/www.dayyachtchartermallorca.com\/wp-content\/uploads\/2024\/12\/yacht-charter-mallorca-tesoro-40-300x200.webp 300w, https:\/\/www.dayyachtchartermallorca.com\/wp-content\/uploads\/2024\/12\/yacht-charter-mallorca-tesoro-40-768x512.webp 768w, https:\/\/www.dayyachtchartermallorca.com\/wp-content\/uploads\/2024\/12\/yacht-charter-mallorca-tesoro-40-18x12.webp 18w\" sizes=\"(max-width: 800px) 100vw, 800px\" \/>\t<\/a>\n\n\t<\/p>\n\n\n\n<h2 class=\"mphb-room-type-title entry-title\">\n\n\n\n<a class=\"mphb-room-type-title\" href=\"https:\/\/www.dayyachtchartermallorca.com\/de\/yacht\/tesoro-40\/\">Tesoro 40 &#8216;Luna&#8217;<\/a>\n\n\n<\/h2>\n\n\n<h3 class=\"mphb-room-type-details-title\">Details<\/h3><ul class=\"mphb-loop-room-type-attributes\">\n\t<li class=\"mphb-room-type-total-capacity\"><span class=\"mphb-attribute-title mphb-total-capacity-title\">G\u00e4ste:<\/span><span class=\"mphb-attribute-value\">\n\t11\n\t<\/span><\/li>\t\n\n\n\t<li class=\"mphb-room-type-facilities\"><span class=\"mphb-attribute-title mphb-facilities-title\">Ausstattungen:<\/span><span class=\"mphb-attribute-value\"> <span class=\"facility-1-cabin\"><a href=\"https:\/\/www.dayyachtchartermallorca.com\/de\/yacht-facility\/1-cabin\/\">1 Cabin<\/a><\/span>, <span class=\"facility-1-wc\"><a href=\"https:\/\/www.dayyachtchartermallorca.com\/de\/yacht-facility\/1-wc\/\">1 WC<\/a><\/span>, <span class=\"facility-air-conditioning\"><a href=\"https:\/\/www.dayyachtchartermallorca.com\/de\/yacht-facility\/air-conditioning\/\">Air-conditioned<\/a><\/span>, <span class=\"facility-courtesy-drinks\"><a href=\"https:\/\/www.dayyachtchartermallorca.com\/de\/yacht-facility\/courtesy-drinks\/\">Courtesy Drinks<\/a><\/span>, <span class=\"facility-paddle-sup\"><a href=\"https:\/\/www.dayyachtchartermallorca.com\/de\/yacht-facility\/paddle-sup\/\">Paddle Sup<\/a><\/span>, <span class=\"facility-professional-skipper\"><a href=\"https:\/\/www.dayyachtchartermallorca.com\/de\/yacht-facility\/professional-skipper\/\">Professional Skipper<\/a><\/span>, <span class=\"facility-snorkel\"><a href=\"https:\/\/www.dayyachtchartermallorca.com\/de\/yacht-facility\/snorkel\/\">Snorkel<\/a><\/span>, <span class=\"facility-williams-tender\"><a href=\"https:\/\/www.dayyachtchartermallorca.com\/de\/yacht-facility\/williams-tender\/\">Williams Tender<\/a><\/span><\/span><\/li>\n\t\n\n\n\n\n\t<li class=\"mphb-room-type-size\"><span class=\"mphb-attribute-title mphb-size-title\">Gr\u00f6\u00dfe:<\/span><span class=\"mphb-attribute-value\">\n\t40ft\u00b2\n\t<\/span><\/li>\n\t\n\n\n\n\t<li class=\"mphb-room-type-categories\"><span class=\"mphb-attribute-title mphb-categories-title\">Kategorien:<\/span><span class=\"mphb-attribute-value\"> <span class=\"category-day-charter-yachts\"><a href=\"https:\/\/www.dayyachtchartermallorca.com\/de\/yacht-category\/day-charter-yachts\/\">Day Charter Yachts<\/a><\/span>, <span class=\"category-week-charter-yachts-mallorca\"><a href=\"https:\/\/www.dayyachtchartermallorca.com\/de\/yacht-category\/week-charter-yachts-mallorca\/\">Week Charter Yachts<\/a><\/span><\/span><\/li>\n\t\n<\/ul>\n\n<div class=\"mphb-to-book-btn-wrapper\">\n<form action=\"https:\/\/www.dayyachtchartermallorca.com\/de\/yacht\/tesoro-40\/#booking-form-8465\" method=\"get\" data-trp-original-action=\"https:\/\/www.dayyachtchartermallorca.com\/de\/yacht\/tesoro-40\/#booking-form-8465\" ><button type=\"submit\" class=\"button mphb-book-button\" >Buchen<\/button><input type=\"hidden\" name=\"trp-form-language\" value=\"de\"\/><\/form>\n<br\/><\/div>\n\t\n<\/div>\n<\/div>\t\t\t\t<\/div>\n\t\t\t\t\t\t\t\t<div class=\"col-lg-4\">\n\t\t\t\t\t<div class=\"mphb_sc_room-wrapper knsl-scroll-animation\"><div class=\"mphb-room-type post-8445 mphb_room_type type-mphb_room_type status-publish has-post-thumbnail mphb_room_type_category-day-charter-yachts mphb_room_type_tag-day-yacht-charter-mallorca mphb_room_type_facility-1-wc mphb_room_type_facility-2-cabins mphb_room_type_facility-yacht-motor-7 mphb_room_type_facility-air-conditioning mphb_room_type_facility-courtesy-drinks mphb_room_type_facility-paddle-sup mphb_room_type_facility-professional-skipper mphb_room_type_facility-snorkel mphb-room-type-adults-9 mphb-room-type-children-0\">\n\n\t\n\t\n\n\t<p class=\"post-thumbnail mphb-loop-room-thumbnail\">\n\t<a href=\"https:\/\/www.dayyachtchartermallorca.com\/de\/yacht\/pardo-38\/\">\n\t<img loading=\"lazy\" decoding=\"async\" width=\"800\" height=\"533\" src=\"https:\/\/www.dayyachtchartermallorca.com\/wp-content\/uploads\/2024\/12\/yachtcharter-mallorca-pardo-38.webp\" class=\"attachment-post-thumbnail size-post-thumbnail wp-post-image\" alt=\"\" srcset=\"https:\/\/www.dayyachtchartermallorca.com\/wp-content\/uploads\/2024\/12\/yachtcharter-mallorca-pardo-38.webp 800w, https:\/\/www.dayyachtchartermallorca.com\/wp-content\/uploads\/2024\/12\/yachtcharter-mallorca-pardo-38-300x200.webp 300w, https:\/\/www.dayyachtchartermallorca.com\/wp-content\/uploads\/2024\/12\/yachtcharter-mallorca-pardo-38-768x512.webp 768w, https:\/\/www.dayyachtchartermallorca.com\/wp-content\/uploads\/2024\/12\/yachtcharter-mallorca-pardo-38-18x12.webp 18w\" sizes=\"(max-width: 800px) 100vw, 800px\" \/>\t<\/a>\n\n\t<\/p>\n\n\n\n<h2 class=\"mphb-room-type-title entry-title\">\n\n\n\n<a class=\"mphb-room-type-title\" href=\"https:\/\/www.dayyachtchartermallorca.com\/de\/yacht\/pardo-38\/\">Pardo 38 &#8216;Soho I&#8217;<\/a>\n\n\n<\/h2>\n\n\n<h3 class=\"mphb-room-type-details-title\">Details<\/h3><ul class=\"mphb-loop-room-type-attributes\">\n\t<li class=\"mphb-room-type-total-capacity\"><span class=\"mphb-attribute-title mphb-total-capacity-title\">G\u00e4ste:<\/span><span class=\"mphb-attribute-value\">\n\t9\n\t<\/span><\/li>\t\n\n\n\t<li class=\"mphb-room-type-facilities\"><span class=\"mphb-attribute-title mphb-facilities-title\">Ausstattungen:<\/span><span class=\"mphb-attribute-value\"> <span class=\"facility-1-wc\"><a href=\"https:\/\/www.dayyachtchartermallorca.com\/de\/yacht-facility\/1-wc\/\">1 WC<\/a><\/span>, <span class=\"facility-2-cabins\"><a href=\"https:\/\/www.dayyachtchartermallorca.com\/de\/yacht-facility\/2-cabins\/\">2 Cabins<\/a><\/span>, <span class=\"facility-yacht-motor-7\"><a href=\"https:\/\/www.dayyachtchartermallorca.com\/de\/yacht-facility\/yacht-motor-7\/\">2 x Volvo 350 HP<\/a><\/span>, <span class=\"facility-air-conditioning\"><a href=\"https:\/\/www.dayyachtchartermallorca.com\/de\/yacht-facility\/air-conditioning\/\">Air-conditioned<\/a><\/span>, <span class=\"facility-courtesy-drinks\"><a href=\"https:\/\/www.dayyachtchartermallorca.com\/de\/yacht-facility\/courtesy-drinks\/\">Courtesy Drinks<\/a><\/span>, <span class=\"facility-paddle-sup\"><a href=\"https:\/\/www.dayyachtchartermallorca.com\/de\/yacht-facility\/paddle-sup\/\">Paddle Sup<\/a><\/span>, <span class=\"facility-professional-skipper\"><a href=\"https:\/\/www.dayyachtchartermallorca.com\/de\/yacht-facility\/professional-skipper\/\">Professional Skipper<\/a><\/span>, <span class=\"facility-snorkel\"><a href=\"https:\/\/www.dayyachtchartermallorca.com\/de\/yacht-facility\/snorkel\/\">Snorkel<\/a><\/span><\/span><\/li>\n\t\n\n\n\n\n\t<li class=\"mphb-room-type-size\"><span class=\"mphb-attribute-title mphb-size-title\">Gr\u00f6\u00dfe:<\/span><span class=\"mphb-attribute-value\">\n\t38ft\u00b2\n\t<\/span><\/li>\n\t\n\n\n\n\t<li class=\"mphb-room-type-categories\"><span class=\"mphb-attribute-title mphb-categories-title\">Kategorien:<\/span><span class=\"mphb-attribute-value\"> <span class=\"category-day-charter-yachts\"><a href=\"https:\/\/www.dayyachtchartermallorca.com\/de\/yacht-category\/day-charter-yachts\/\">Day Charter Yachts<\/a><\/span><\/span><\/li>\n\t\n<\/ul>\n\n<div class=\"mphb-to-book-btn-wrapper\">\n<form action=\"https:\/\/www.dayyachtchartermallorca.com\/de\/yacht\/pardo-38\/#booking-form-8445\" method=\"get\" data-trp-original-action=\"https:\/\/www.dayyachtchartermallorca.com\/de\/yacht\/pardo-38\/#booking-form-8445\" ><button type=\"submit\" class=\"button mphb-book-button\" >Buchen<\/button><input type=\"hidden\" name=\"trp-form-language\" value=\"de\"\/><\/form>\n<br\/><\/div>\n\t\n<\/div>\n<\/div>\t\t\t\t<\/div>\n\t\t\t\t\t\t\t\t<div class=\"col-lg-4\">\n\t\t\t\t\t<div class=\"mphb_sc_room-wrapper knsl-scroll-animation\"><div class=\"mphb-room-type post-8678 mphb_room_type type-mphb_room_type status-publish has-post-thumbnail mphb_room_type_category-day-charter-yachts mphb_room_type_tag-day-yacht-charter-mallorca mphb_room_type_facility-1-wc mphb_room_type_facility-2-cabins mphb_room_type_facility-yacht-motor-9 mphb_room_type_facility-air-conditioning mphb_room_type_facility-paddle-sup mphb_room_type_facility-professional-skipper mphb_room_type_facility-snorkel mphb_room_type_facility-tender mphb-room-type-adults-9 mphb-room-type-children-0\">\n\n\t\n\t\n\n\t<p class=\"post-thumbnail mphb-loop-room-thumbnail\">\n\t<a href=\"https:\/\/www.dayyachtchartermallorca.com\/de\/yacht\/sessa-c38\/\">\n\t<img loading=\"lazy\" decoding=\"async\" width=\"800\" height=\"533\" src=\"https:\/\/www.dayyachtchartermallorca.com\/wp-content\/uploads\/2024\/12\/sessa-c38-yachtcharter-mallorca.webp\" class=\"attachment-post-thumbnail size-post-thumbnail wp-post-image\" alt=\"\" srcset=\"https:\/\/www.dayyachtchartermallorca.com\/wp-content\/uploads\/2024\/12\/sessa-c38-yachtcharter-mallorca.webp 800w, https:\/\/www.dayyachtchartermallorca.com\/wp-content\/uploads\/2024\/12\/sessa-c38-yachtcharter-mallorca-300x200.webp 300w, https:\/\/www.dayyachtchartermallorca.com\/wp-content\/uploads\/2024\/12\/sessa-c38-yachtcharter-mallorca-768x512.webp 768w, https:\/\/www.dayyachtchartermallorca.com\/wp-content\/uploads\/2024\/12\/sessa-c38-yachtcharter-mallorca-18x12.webp 18w\" sizes=\"(max-width: 800px) 100vw, 800px\" \/>\t<\/a>\n\n\t<\/p>\n\n\n\n<h2 class=\"mphb-room-type-title entry-title\">\n\n\n\n<a class=\"mphb-room-type-title\" href=\"https:\/\/www.dayyachtchartermallorca.com\/de\/yacht\/sessa-c38\/\">Sessa C38 &#8216;Wikki Two&#8217;<\/a>\n\n\n<\/h2>\n\n\n<h3 class=\"mphb-room-type-details-title\">Details<\/h3><ul class=\"mphb-loop-room-type-attributes\">\n\t<li class=\"mphb-room-type-total-capacity\"><span class=\"mphb-attribute-title mphb-total-capacity-title\">G\u00e4ste:<\/span><span class=\"mphb-attribute-value\">\n\t9\n\t<\/span><\/li>\t\n\n\n\t<li class=\"mphb-room-type-facilities\"><span class=\"mphb-attribute-title mphb-facilities-title\">Ausstattungen:<\/span><span class=\"mphb-attribute-value\"> <span class=\"facility-1-wc\"><a href=\"https:\/\/www.dayyachtchartermallorca.com\/de\/yacht-facility\/1-wc\/\">1 WC<\/a><\/span>, <span class=\"facility-2-cabins\"><a href=\"https:\/\/www.dayyachtchartermallorca.com\/de\/yacht-facility\/2-cabins\/\">2 Cabins<\/a><\/span>, <span class=\"facility-yacht-motor-9\"><a href=\"https:\/\/www.dayyachtchartermallorca.com\/de\/yacht-facility\/yacht-motor-9\/\">2 x Volvo 440HP<\/a><\/span>, <span class=\"facility-air-conditioning\"><a href=\"https:\/\/www.dayyachtchartermallorca.com\/de\/yacht-facility\/air-conditioning\/\">Air-conditioned<\/a><\/span>, <span class=\"facility-paddle-sup\"><a href=\"https:\/\/www.dayyachtchartermallorca.com\/de\/yacht-facility\/paddle-sup\/\">Paddle Sup<\/a><\/span>, <span class=\"facility-professional-skipper\"><a href=\"https:\/\/www.dayyachtchartermallorca.com\/de\/yacht-facility\/professional-skipper\/\">Professional Skipper<\/a><\/span>, <span class=\"facility-snorkel\"><a href=\"https:\/\/www.dayyachtchartermallorca.com\/de\/yacht-facility\/snorkel\/\">Snorkel<\/a><\/span>, <span class=\"facility-tender\"><a href=\"https:\/\/www.dayyachtchartermallorca.com\/de\/yacht-facility\/tender\/\">Tender<\/a><\/span><\/span><\/li>\n\t\n\n\n\n\n\t<li class=\"mphb-room-type-size\"><span class=\"mphb-attribute-title mphb-size-title\">Gr\u00f6\u00dfe:<\/span><span class=\"mphb-attribute-value\">\n\t38ft\u00b2\n\t<\/span><\/li>\n\t\n\n\n\n\t<li class=\"mphb-room-type-categories\"><span class=\"mphb-attribute-title mphb-categories-title\">Kategorien:<\/span><span class=\"mphb-attribute-value\"> <span class=\"category-day-charter-yachts\"><a href=\"https:\/\/www.dayyachtchartermallorca.com\/de\/yacht-category\/day-charter-yachts\/\">Day Charter Yachts<\/a><\/span><\/span><\/li>\n\t\n<\/ul>\n\n<div class=\"mphb-to-book-btn-wrapper\">\n<form action=\"https:\/\/www.dayyachtchartermallorca.com\/de\/yacht\/sessa-c38\/#booking-form-8678\" method=\"get\" data-trp-original-action=\"https:\/\/www.dayyachtchartermallorca.com\/de\/yacht\/sessa-c38\/#booking-form-8678\" ><button type=\"submit\" class=\"button mphb-book-button\" >Buchen<\/button><input type=\"hidden\" name=\"trp-form-language\" value=\"de\"\/><\/form>\n<br\/><\/div>\n\t\n<\/div>\n<\/div>\t\t\t\t<\/div>\n\t\t\t\t\t\t\t<\/div>\n\t\t\t\n\t\t\t\t\t\t<!-- pagination -->\n\t\t\t<div class=\"knsl-pagination\">\n\t\t\t\t\t\t<\/div>\n\t\t\t<!-- pagination end -->\n\t\t\t\n\t\t\t\t\t\t\t\t<\/div>\t\t<\/section>\n\t\t<!-- rooms end -->\n\n\t\t\t\t\t\t<\/div>\n\t\t\t\t<\/div>\n\t\t\t\t\t<\/div>\n\t\t<\/div>\n\t\t\t\t\t<\/div>\n\t\t<\/section>\n\t\t<div class=\"elementor-element elementor-element-a41ac82 e-flex e-con-boxed e-con e-parent\" data-id=\"a41ac82\" data-element_type=\"container\" data-e-type=\"container\" data-settings=\"{&quot;background_background&quot;:&quot;classic&quot;}\">\n\t\t\t\t\t<div class=\"e-con-inner\">\n\t\t\t\t<div class=\"elementor-element elementor-element-b071a8d elementor-widget elementor-widget-heading\" data-id=\"b071a8d\" data-element_type=\"widget\" data-e-type=\"widget\" data-widget_type=\"heading.default\">\n\t\t\t\t<div class=\"elementor-widget-container\">\n\t\t\t\t\t<h2 class=\"elementor-heading-title elementor-size-default\">FAQ<\/h2>\t\t\t\t<\/div>\n\t\t\t\t<\/div>\n\t\t\t\t<div class=\"elementor-element elementor-element-db97e9a elementor-widget elementor-widget-heading\" data-id=\"db97e9a\" data-element_type=\"widget\" data-e-type=\"widget\" data-widget_type=\"heading.default\">\n\t\t\t\t<div class=\"elementor-widget-container\">\n\t\t\t\t\t<h2 class=\"elementor-heading-title elementor-size-default\">Wie viel kostet es, ein Boot auf Mallorca zu mieten?<\/h2>\t\t\t\t<\/div>\n\t\t\t\t<\/div>\n\t\t\t\t<div class=\"elementor-element elementor-element-f1bc106 elementor-widget elementor-widget-text-editor\" data-id=\"f1bc106\" data-element_type=\"widget\" data-e-type=\"widget\" data-widget_type=\"text-editor.default\">\n\t\t\t\t<div class=\"elementor-widget-container\">\n\t\t\t\t\t\t\t\t\t<p>The cost of chartering a yacht in Mallorca varies based on the type of vessel you choose:<\/p><p>On average, a <strong>Day Yacht Charter in Mallorca<\/strong> costs around <strong>\u20ac2,200<\/strong>. This price can fluctuate depending on the boat, the captain, and any water toys included in the package.<\/p><p>The price typically covers the yacht rental, the use of water toys, mooring at the base port, and the crew, if included.<\/p>\t\t\t\t\t\t\t\t<\/div>\n\t\t\t\t<\/div>\n\t\t\t\t<div class=\"elementor-element elementor-element-c16888e elementor-widget elementor-widget-heading\" data-id=\"c16888e\" data-element_type=\"widget\" data-e-type=\"widget\" data-widget_type=\"heading.default\">\n\t\t\t\t<div class=\"elementor-widget-container\">\n\t\t\t\t\t<h2 class=\"elementor-heading-title elementor-size-default\">Can I charter a Yacht with a Skipper?<\/h2>\t\t\t\t<\/div>\n\t\t\t\t<\/div>\n\t\t\t\t<div class=\"elementor-element elementor-element-2629aaa elementor-widget elementor-widget-text-editor\" data-id=\"2629aaa\" data-element_type=\"widget\" data-e-type=\"widget\" data-widget_type=\"text-editor.default\">\n\t\t\t\t<div class=\"elementor-widget-container\">\n\t\t\t\t\t\t\t\t\t<p>For a stress-free, relaxing Mallorca yacht experience, we recommend hiring a professional skipper. They handle navigation, safety, and passenger care, allowing you to enjoy your time on the water.<\/p><p>With over <strong>10 years<\/strong> of <strong>experience<\/strong>, our skippers know Mallorca\u2019s hidden spots and can teach you sailing skills if desired.<\/p><p>The skipper fee varies by yacht, typically costing <strong>\u20ac250 per day<\/strong>, or may be included in the yacht rental price.<\/p>\t\t\t\t\t\t\t\t<\/div>\n\t\t\t\t<\/div>\n\t\t\t\t<div class=\"elementor-element elementor-element-f85dd28 elementor-widget elementor-widget-heading\" data-id=\"f85dd28\" data-element_type=\"widget\" data-e-type=\"widget\" data-widget_type=\"heading.default\">\n\t\t\t\t<div class=\"elementor-widget-container\">\n\t\t\t\t\t<h2 class=\"elementor-heading-title elementor-size-default\">Welche sind die besten Monate f\u00fcr eine Yacht-Charter auf Mallorca?<\/h2>\t\t\t\t<\/div>\n\t\t\t\t<\/div>\n\t\t\t\t<div class=\"elementor-element elementor-element-3f21089 elementor-widget elementor-widget-text-editor\" data-id=\"3f21089\" data-element_type=\"widget\" data-e-type=\"widget\" data-widget_type=\"text-editor.default\">\n\t\t\t\t<div class=\"elementor-widget-container\">\n\t\t\t\t\t\t\t\t\t<p>The best time for a Day Yacht Charter in Mallorca is from <strong>June to September<\/strong>, when the island enjoys sunny, warm weather ideal for boating.<\/p><p><strong>July and August<\/strong> are the peak months, offering excellent weather and numerous events. For a more tranquil experience,<strong> June and September<\/strong> are perfect, as the island is less crowded and the coves are quieter, providing an idyllic setting for exploring Mallorca&#8217;s best spots.<\/p><p>Ultimately, the best time to charter a yacht in Mallorca depends on your preferences and availability.<\/p>\t\t\t\t\t\t\t\t<\/div>\n\t\t\t\t<\/div>\n\t\t\t\t<div class=\"elementor-element elementor-element-6149832 elementor-hidden-mobile elementor-widget elementor-widget-heading\" data-id=\"6149832\" data-element_type=\"widget\" data-e-type=\"widget\" data-widget_type=\"heading.default\">\n\t\t\t\t<div class=\"elementor-widget-container\">\n\t\t\t\t\t<h2 class=\"elementor-heading-title elementor-size-default\">Bei der Charter einer Yacht auf Mallorca, wie viele Personen d\u00fcrfen an Bord sein?<\/h2>\t\t\t\t<\/div>\n\t\t\t\t<\/div>\n\t\t\t\t<div class=\"elementor-element elementor-element-6697586 elementor-hidden-mobile elementor-widget elementor-widget-text-editor\" data-id=\"6697586\" data-element_type=\"widget\" data-e-type=\"widget\" data-widget_type=\"text-editor.default\">\n\t\t\t\t<div class=\"elementor-widget-container\">\n\t\t\t\t\t\t\t\t\t<p>Yacht capacity in the Balearics typically depends on the yacht and its charter license. Most yachts have a limit of <strong>12 passengers<\/strong>, although some may accommodate 12 guests plus crew.<\/p><p>Keep in mind that boat length, life raft capacity, and other factors may reduce the number of passengers a yacht can carry.<\/p>\t\t\t\t\t\t\t\t<\/div>\n\t\t\t\t<\/div>\n\t\t\t\t<div class=\"elementor-element elementor-element-3b36f27 elementor-widget elementor-widget-heading\" data-id=\"3b36f27\" data-element_type=\"widget\" data-e-type=\"widget\" data-widget_type=\"heading.default\">\n\t\t\t\t<div class=\"elementor-widget-container\">\n\t\t\t\t\t<h2 class=\"elementor-heading-title elementor-size-default\">Wo kann man auf Mallorca eine Yacht chartern?<\/h2>\t\t\t\t<\/div>\n\t\t\t\t<\/div>\n\t\t\t\t<div class=\"elementor-element elementor-element-bb0b013 elementor-widget elementor-widget-text-editor\" data-id=\"bb0b013\" data-element_type=\"widget\" data-e-type=\"widget\" data-widget_type=\"text-editor.default\">\n\t\t\t\t<div class=\"elementor-widget-container\">\n\t\t\t\t\t\t\t\t\t<p>Wenn Sie dar\u00fcber nachdenken, ein Boot auf Mallorca zu mieten, sollten Sie zun\u00e4chst \u00fcberlegen, in welchem Bereich der Insel Sie sich befinden und welche Gebiete Sie erkunden m\u00f6chten. Nachfolgend finden Sie die besten H\u00e4fen auf Mallorca:<\/p><ul><li><strong>Puerto Portals<\/strong>: Einer der feinsten H\u00e4fen auf Mallorca, Puerto Portals ist nicht nur modern, sondern zeichnet sich auch durch seine exklusiven Gesch\u00e4fte und erstklassigen Restaurants aus, was ihn zum besten Hafen f\u00fcr eine Tages-Yachtcharter auf Mallorca macht.<\/li><li><strong>Port Adriano<\/strong>: Im Westen von Mallorca gelegen, ist Port Adriano der beste Hafen f\u00fcr Yachtcharter an der Westk\u00fcste Mallorcas.<\/li><li><strong>Puerto de Andratx<\/strong>: Gelegen im sch\u00f6nen Fischerhafen von Andratx, ist dieser Hafen zu einem beliebten Ort f\u00fcr viele Besucher geworden.<\/li><li><strong>Club de Mar<\/strong>: Gelegen in Palma de Mallorca, ist es einer der besten H\u00e4fen f\u00fcr Yachtcharter auf Mallorca. Es befindet sich am Paseo Mar\u00edtimo von Palma und nur 5 Minuten vom Einkaufszentrum Porto Pi entfernt.<\/li><li><strong>Puerto de S\u00f3ller<\/strong>: Dies ist der charmanteste Hafen auf der Insel. Eingebettet zwischen den Bergen der Sierra de la Tramuntana ist der Hafen von Soller ein ausgezeichneter Ausgangspunkt f\u00fcr Ziele wie Cala Deia, Sa Foradada oder Sa Calobra.<\/li><\/ul>\t\t\t\t\t\t\t\t<\/div>\n\t\t\t\t<\/div>\n\t\t\t\t\t<\/div>\n\t\t\t\t<\/div>\n\t\t\t\t<section class=\"elementor-section elementor-top-section elementor-element elementor-element-c5fea20 elementor-section-full_width elementor-hidden-mobile elementor-section-height-default elementor-section-height-default\" data-id=\"c5fea20\" data-element_type=\"section\" data-e-type=\"section\" data-settings=\"{&quot;background_background&quot;:&quot;classic&quot;,&quot;shape_divider_bottom&quot;:&quot;wave-brush&quot;}\">\n\t\t\t\t\t\t\t<div class=\"elementor-background-overlay\"><\/div>\n\t\t\t\t\t\t<div class=\"elementor-shape elementor-shape-bottom\" aria-hidden=\"true\" data-negative=\"false\">\n\t\t\t<svg xmlns=\"http:\/\/www.w3.org\/2000\/svg\" viewbox=\"0 0 283.5 27.8\" preserveaspectratio=\"none\">\n\t<path class=\"elementor-shape-fill\" d=\"M283.5,9.7c0,0-7.3,4.3-14,4.6c-6.8,0.3-12.6,0-20.9-1.5c-11.3-2-33.1-10.1-44.7-5.7\ts-12.1,4.6-18,7.4c-6.6,3.2-20,9.6-36.6,9.3C131.6,23.5,99.5,7.2,86.3,8c-1.4,0.1-6.6,0.8-10.5,2c-3.8,1.2-9.4,3.8-17,4.7\tc-3.2,0.4-8.3,1.1-14.2,0.9c-1.5-0.1-6.3-0.4-12-1.6c-5.7-1.2-11-3.1-15.8-3.7C6.5,9.2,0,10.8,0,10.8V0h283.5V9.7z M260.8,11.3\tc-0.7-1-2-0.4-4.3-0.4c-2.3,0-6.1-1.2-5.8-1.1c0.3,0.1,3.1,1.5,6,1.9C259.7,12.2,261.4,12.3,260.8,11.3z M242.4,8.6\tc0,0-2.4-0.2-5.6-0.9c-3.2-0.8-10.3-2.8-15.1-3.5c-8.2-1.1-15.8,0-15.1,0.1c0.8,0.1,9.6-0.6,17.6,1.1c3.3,0.7,9.3,2.2,12.4,2.7\tC239.9,8.7,242.4,8.6,242.4,8.6z M185.2,8.5c1.7-0.7-13.3,4.7-18.5,6.1c-2.1,0.6-6.2,1.6-10,2c-3.9,0.4-8.9,0.4-8.8,0.5\tc0,0.2,5.8,0.8,11.2,0c5.4-0.8,5.2-1.1,7.6-1.6C170.5,14.7,183.5,9.2,185.2,8.5z M199.1,6.9c0.2,0-0.8-0.4-4.8,1.1\tc-4,1.5-6.7,3.5-6.9,3.7c-0.2,0.1,3.5-1.8,6.6-3C197,7.5,199,6.9,199.1,6.9z M283,6c-0.1,0.1-1.9,1.1-4.8,2.5s-6.9,2.8-6.7,2.7\tc0.2,0,3.5-0.6,7.4-2.5C282.8,6.8,283.1,5.9,283,6z M31.3,11.6c0.1-0.2-1.9-0.2-4.5-1.2s-5.4-1.6-7.8-2C15,7.6,7.3,8.5,7.7,8.6\tC8,8.7,15.9,8.3,20.2,9.3c2.2,0.5,2.4,0.5,5.7,1.6S31.2,11.9,31.3,11.6z M73,9.2c0.4-0.1,3.5-1.6,8.4-2.6c4.9-1.1,8.9-0.5,8.9-0.8\tc0-0.3-1-0.9-6.2-0.3S72.6,9.3,73,9.2z M71.6,6.7C71.8,6.8,75,5.4,77.3,5c2.3-0.3,1.9-0.5,1.9-0.6c0-0.1-1.1-0.2-2.7,0.2\tC74.8,5.1,71.4,6.6,71.6,6.7z M93.6,4.4c0.1,0.2,3.5,0.8,5.6,1.8c2.1,1,1.8,0.6,1.9,0.5c0.1-0.1-0.8-0.8-2.4-1.3\tC97.1,4.8,93.5,4.2,93.6,4.4z M65.4,11.1c-0.1,0.3,0.3,0.5,1.9-0.2s2.6-1.3,2.2-1.2s-0.9,0.4-2.5,0.8C65.3,10.9,65.5,10.8,65.4,11.1\tz M34.5,12.4c-0.2,0,2.1,0.8,3.3,0.9c1.2,0.1,2,0.1,2-0.2c0-0.3-0.1-0.5-1.6-0.4C36.6,12.8,34.7,12.4,34.5,12.4z M152.2,21.1\tc-0.1,0.1-2.4-0.3-7.5-0.3c-5,0-13.6-2.4-17.2-3.5c-3.6-1.1,10,3.9,16.5,4.1C150.5,21.6,152.3,21,152.2,21.1z\"\/>\n\t<path class=\"elementor-shape-fill\" d=\"M269.6,18c-0.1-0.1-4.6,0.3-7.2,0c-7.3-0.7-17-3.2-16.6-2.9c0.4,0.3,13.7,3.1,17,3.3\tC267.7,18.8,269.7,18,269.6,18z\"\/>\n\t<path class=\"elementor-shape-fill\" d=\"M227.4,9.8c-0.2-0.1-4.5-1-9.5-1.2c-5-0.2-12.7,0.6-12.3,0.5c0.3-0.1,5.9-1.8,13.3-1.2\tS227.6,9.9,227.4,9.8z\"\/>\n\t<path class=\"elementor-shape-fill\" d=\"M204.5,13.4c-0.1-0.1,2-1,3.2-1.1c1.2-0.1,2,0,2,0.3c0,0.3-0.1,0.5-1.6,0.4\tC206.4,12.9,204.6,13.5,204.5,13.4z\"\/>\n\t<path class=\"elementor-shape-fill\" d=\"M201,10.6c0-0.1-4.4,1.2-6.3,2.2c-1.9,0.9-6.2,3.1-6.1,3.1c0.1,0.1,4.2-1.6,6.3-2.6\tS201,10.7,201,10.6z\"\/>\n\t<path class=\"elementor-shape-fill\" d=\"M154.5,26.7c-0.1-0.1-4.6,0.3-7.2,0c-7.3-0.7-17-3.2-16.6-2.9c0.4,0.3,13.7,3.1,17,3.3\tC152.6,27.5,154.6,26.8,154.5,26.7z\"\/>\n\t<path class=\"elementor-shape-fill\" d=\"M41.9,19.3c0,0,1.2-0.3,2.9-0.1c1.7,0.2,5.8,0.9,8.2,0.7c4.2-0.4,7.4-2.7,7-2.6\tc-0.4,0-4.3,2.2-8.6,1.9c-1.8-0.1-5.1-0.5-6.7-0.4S41.9,19.3,41.9,19.3z\"\/>\n\t<path class=\"elementor-shape-fill\" d=\"M75.5,12.6c0.2,0.1,2-0.8,4.3-1.1c2.3-0.2,2.1-0.3,2.1-0.5c0-0.1-1.8-0.4-3.4,0\tC76.9,11.5,75.3,12.5,75.5,12.6z\"\/>\n\t<path class=\"elementor-shape-fill\" d=\"M15.6,13.2c0-0.1,4.3,0,6.7,0.5c2.4,0.5,5,1.9,5,2c0,0.1-2.7-0.8-5.1-1.4\tC19.9,13.7,15.7,13.3,15.6,13.2z\"\/>\n<\/svg>\t\t<\/div>\n\t\t\t\t\t<div class=\"elementor-container elementor-column-gap-no\">\n\t\t\t\t\t<div class=\"elementor-column elementor-col-100 elementor-top-column elementor-element elementor-element-a59a503\" data-id=\"a59a503\" data-element_type=\"column\" data-e-type=\"column\">\n\t\t\t<div class=\"elementor-widget-wrap elementor-element-populated\">\n\t\t\t\t\t\t<div class=\"elementor-element elementor-element-0bc9355 elementor-widget-divider--view-line elementor-widget elementor-widget-divider\" data-id=\"0bc9355\" data-element_type=\"widget\" data-e-type=\"widget\" data-widget_type=\"divider.default\">\n\t\t\t\t<div class=\"elementor-widget-container\">\n\t\t\t\t\t\t\t<div class=\"elementor-divider\">\n\t\t\t<span class=\"elementor-divider-separator\">\n\t\t\t\t\t\t<\/span>\n\t\t<\/div>\n\t\t\t\t\t\t<\/div>\n\t\t\t\t<\/div>\n\t\t\t\t<section class=\"elementor-section elementor-inner-section elementor-element elementor-element-8ba34bd elementor-section-full_width elementor-section-height-default elementor-section-height-default\" data-id=\"8ba34bd\" data-element_type=\"section\" data-e-type=\"section\">\n\t\t\t\t\t\t<div class=\"elementor-container elementor-column-gap-no\">\n\t\t\t\t\t<div class=\"elementor-column elementor-col-100 elementor-inner-column elementor-element elementor-element-bc39272\" data-id=\"bc39272\" data-element_type=\"column\" data-e-type=\"column\">\n\t\t\t<div class=\"elementor-widget-wrap elementor-element-populated\">\n\t\t\t\t\t\t<div class=\"elementor-element elementor-element-fddef59 elementor-widget elementor-widget-heading\" data-id=\"fddef59\" data-element_type=\"widget\" data-e-type=\"widget\" data-widget_type=\"heading.default\">\n\t\t\t\t<div class=\"elementor-widget-container\">\n\t\t\t\t\t<h3 class=\"elementor-heading-title elementor-size-default\">What guests say about our Yachts<\/h3>\t\t\t\t<\/div>\n\t\t\t\t<\/div>\n\t\t\t\t<div class=\"elementor-element elementor-element-1cdd9ab elementor-widget elementor-widget-kinsley-testimonials\" data-id=\"1cdd9ab\" data-element_type=\"widget\" data-e-type=\"widget\" data-widget_type=\"kinsley-testimonials.default\">\n\t\t\t\t<div class=\"elementor-widget-container\">\n\t\t\t\t\t\n\t\t<!-- testimonials -->\n\t    <section class=\"knsl-transition-none knsl-p-0-80\">\n\t      \n\t      <div class=\"container\">\n\t        <div class=\"row justify-content-center\">\n\t          \t          \t          <div class=\"col-lg-6\">\n\n\t            <!-- slider -->\n\t            <div class=\"swiper-slider knsl-testimonials-slider knsl-scroll-animation\">\n\t              <div class=\"swiper-wrapper\">\n\t                \t                <div class=\"swiper-slide\">\n\n\t                  <div class=\"knsl-testimonial-card\">\n\t                    \t                    <div class=\"knsl-name-and-text\">\n\t                      \t                      <h3 class=\"knsl-mb-10\">\n\t                      \t<span >\n\t\t\t\t\t\t\t\tPaul Evason\t\t\t\t\t\t\t<\/span>\n\t                      <\/h3>\n\t                      \t                      \t                      <div class=\"knsl-subtitle--h\">\n\t                      \t<span >\n\t\t\t\t\t\t\t\tFrom England\t\t\t\t\t\t\t<\/span>\n\t                      <\/div>\n\t                      \t\t\t\t\t\t  \t                      <blockquote>\n\t                        \t\t\t\t\t\t\t\t<ul class=\"knsl-stars\">\n\t\t\t\t\t\t\t\t\t\t\t\t\t\t\t\t\t\t\t\t\t\t\t\t\t\t\t<li><i class=\"fas fa-star\"><\/i><\/li>\n\t\t\t\t\t\t\t\t\t\t\t\t\t\t\t\t\t\t\t\t\t\t\t\t\t\t\t\t\t\t\t\t\t\t\t\t<li><i class=\"fas fa-star\"><\/i><\/li>\n\t\t\t\t\t\t\t\t\t\t\t\t\t\t\t\t\t\t\t\t\t\t\t\t\t\t\t\t\t\t\t\t\t\t\t\t<li><i class=\"fas fa-star\"><\/i><\/li>\n\t\t\t\t\t\t\t\t\t\t\t\t\t\t\t\t\t\t\t\t\t\t\t\t\t\t\t\t\t\t\t\t\t\t\t\t<li><i class=\"fas fa-star\"><\/i><\/li>\n\t\t\t\t\t\t\t\t\t\t\t\t\t\t\t\t\t\t\t\t\t\t\t\t\t\t\t\t\t\t\t\t\t\t\t\t<li><i class=\"fas fa-star\"><\/i><\/li>\n\t\t\t\t\t\t\t\t\t\t\t\t\t\t\t\t\t\t\t\t\t\t\t\t\t\t<\/ul>\n\t\t\t\t\t\t    \n\t                        \t                        \t<div >\n\t\t\t\t\t\t\t\t\t<p>Had a great day onboard on the Azimut 64. We went to Portals Vells and Cala Llamp, it was beautiful. The crew was very professional and really enjoyed my time onboard.<\/p>\t\t\t\t\t\t\t\t<\/div>\n\t                        \t                      <\/blockquote>\n\t\t\t\t\t\t  \t                    <\/div>\n\t                  <\/div>\n\n\t                <\/div>\n\t                \t                <div class=\"swiper-slide\">\n\n\t                  <div class=\"knsl-testimonial-card\">\n\t                    \t                    <div class=\"knsl-name-and-text\">\n\t                      \t                      <h3 class=\"knsl-mb-10\">\n\t                      \t<span >\n\t\t\t\t\t\t\t\tSamantha Ibarz\t\t\t\t\t\t\t<\/span>\n\t                      <\/h3>\n\t                      \t                      \t                      <div class=\"knsl-subtitle--h\">\n\t                      \t<span >\n\t\t\t\t\t\t\t\tFrom Colombia\t\t\t\t\t\t\t<\/span>\n\t                      <\/div>\n\t                      \t\t\t\t\t\t  \t                      <blockquote>\n\t                        \t\t\t\t\t\t\t\t<ul class=\"knsl-stars\">\n\t\t\t\t\t\t\t\t\t\t\t\t\t\t\t\t\t\t\t\t\t\t\t\t\t\t\t<li><i class=\"fas fa-star\"><\/i><\/li>\n\t\t\t\t\t\t\t\t\t\t\t\t\t\t\t\t\t\t\t\t\t\t\t\t\t\t\t\t\t\t\t\t\t\t\t\t<li><i class=\"fas fa-star\"><\/i><\/li>\n\t\t\t\t\t\t\t\t\t\t\t\t\t\t\t\t\t\t\t\t\t\t\t\t\t\t\t\t\t\t\t\t\t\t\t\t<li><i class=\"fas fa-star\"><\/i><\/li>\n\t\t\t\t\t\t\t\t\t\t\t\t\t\t\t\t\t\t\t\t\t\t\t\t\t\t\t\t\t\t\t\t\t\t\t\t<li><i class=\"fas fa-star\"><\/i><\/li>\n\t\t\t\t\t\t\t\t\t\t\t\t\t\t\t\t\t\t\t\t\t\t\t\t\t\t\t\t\t\t\t\t\t\t\t\t<li><i class=\"fas fa-star\"><\/i><\/li>\n\t\t\t\t\t\t\t\t\t\t\t\t\t\t\t\t\t\t\t\t\t\t\t\t\t\t<\/ul>\n\t\t\t\t\t\t    \n\t                        \t                        \t<div >\n\t\t\t\t\t\t\t\t\t<p>What a great experience onboard. My family and I went in the Filipetti S55 to Cala Dei\u00e0. Mallorca is such a beautiful place! Loved the Anti Jellyfish Pool.<\/p>\t\t\t\t\t\t\t\t<\/div>\n\t                        \t                      <\/blockquote>\n\t\t\t\t\t\t  \t                    <\/div>\n\t                  <\/div>\n\n\t                <\/div>\n\t                \t                <div class=\"swiper-slide\">\n\n\t                  <div class=\"knsl-testimonial-card\">\n\t                    \t                    <div class=\"knsl-name-and-text\">\n\t                      \t                      <h3 class=\"knsl-mb-10\">\n\t                      \t<span >\n\t\t\t\t\t\t\t\tMathias Kamps\t\t\t\t\t\t\t<\/span>\n\t                      <\/h3>\n\t                      \t                      \t                      <div class=\"knsl-subtitle--h\">\n\t                      \t<span >\n\t\t\t\t\t\t\t\tFrom Germany\t\t\t\t\t\t\t<\/span>\n\t                      <\/div>\n\t                      \t\t\t\t\t\t  \t                      <blockquote>\n\t                        \t\t\t\t\t\t\t\t<ul class=\"knsl-stars\">\n\t\t\t\t\t\t\t\t\t\t\t\t\t\t\t\t\t\t\t\t\t\t\t\t\t\t\t<li><i class=\"fas fa-star\"><\/i><\/li>\n\t\t\t\t\t\t\t\t\t\t\t\t\t\t\t\t\t\t\t\t\t\t\t\t\t\t\t\t\t\t\t\t\t\t\t\t<li><i class=\"fas fa-star\"><\/i><\/li>\n\t\t\t\t\t\t\t\t\t\t\t\t\t\t\t\t\t\t\t\t\t\t\t\t\t\t\t\t\t\t\t\t\t\t\t\t<li><i class=\"fas fa-star\"><\/i><\/li>\n\t\t\t\t\t\t\t\t\t\t\t\t\t\t\t\t\t\t\t\t\t\t\t\t\t\t\t\t\t\t\t\t\t\t\t\t<li><i class=\"fas fa-star\"><\/i><\/li>\n\t\t\t\t\t\t\t\t\t\t\t\t\t\t\t\t\t\t\t\t\t\t\t\t\t\t\t\t\t\t\t\t\t\t\t\t<li><i class=\"fas fa-star\"><\/i><\/li>\n\t\t\t\t\t\t\t\t\t\t\t\t\t\t\t\t\t\t\t\t\t\t\t\t\t\t<\/ul>\n\t\t\t\t\t\t    \n\t                        \t                        \t<div >\n\t\t\t\t\t\t\t\t\t<p>We charter yachts every year. This year it has been the best of them all. The Fjord 41 XL is such a good boat. The skipper was great and we really enjoyed our lunch onboard. <\/p>\t\t\t\t\t\t\t\t<\/div>\n\t                        \t                      <\/blockquote>\n\t\t\t\t\t\t  \t                    <\/div>\n\t                  <\/div>\n\n\t                <\/div>\n\t                \t                <div class=\"swiper-slide\">\n\n\t                  <div class=\"knsl-testimonial-card\">\n\t                    \t                    <div class=\"knsl-name-and-text\">\n\t                      \t                      <h3 class=\"knsl-mb-10\">\n\t                      \t<span >\n\t\t\t\t\t\t\t\tGala Mitchell\t\t\t\t\t\t\t<\/span>\n\t                      <\/h3>\n\t                      \t                      \t                      <div class=\"knsl-subtitle--h\">\n\t                      \t<span >\n\t\t\t\t\t\t\t\tFrom United States of America\t\t\t\t\t\t\t<\/span>\n\t                      <\/div>\n\t                      \t\t\t\t\t\t  \t                      <blockquote>\n\t                        \t\t\t\t\t\t\t\t<ul class=\"knsl-stars\">\n\t\t\t\t\t\t\t\t\t\t\t\t\t\t\t\t\t\t\t\t\t\t\t\t\t\t\t<li><i class=\"fas fa-star\"><\/i><\/li>\n\t\t\t\t\t\t\t\t\t\t\t\t\t\t\t\t\t\t\t\t\t\t\t\t\t\t\t\t\t\t\t\t\t\t\t\t<li><i class=\"fas fa-star\"><\/i><\/li>\n\t\t\t\t\t\t\t\t\t\t\t\t\t\t\t\t\t\t\t\t\t\t\t\t\t\t\t\t\t\t\t\t\t\t\t\t<li><i class=\"fas fa-star\"><\/i><\/li>\n\t\t\t\t\t\t\t\t\t\t\t\t\t\t\t\t\t\t\t\t\t\t\t\t\t\t\t\t\t\t\t\t\t\t\t\t<li><i class=\"fas fa-star\"><\/i><\/li>\n\t\t\t\t\t\t\t\t\t\t\t\t\t\t\t\t\t\t\t\t\t\t\t\t\t\t\t\t\t\t\t\t\t\t\t\t<li><i class=\"fas fa-star\"><\/i><\/li>\n\t\t\t\t\t\t\t\t\t\t\t\t\t\t\t\t\t\t\t\t\t\t\t\t\t\t<\/ul>\n\t\t\t\t\t\t    \n\t                        \t                        \t<div >\n\t\t\t\t\t\t\t\t\t<p>Our experience has been great. The skipper of the Fjord 48 is very calm and attentive. We really enjoyed the seabob and Mallorca.<\/p>\t\t\t\t\t\t\t\t<\/div>\n\t                        \t                      <\/blockquote>\n\t\t\t\t\t\t  \t                    <\/div>\n\t                  <\/div>\n\n\t                <\/div>\n\t                \t              <\/div>\n\t              <div class=\"knsl-testimonials-nav\">\n\t                <div class=\"knsl-testimonials-slider-1-prev\"><i class=\"fas fa-arrow-left\"><\/i><\/div>\n\t                <div class=\"knsl-testimonials-slider-1-next\"><i class=\"fas fa-arrow-right\"><\/i><\/div>\n\t              <\/div>\n\t            <\/div>\n\t            <!-- slider end -->\n\n\t          <\/div>\n\t          \t        <\/div>\n\t      <\/div>\n\t    <\/section>\n\t    <!-- testimonials end -->\n\n\t\t\t\t\t\t<\/div>\n\t\t\t\t<\/div>\n\t\t\t\t\t<\/div>\n\t\t<\/div>\n\t\t\t\t\t<\/div>\n\t\t<\/section>\n\t\t\t\t\t<\/div>\n\t\t<\/div>\n\t\t\t\t\t<\/div>\n\t\t<\/section>\n\t\t\t\t<\/div>","protected":false},"excerpt":{"rendered":"<p>Day Yacht Charter Mallorca Sail into Luxury: Elevate Your Experience with Day Yacht Charter&#8230; <span class=\"knsl-el-more\"><a href=\"https:\/\/www.dayyachtchartermallorca.com\/de\/yacht\/sessa-c38\/\" class=\"knsl-btn\">Read more<span class=\"screen-reader-text\">Read more&nbsp;Sessa C38 &#8216;Wikki Two&#8217;<\/span><\/a><\/span><\/p>","protected":false},"author":1,"featured_media":9602,"parent":0,"menu_order":0,"comment_status":"closed","ping_status":"closed","template":"elementor_header_footer","meta":{"_acf_changed":false,"_uf_show_specific_survey":0,"_uf_disable_surveys":false,"footnotes":""},"class_list":["post-5959","page","type-page","status-publish","has-post-thumbnail","hentry"],"acf":[],"aioseo_notices":[],"_links":{"self":[{"href":"https:\/\/www.dayyachtchartermallorca.com\/de\/wp-json\/wp\/v2\/pages\/5959","targetHints":{"allow":["GET"]}}],"collection":[{"href":"https:\/\/www.dayyachtchartermallorca.com\/de\/wp-json\/wp\/v2\/pages"}],"about":[{"href":"https:\/\/www.dayyachtchartermallorca.com\/de\/wp-json\/wp\/v2\/types\/page"}],"author":[{"embeddable":true,"href":"https:\/\/www.dayyachtchartermallorca.com\/de\/wp-json\/wp\/v2\/users\/1"}],"replies":[{"embeddable":true,"href":"https:\/\/www.dayyachtchartermallorca.com\/de\/wp-json\/wp\/v2\/comments?post=5959"}],"version-history":[{"count":357,"href":"https:\/\/www.dayyachtchartermallorca.com\/de\/wp-json\/wp\/v2\/pages\/5959\/revisions"}],"predecessor-version":[{"id":9822,"href":"https:\/\/www.dayyachtchartermallorca.com\/de\/wp-json\/wp\/v2\/pages\/5959\/revisions\/9822"}],"wp:featuredmedia":[{"embeddable":true,"href":"https:\/\/www.dayyachtchartermallorca.com\/de\/wp-json\/wp\/v2\/media\/9602"}],"wp:attachment":[{"href":"https:\/\/www.dayyachtchartermallorca.com\/de\/wp-json\/wp\/v2\/media?parent=5959"}],"curies":[{"name":"wp","href":"https:\/\/api.w.org\/{rel}","templated":true}]}}