{"id":3438,"date":"2021-08-24T00:16:57","date_gmt":"2021-08-24T00:16:57","guid":{"rendered":"https:\/\/kinsley-demo.bslthemes.com\/search-results\/"},"modified":"2024-12-18T12:23:59","modified_gmt":"2024-12-18T12:23:59","slug":"finder","status":"publish","type":"page","link":"https:\/\/www.dayyachtchartermallorca.com\/de\/finder\/","title":{"rendered":"Tagescharter Mallorca Finder"},"content":{"rendered":"<div data-elementor-type=\"wp-page\" data-elementor-id=\"3438\" class=\"elementor elementor-3438\">\n\t\t\t\t<div class=\"elementor-element elementor-element-831d9dd e-flex e-con-boxed e-con e-parent\" data-id=\"831d9dd\" data-element_type=\"container\" data-e-type=\"container\" data-settings=\"{&quot;background_background&quot;:&quot;classic&quot;}\">\n\t\t\t\t\t<div class=\"e-con-inner\">\n\t\t\t\t<div class=\"elementor-element elementor-element-5723525 elementor-widget elementor-widget-heading\" data-id=\"5723525\" data-element_type=\"widget\" data-e-type=\"widget\" data-widget_type=\"heading.default\">\n\t\t\t\t<div class=\"elementor-widget-container\">\n\t\t\t\t\t<h1 class=\"elementor-heading-title elementor-size-default\">Day Charter Mallorca<\/h1>\t\t\t\t<\/div>\n\t\t\t\t<\/div>\n\t\t\t\t<div class=\"elementor-element elementor-element-c7ae637 elementor-widget elementor-widget-text-editor\" data-id=\"c7ae637\" data-element_type=\"widget\" data-e-type=\"widget\" data-widget_type=\"text-editor.default\">\n\t\t\t\t<div class=\"elementor-widget-container\">\n\t\t\t\t\t\t\t\t\t<p>OUR LUXURIOUS YACHTS IN MALLORCA<\/p>\t\t\t\t\t\t\t\t<\/div>\n\t\t\t\t<\/div>\n\t\t\t\t\t<\/div>\n\t\t\t\t<\/div>\n\t\t<div class=\"elementor-element elementor-element-2ff35e5 e-flex e-con-boxed e-con e-parent\" data-id=\"2ff35e5\" data-element_type=\"container\" data-e-type=\"container\">\n\t\t\t\t\t<div class=\"e-con-inner\">\n\t\t\t\t<div class=\"elementor-element elementor-element-80da267 elementor-widget elementor-widget-spacer\" data-id=\"80da267\" data-element_type=\"widget\" data-e-type=\"widget\" data-widget_type=\"spacer.default\">\n\t\t\t\t<div class=\"elementor-widget-container\">\n\t\t\t\t\t\t\t<div class=\"elementor-spacer\">\n\t\t\t<div class=\"elementor-spacer-inner\"><\/div>\n\t\t<\/div>\n\t\t\t\t\t\t<\/div>\n\t\t\t\t<\/div>\n\t\t\t\t<div class=\"elementor-element elementor-element-fdba68f elementor-widget elementor-widget-kinsley-rooms-grid\" data-id=\"fdba68f\" data-element_type=\"widget\" data-e-type=\"widget\" data-widget_type=\"kinsley-rooms-grid.default\">\n\t\t\t\t<div class=\"elementor-widget-container\">\n\t\t\t\t\t\n\t\t<!-- rooms -->\n\t\t<section class=\"knsl-p-0-100\">\n\t\t\n\t\t\t\t\t\t\t\t<div class=\"row\">\n\t\t\t<div class=\"col-lg-12\">\n\t\t\t\t<div class=\"knsl-center knsl-title-frame knsl-scroll-animation knsl-mb-100\">\n\t\t\t\t\t\t\t\t<h2 class=\"knsl-title--h knsl-mb-20\">\n\t\t\t\t\t<span >\n\t\t\t\t\t\tCharter-Motorboote auf Mallorca\t\t\t\t\t<\/span>\n\t\t\t\t<\/h2>\n\t\t\t\t\t\t\t\t\t\t\t\t<div class=\"knsl-text knsl-mb-30\">\n\t\t\t\t\t<p>\n\t\t\t\t\t<span >\n\t\t\t\t\t\tEntsprechend Ihren Vorlieben sind dies die besten verf\u00fcgbaren Optionen\t\t\t\t\t<\/span>\n\t\t\t\t\t<\/p>\n\t\t\t\t<\/div>\n\t\t\t\t\t\t\t\t\t\t\t\t<\/div>\n\t\t\t<\/div>\n\t\t\t<\/div>\n\t\t\t\n\t\t\t\t\t\t<div class=\"knsl-filter knsl-mb-60\">\n\t\t\t<a href=\"#\" data-filter=\"*\" class=\"knsl-work-category knsl-current\">All Rooms<\/a>\n\t\t\t\t\t\t<a href=\"#\" data-filter=\".day-charter-yachts\" class=\"knsl-work-category\">Day Charter Yachts<\/a>\n\t\t\t\t\t\t<a href=\"#\" data-filter=\".week-charter-yachts-mallorca\" class=\"knsl-work-category\">Week Charter Yachts<\/a>\n\t\t\t\t\t\t<\/div>\n\t\t\t\n\t\t\t\t\t\t<div class=\"knsl-masonry-grid knsl-2-col attr-details-size-false attr-details-amenity-false attr-details-category-false attr-details-attributes-false attr-details-view-false attr-details-bed-type-false attr-details-children-false show-price-before-yes knsl-rooms-two\">\n\t\t\t\t\t\t\t\t<div class=\"knsl-grid-sizer\"><\/div>\n\t\t\t\t\n\t\t\t\t\t\t\t\t<div class=\"knsl-masonry-grid-item knsl-masonry-grid-item-50  day-charter-yachts week-charter-yachts-mallorca\">\n\t\t\t\t\t<div class=\"mphb_sc_room-wrapper\"><div class=\"mphb-room-type post-9450 mphb_room_type type-mphb_room_type status-publish has-post-thumbnail mphb_room_type_category-day-charter-yachts mphb_room_type_category-week-charter-yachts-mallorca mphb_room_type_tag-day-yacht-charter-mallorca mphb_room_type_facility-1-cabin mphb_room_type_facility-1-wc mphb_room_type_facility-air-conditioning mphb_room_type_facility-courtesy-drinks mphb_room_type_facility-paddle-sup mphb_room_type_facility-professional-skipper mphb_room_type_facility-snorkel mphb-room-type-adults-10 mphb-room-type-children-0\">\n\n\t\n\t\n\n\t<p class=\"post-thumbnail mphb-loop-room-thumbnail\">\n\t<a href=\"https:\/\/www.dayyachtchartermallorca.com\/de\/yacht\/solaris-power-44\/\">\n\t<img fetchpriority=\"high\" decoding=\"async\" width=\"800\" height=\"533\" src=\"https:\/\/www.dayyachtchartermallorca.com\/wp-content\/uploads\/2024\/12\/solaris-44-day-charter-mallorca.webp\" class=\"attachment-post-thumbnail size-post-thumbnail wp-post-image\" alt=\"\" srcset=\"https:\/\/www.dayyachtchartermallorca.com\/wp-content\/uploads\/2024\/12\/solaris-44-day-charter-mallorca.webp 800w, https:\/\/www.dayyachtchartermallorca.com\/wp-content\/uploads\/2024\/12\/solaris-44-day-charter-mallorca-300x200.webp 300w, https:\/\/www.dayyachtchartermallorca.com\/wp-content\/uploads\/2024\/12\/solaris-44-day-charter-mallorca-768x512.webp 768w, https:\/\/www.dayyachtchartermallorca.com\/wp-content\/uploads\/2024\/12\/solaris-44-day-charter-mallorca-18x12.webp 18w\" sizes=\"(max-width: 800px) 100vw, 800px\" \/>\t<\/a>\n\n\t<\/p>\n\n\n\n<h2 class=\"mphb-room-type-title entry-title\">\n\n\n\n<a class=\"mphb-room-type-title\" href=\"https:\/\/www.dayyachtchartermallorca.com\/de\/yacht\/solaris-power-44\/\">Solaris Power 44<\/a>\n\n\n<\/h2>\n\n\n<h3 class=\"mphb-room-type-details-title\">Details<\/h3><ul class=\"mphb-loop-room-type-attributes\">\n\t<li class=\"mphb-room-type-total-capacity\"><span class=\"mphb-attribute-title mphb-total-capacity-title\">G\u00e4ste:<\/span><span class=\"mphb-attribute-value\">\n\t10\n\t<\/span><\/li>\t\n\n\n\t<li class=\"mphb-room-type-facilities\"><span class=\"mphb-attribute-title mphb-facilities-title\">Ausstattungen:<\/span><span class=\"mphb-attribute-value\"> <span class=\"facility-1-cabin\"><a href=\"https:\/\/www.dayyachtchartermallorca.com\/de\/yacht-facility\/1-cabin\/\">1 Cabin<\/a><\/span>, <span class=\"facility-1-wc\"><a href=\"https:\/\/www.dayyachtchartermallorca.com\/de\/yacht-facility\/1-wc\/\">1 WC<\/a><\/span>, <span class=\"facility-air-conditioning\"><a href=\"https:\/\/www.dayyachtchartermallorca.com\/de\/yacht-facility\/air-conditioning\/\">Air-conditioned<\/a><\/span>, <span class=\"facility-courtesy-drinks\"><a href=\"https:\/\/www.dayyachtchartermallorca.com\/de\/yacht-facility\/courtesy-drinks\/\">Courtesy Drinks<\/a><\/span>, <span class=\"facility-paddle-sup\"><a href=\"https:\/\/www.dayyachtchartermallorca.com\/de\/yacht-facility\/paddle-sup\/\">Paddle Sup<\/a><\/span>, <span class=\"facility-professional-skipper\"><a href=\"https:\/\/www.dayyachtchartermallorca.com\/de\/yacht-facility\/professional-skipper\/\">Professional Skipper<\/a><\/span>, <span class=\"facility-snorkel\"><a href=\"https:\/\/www.dayyachtchartermallorca.com\/de\/yacht-facility\/snorkel\/\">Snorkel<\/a><\/span><\/span><\/li>\n\t\n\n\n\n\n\t<li class=\"mphb-room-type-size\"><span class=\"mphb-attribute-title mphb-size-title\">Gr\u00f6\u00dfe:<\/span><span class=\"mphb-attribute-value\">\n\t44ft\u00b2\n\t<\/span><\/li>\n\t\n\n\n\n\t<li class=\"mphb-room-type-categories\"><span class=\"mphb-attribute-title mphb-categories-title\">Kategorien:<\/span><span class=\"mphb-attribute-value\"> <span class=\"category-day-charter-yachts\"><a href=\"https:\/\/www.dayyachtchartermallorca.com\/de\/yacht-category\/day-charter-yachts\/\">Day Charter Yachts<\/a><\/span>, <span class=\"category-week-charter-yachts-mallorca\"><a href=\"https:\/\/www.dayyachtchartermallorca.com\/de\/yacht-category\/week-charter-yachts-mallorca\/\">Week Charter Yachts<\/a><\/span><\/span><\/li>\n\t\n<\/ul>\n\n<p class=\"mphb-view-details-button-wrapper\">\n<a class=\"button mphb-view-details-button\" href=\"https:\/\/www.dayyachtchartermallorca.com\/de\/yacht\/solaris-power-44\/\" >Details ansehen<\/a>\n<\/p>\n\t\n<\/div>\n<\/div>\t\t\t\t<\/div>\n\t\t\t\t\t\t\t\t<div class=\"knsl-masonry-grid-item knsl-masonry-grid-item-50  day-charter-yachts week-charter-yachts-mallorca\">\n\t\t\t\t\t<div class=\"mphb_sc_room-wrapper\"><div class=\"mphb-room-type post-9110 mphb_room_type type-mphb_room_type status-publish has-post-thumbnail mphb_room_type_category-day-charter-yachts mphb_room_type_category-week-charter-yachts-mallorca mphb_room_type_tag-day-yacht-charter-mallorca mphb_room_type_facility-3-cabins mphb_room_type_facility-3-wc mphb_room_type_facility-air-conditioning mphb_room_type_facility-crew-x-2 mphb_room_type_facility-paddle-sup mphb_room_type_facility-professional-skipper mphb_room_type_facility-snorkel mphb_room_type_facility-williams-tender mphb-room-type-adults-10 mphb-room-type-children-0\">\n\n\t\n\t\n\n\t<p class=\"post-thumbnail mphb-loop-room-thumbnail\">\n\t<a href=\"https:\/\/www.dayyachtchartermallorca.com\/de\/yacht\/mangusta-72\/\">\n\t<img decoding=\"async\" width=\"800\" height=\"533\" src=\"https:\/\/www.dayyachtchartermallorca.com\/wp-content\/uploads\/2024\/12\/yachtcharter-mallorca-mangusta-72.webp\" class=\"attachment-post-thumbnail size-post-thumbnail wp-post-image\" alt=\"\" srcset=\"https:\/\/www.dayyachtchartermallorca.com\/wp-content\/uploads\/2024\/12\/yachtcharter-mallorca-mangusta-72.webp 800w, https:\/\/www.dayyachtchartermallorca.com\/wp-content\/uploads\/2024\/12\/yachtcharter-mallorca-mangusta-72-300x200.webp 300w, https:\/\/www.dayyachtchartermallorca.com\/wp-content\/uploads\/2024\/12\/yachtcharter-mallorca-mangusta-72-768x512.webp 768w, https:\/\/www.dayyachtchartermallorca.com\/wp-content\/uploads\/2024\/12\/yachtcharter-mallorca-mangusta-72-18x12.webp 18w\" sizes=\"(max-width: 800px) 100vw, 800px\" \/>\t<\/a>\n\n\t<\/p>\n\n\n\n<h2 class=\"mphb-room-type-title entry-title\">\n\n\n\n<a class=\"mphb-room-type-title\" href=\"https:\/\/www.dayyachtchartermallorca.com\/de\/yacht\/mangusta-72\/\">Mangusta 72 &#8216;Thats Amore&#8217;<\/a>\n\n\n<\/h2>\n\n\n<h3 class=\"mphb-room-type-details-title\">Details<\/h3><ul class=\"mphb-loop-room-type-attributes\">\n\t<li class=\"mphb-room-type-total-capacity\"><span class=\"mphb-attribute-title mphb-total-capacity-title\">G\u00e4ste:<\/span><span class=\"mphb-attribute-value\">\n\t10\n\t<\/span><\/li>\t\n\n\n\t<li class=\"mphb-room-type-facilities\"><span class=\"mphb-attribute-title mphb-facilities-title\">Ausstattungen:<\/span><span class=\"mphb-attribute-value\"> <span class=\"facility-3-cabins\"><a href=\"https:\/\/www.dayyachtchartermallorca.com\/de\/yacht-facility\/3-cabins\/\">3 Cabins<\/a><\/span>, <span class=\"facility-3-wc\"><a href=\"https:\/\/www.dayyachtchartermallorca.com\/de\/yacht-facility\/3-wc\/\">3 WC<\/a><\/span>, <span class=\"facility-air-conditioning\"><a href=\"https:\/\/www.dayyachtchartermallorca.com\/de\/yacht-facility\/air-conditioning\/\">Air-conditioned<\/a><\/span>, <span class=\"facility-crew-x-2\"><a href=\"https:\/\/www.dayyachtchartermallorca.com\/de\/yacht-facility\/crew-x-2\/\">Crew x 2<\/a><\/span>, <span class=\"facility-paddle-sup\"><a href=\"https:\/\/www.dayyachtchartermallorca.com\/de\/yacht-facility\/paddle-sup\/\">Paddle Sup<\/a><\/span>, <span class=\"facility-professional-skipper\"><a href=\"https:\/\/www.dayyachtchartermallorca.com\/de\/yacht-facility\/professional-skipper\/\">Professional Skipper<\/a><\/span>, <span class=\"facility-snorkel\"><a href=\"https:\/\/www.dayyachtchartermallorca.com\/de\/yacht-facility\/snorkel\/\">Snorkel<\/a><\/span>, <span class=\"facility-williams-tender\"><a href=\"https:\/\/www.dayyachtchartermallorca.com\/de\/yacht-facility\/williams-tender\/\">Williams Tender<\/a><\/span><\/span><\/li>\n\t\n\n\n\n\n\t<li class=\"mphb-room-type-size\"><span class=\"mphb-attribute-title mphb-size-title\">Gr\u00f6\u00dfe:<\/span><span class=\"mphb-attribute-value\">\n\t72ft\u00b2\n\t<\/span><\/li>\n\t\n\n\n\n\t<li class=\"mphb-room-type-categories\"><span class=\"mphb-attribute-title mphb-categories-title\">Kategorien:<\/span><span class=\"mphb-attribute-value\"> <span class=\"category-day-charter-yachts\"><a href=\"https:\/\/www.dayyachtchartermallorca.com\/de\/yacht-category\/day-charter-yachts\/\">Day Charter Yachts<\/a><\/span>, <span class=\"category-week-charter-yachts-mallorca\"><a href=\"https:\/\/www.dayyachtchartermallorca.com\/de\/yacht-category\/week-charter-yachts-mallorca\/\">Week Charter Yachts<\/a><\/span><\/span><\/li>\n\t\n<\/ul>\n\n<p class=\"mphb-view-details-button-wrapper\">\n<a class=\"button mphb-view-details-button\" href=\"https:\/\/www.dayyachtchartermallorca.com\/de\/yacht\/mangusta-72\/\" >Details ansehen<\/a>\n<\/p>\n\t\n<\/div>\n<\/div>\t\t\t\t<\/div>\n\t\t\t\t\t\t\t\t<div class=\"knsl-masonry-grid-item knsl-masonry-grid-item-50  day-charter-yachts week-charter-yachts-mallorca\">\n\t\t\t\t\t<div class=\"mphb_sc_room-wrapper knsl-scroll-animation\"><div class=\"mphb-room-type post-1943 mphb_room_type type-mphb_room_type status-publish has-post-thumbnail mphb_room_type_category-day-charter-yachts mphb_room_type_category-week-charter-yachts-mallorca mphb_room_type_tag-day-yacht-charter-mallorca mphb_room_type_facility-2-x-1-150-hp-cat-motors mphb_room_type_facility-3-cabins mphb_room_type_facility-3-wc mphb_room_type_facility-air-conditioning mphb_room_type_facility-crew-x-2 mphb_room_type_facility-paddle-sup mphb_room_type_facility-snorkel mphb_room_type_facility-williams-tender mphb-room-type-adults-10 mphb-room-type-children-0\">\n\n\t\n\t\n\n\t<p class=\"post-thumbnail mphb-loop-room-thumbnail\">\n\t<a href=\"https:\/\/www.dayyachtchartermallorca.com\/de\/yacht\/azimut-64\/\">\n\t<img decoding=\"async\" width=\"800\" height=\"533\" src=\"https:\/\/www.dayyachtchartermallorca.com\/wp-content\/uploads\/2024\/12\/day-yacht-charter-mallorca-azimut-64.webp\" class=\"attachment-post-thumbnail size-post-thumbnail wp-post-image\" alt=\"\" srcset=\"https:\/\/www.dayyachtchartermallorca.com\/wp-content\/uploads\/2024\/12\/day-yacht-charter-mallorca-azimut-64.webp 800w, https:\/\/www.dayyachtchartermallorca.com\/wp-content\/uploads\/2024\/12\/day-yacht-charter-mallorca-azimut-64-300x200.webp 300w, https:\/\/www.dayyachtchartermallorca.com\/wp-content\/uploads\/2024\/12\/day-yacht-charter-mallorca-azimut-64-768x512.webp 768w, https:\/\/www.dayyachtchartermallorca.com\/wp-content\/uploads\/2024\/12\/day-yacht-charter-mallorca-azimut-64-18x12.webp 18w\" sizes=\"(max-width: 800px) 100vw, 800px\" \/>\t<\/a>\n\n\t<\/p>\n\n\n\n<h2 class=\"mphb-room-type-title entry-title\">\n\n\n\n<a class=\"mphb-room-type-title\" href=\"https:\/\/www.dayyachtchartermallorca.com\/de\/yacht\/azimut-64\/\">Azimut 64 &#8216;Not Dead Yet&#8217;<\/a>\n\n\n<\/h2>\n\n\n<h3 class=\"mphb-room-type-details-title\">Details<\/h3><ul class=\"mphb-loop-room-type-attributes\">\n\t<li class=\"mphb-room-type-total-capacity\"><span class=\"mphb-attribute-title mphb-total-capacity-title\">G\u00e4ste:<\/span><span class=\"mphb-attribute-value\">\n\t10\n\t<\/span><\/li>\t\n\n\n\t<li class=\"mphb-room-type-facilities\"><span class=\"mphb-attribute-title mphb-facilities-title\">Ausstattungen:<\/span><span class=\"mphb-attribute-value\"> <span class=\"facility-2-x-1-150-hp-cat-motors\"><a href=\"https:\/\/www.dayyachtchartermallorca.com\/de\/yacht-facility\/2-x-1-150-hp-cat-motors\/\">2 x 1.150 Hp CAT Motors<\/a><\/span>, <span class=\"facility-3-cabins\"><a href=\"https:\/\/www.dayyachtchartermallorca.com\/de\/yacht-facility\/3-cabins\/\">3 Cabins<\/a><\/span>, <span class=\"facility-3-wc\"><a href=\"https:\/\/www.dayyachtchartermallorca.com\/de\/yacht-facility\/3-wc\/\">3 WC<\/a><\/span>, <span class=\"facility-air-conditioning\"><a href=\"https:\/\/www.dayyachtchartermallorca.com\/de\/yacht-facility\/air-conditioning\/\">Air-conditioned<\/a><\/span>, <span class=\"facility-crew-x-2\"><a href=\"https:\/\/www.dayyachtchartermallorca.com\/de\/yacht-facility\/crew-x-2\/\">Crew x 2<\/a><\/span>, <span class=\"facility-paddle-sup\"><a href=\"https:\/\/www.dayyachtchartermallorca.com\/de\/yacht-facility\/paddle-sup\/\">Paddle Sup<\/a><\/span>, <span class=\"facility-snorkel\"><a href=\"https:\/\/www.dayyachtchartermallorca.com\/de\/yacht-facility\/snorkel\/\">Snorkel<\/a><\/span>, <span class=\"facility-williams-tender\"><a href=\"https:\/\/www.dayyachtchartermallorca.com\/de\/yacht-facility\/williams-tender\/\">Williams Tender<\/a><\/span><\/span><\/li>\n\t\n\n\n\n\n\t<li class=\"mphb-room-type-size\"><span class=\"mphb-attribute-title mphb-size-title\">Gr\u00f6\u00dfe:<\/span><span class=\"mphb-attribute-value\">\n\t64ft\u00b2\n\t<\/span><\/li>\n\t\n\n\n\n\t<li class=\"mphb-room-type-categories\"><span class=\"mphb-attribute-title mphb-categories-title\">Kategorien:<\/span><span class=\"mphb-attribute-value\"> <span class=\"category-day-charter-yachts\"><a href=\"https:\/\/www.dayyachtchartermallorca.com\/de\/yacht-category\/day-charter-yachts\/\">Day Charter Yachts<\/a><\/span>, <span class=\"category-week-charter-yachts-mallorca\"><a href=\"https:\/\/www.dayyachtchartermallorca.com\/de\/yacht-category\/week-charter-yachts-mallorca\/\">Week Charter Yachts<\/a><\/span><\/span><\/li>\n\t\n<\/ul>\n\n<p class=\"mphb-view-details-button-wrapper\">\n<a class=\"button mphb-view-details-button\" href=\"https:\/\/www.dayyachtchartermallorca.com\/de\/yacht\/azimut-64\/\" >Details ansehen<\/a>\n<\/p>\n\t\n<\/div>\n<\/div>\t\t\t\t<\/div>\n\t\t\t\t\t\t\t\t<div class=\"knsl-masonry-grid-item knsl-masonry-grid-item-50  day-charter-yachts week-charter-yachts-mallorca\">\n\t\t\t\t\t<div class=\"mphb_sc_room-wrapper knsl-scroll-animation\"><div class=\"mphb-room-type post-8209 mphb_room_type type-mphb_room_type status-publish has-post-thumbnail mphb_room_type_category-day-charter-yachts mphb_room_type_category-week-charter-yachts-mallorca mphb_room_type_tag-day-yacht-charter-mallorca mphb_room_type_facility-3-cabins mphb_room_type_facility-3-wc mphb_room_type_facility-air-conditioning mphb_room_type_facility-paddle-sup mphb_room_type_facility-professional-skipper mphb_room_type_facility-snorkel mphb_room_type_facility-williams-tender mphb-room-type-adults-10 mphb-room-type-children-0\">\n\n\t\n\t\n\n\t<p class=\"post-thumbnail mphb-loop-room-thumbnail\">\n\t<a href=\"https:\/\/www.dayyachtchartermallorca.com\/de\/yacht\/absolute-62\/\">\n\t<img loading=\"lazy\" decoding=\"async\" width=\"800\" height=\"533\" src=\"https:\/\/www.dayyachtchartermallorca.com\/wp-content\/uploads\/2024\/12\/yachtcharter-mallorca-absolute-62.webp\" class=\"attachment-post-thumbnail size-post-thumbnail wp-post-image\" alt=\"\" srcset=\"https:\/\/www.dayyachtchartermallorca.com\/wp-content\/uploads\/2024\/12\/yachtcharter-mallorca-absolute-62.webp 800w, https:\/\/www.dayyachtchartermallorca.com\/wp-content\/uploads\/2024\/12\/yachtcharter-mallorca-absolute-62-300x200.webp 300w, https:\/\/www.dayyachtchartermallorca.com\/wp-content\/uploads\/2024\/12\/yachtcharter-mallorca-absolute-62-768x512.webp 768w, https:\/\/www.dayyachtchartermallorca.com\/wp-content\/uploads\/2024\/12\/yachtcharter-mallorca-absolute-62-18x12.webp 18w\" sizes=\"(max-width: 800px) 100vw, 800px\" \/>\t<\/a>\n\n\t<\/p>\n\n\n\n<h2 class=\"mphb-room-type-title entry-title\">\n\n\n\n<a class=\"mphb-room-type-title\" href=\"https:\/\/www.dayyachtchartermallorca.com\/de\/yacht\/absolute-62\/\">Absolute 62 &#8216;Emilia II&#8217;<\/a>\n\n\n<\/h2>\n\n\n<h3 class=\"mphb-room-type-details-title\">Details<\/h3><ul class=\"mphb-loop-room-type-attributes\">\n\t<li class=\"mphb-room-type-total-capacity\"><span class=\"mphb-attribute-title mphb-total-capacity-title\">G\u00e4ste:<\/span><span class=\"mphb-attribute-value\">\n\t10\n\t<\/span><\/li>\t\n\n\n\t<li class=\"mphb-room-type-facilities\"><span class=\"mphb-attribute-title mphb-facilities-title\">Ausstattungen:<\/span><span class=\"mphb-attribute-value\"> <span class=\"facility-3-cabins\"><a href=\"https:\/\/www.dayyachtchartermallorca.com\/de\/yacht-facility\/3-cabins\/\">3 Cabins<\/a><\/span>, <span class=\"facility-3-wc\"><a href=\"https:\/\/www.dayyachtchartermallorca.com\/de\/yacht-facility\/3-wc\/\">3 WC<\/a><\/span>, <span class=\"facility-air-conditioning\"><a href=\"https:\/\/www.dayyachtchartermallorca.com\/de\/yacht-facility\/air-conditioning\/\">Air-conditioned<\/a><\/span>, <span class=\"facility-paddle-sup\"><a href=\"https:\/\/www.dayyachtchartermallorca.com\/de\/yacht-facility\/paddle-sup\/\">Paddle Sup<\/a><\/span>, <span class=\"facility-professional-skipper\"><a href=\"https:\/\/www.dayyachtchartermallorca.com\/de\/yacht-facility\/professional-skipper\/\">Professional Skipper<\/a><\/span>, <span class=\"facility-snorkel\"><a href=\"https:\/\/www.dayyachtchartermallorca.com\/de\/yacht-facility\/snorkel\/\">Snorkel<\/a><\/span>, <span class=\"facility-williams-tender\"><a href=\"https:\/\/www.dayyachtchartermallorca.com\/de\/yacht-facility\/williams-tender\/\">Williams Tender<\/a><\/span><\/span><\/li>\n\t\n\n\n\n\n\t<li class=\"mphb-room-type-size\"><span class=\"mphb-attribute-title mphb-size-title\">Gr\u00f6\u00dfe:<\/span><span class=\"mphb-attribute-value\">\n\t62ft\u00b2\n\t<\/span><\/li>\n\t\n\n\n\n\t<li class=\"mphb-room-type-categories\"><span class=\"mphb-attribute-title mphb-categories-title\">Kategorien:<\/span><span class=\"mphb-attribute-value\"> <span class=\"category-day-charter-yachts\"><a href=\"https:\/\/www.dayyachtchartermallorca.com\/de\/yacht-category\/day-charter-yachts\/\">Day Charter Yachts<\/a><\/span>, <span class=\"category-week-charter-yachts-mallorca\"><a href=\"https:\/\/www.dayyachtchartermallorca.com\/de\/yacht-category\/week-charter-yachts-mallorca\/\">Week Charter Yachts<\/a><\/span><\/span><\/li>\n\t\n<\/ul>\n\n<p class=\"mphb-view-details-button-wrapper\">\n<a class=\"button mphb-view-details-button\" href=\"https:\/\/www.dayyachtchartermallorca.com\/de\/yacht\/absolute-62\/\" >Details ansehen<\/a>\n<\/p>\n\t\n<\/div>\n<\/div>\t\t\t\t<\/div>\n\t\t\t\t\t\t\t\t<div class=\"knsl-masonry-grid-item knsl-masonry-grid-item-50  day-charter-yachts week-charter-yachts-mallorca\">\n\t\t\t\t\t<div class=\"mphb_sc_room-wrapper knsl-scroll-animation\"><div class=\"mphb-room-type post-8765 mphb_room_type type-mphb_room_type status-publish has-post-thumbnail mphb_room_type_category-day-charter-yachts mphb_room_type_category-week-charter-yachts-mallorca mphb_room_type_tag-day-yacht-charter-mallorca mphb_room_type_facility-3-cabins mphb_room_type_facility-3-wc mphb_room_type_facility-air-conditioning mphb_room_type_facility-paddle-sup mphb_room_type_facility-professional-skipper mphb_room_type_facility-snorkel mphb_room_type_facility-yacht-motor mphb_room_type_facility-williams-tender mphb-room-type-adults-10 mphb-room-type-children-0\">\n\n\t\n\t\n\n\t<p class=\"post-thumbnail mphb-loop-room-thumbnail\">\n\t<a href=\"https:\/\/www.dayyachtchartermallorca.com\/de\/yacht\/filippetti-s55\/\">\n\t<img loading=\"lazy\" decoding=\"async\" width=\"800\" height=\"533\" src=\"https:\/\/www.dayyachtchartermallorca.com\/wp-content\/uploads\/2024\/12\/filippetti-s55-yachtcharter-mallorca.webp\" class=\"attachment-post-thumbnail size-post-thumbnail wp-post-image\" alt=\"\" srcset=\"https:\/\/www.dayyachtchartermallorca.com\/wp-content\/uploads\/2024\/12\/filippetti-s55-yachtcharter-mallorca.webp 800w, https:\/\/www.dayyachtchartermallorca.com\/wp-content\/uploads\/2024\/12\/filippetti-s55-yachtcharter-mallorca-300x200.webp 300w, https:\/\/www.dayyachtchartermallorca.com\/wp-content\/uploads\/2024\/12\/filippetti-s55-yachtcharter-mallorca-768x512.webp 768w, https:\/\/www.dayyachtchartermallorca.com\/wp-content\/uploads\/2024\/12\/filippetti-s55-yachtcharter-mallorca-18x12.webp 18w\" sizes=\"(max-width: 800px) 100vw, 800px\" \/>\t<\/a>\n\n\t<\/p>\n\n\n\n<h2 class=\"mphb-room-type-title entry-title\">\n\n\n\n<a class=\"mphb-room-type-title\" href=\"https:\/\/www.dayyachtchartermallorca.com\/de\/yacht\/filippetti-s55\/\">Filippetti S55 &#8216;Smile&#8217;<\/a>\n\n\n<\/h2>\n\n\n<h3 class=\"mphb-room-type-details-title\">Details<\/h3><ul class=\"mphb-loop-room-type-attributes\">\n\t<li class=\"mphb-room-type-total-capacity\"><span class=\"mphb-attribute-title mphb-total-capacity-title\">G\u00e4ste:<\/span><span class=\"mphb-attribute-value\">\n\t10\n\t<\/span><\/li>\t\n\n\n\t<li class=\"mphb-room-type-facilities\"><span class=\"mphb-attribute-title mphb-facilities-title\">Ausstattungen:<\/span><span class=\"mphb-attribute-value\"> <span class=\"facility-3-cabins\"><a href=\"https:\/\/www.dayyachtchartermallorca.com\/de\/yacht-facility\/3-cabins\/\">3 Cabins<\/a><\/span>, <span class=\"facility-3-wc\"><a href=\"https:\/\/www.dayyachtchartermallorca.com\/de\/yacht-facility\/3-wc\/\">3 WC<\/a><\/span>, <span class=\"facility-air-conditioning\"><a href=\"https:\/\/www.dayyachtchartermallorca.com\/de\/yacht-facility\/air-conditioning\/\">Air-conditioned<\/a><\/span>, <span class=\"facility-paddle-sup\"><a href=\"https:\/\/www.dayyachtchartermallorca.com\/de\/yacht-facility\/paddle-sup\/\">Paddle Sup<\/a><\/span>, <span class=\"facility-professional-skipper\"><a href=\"https:\/\/www.dayyachtchartermallorca.com\/de\/yacht-facility\/professional-skipper\/\">Professional Skipper<\/a><\/span>, <span class=\"facility-snorkel\"><a href=\"https:\/\/www.dayyachtchartermallorca.com\/de\/yacht-facility\/snorkel\/\">Snorkel<\/a><\/span>, <span class=\"facility-yacht-motor\"><a href=\"https:\/\/www.dayyachtchartermallorca.com\/de\/yacht-facility\/yacht-motor\/\">Volvo Penta IPS 1200 2 x 1800HP<\/a><\/span>, <span class=\"facility-williams-tender\"><a href=\"https:\/\/www.dayyachtchartermallorca.com\/de\/yacht-facility\/williams-tender\/\">Williams Tender<\/a><\/span><\/span><\/li>\n\t\n\n\n\n\n\t<li class=\"mphb-room-type-size\"><span class=\"mphb-attribute-title mphb-size-title\">Gr\u00f6\u00dfe:<\/span><span class=\"mphb-attribute-value\">\n\t55ft\u00b2\n\t<\/span><\/li>\n\t\n\n\n\n\t<li class=\"mphb-room-type-categories\"><span class=\"mphb-attribute-title mphb-categories-title\">Kategorien:<\/span><span class=\"mphb-attribute-value\"> <span class=\"category-day-charter-yachts\"><a href=\"https:\/\/www.dayyachtchartermallorca.com\/de\/yacht-category\/day-charter-yachts\/\">Day Charter Yachts<\/a><\/span>, <span class=\"category-week-charter-yachts-mallorca\"><a href=\"https:\/\/www.dayyachtchartermallorca.com\/de\/yacht-category\/week-charter-yachts-mallorca\/\">Week Charter Yachts<\/a><\/span><\/span><\/li>\n\t\n<\/ul>\n\n<p class=\"mphb-view-details-button-wrapper\">\n<a class=\"button mphb-view-details-button\" href=\"https:\/\/www.dayyachtchartermallorca.com\/de\/yacht\/filippetti-s55\/\" >Details ansehen<\/a>\n<\/p>\n\t\n<\/div>\n<\/div>\t\t\t\t<\/div>\n\t\t\t\t\t\t\t\t<div class=\"knsl-masonry-grid-item knsl-masonry-grid-item-50  day-charter-yachts\">\n\t\t\t\t\t<div class=\"mphb_sc_room-wrapper knsl-scroll-animation\"><div class=\"mphb-room-type post-8345 mphb_room_type type-mphb_room_type status-publish has-post-thumbnail mphb_room_type_category-day-charter-yachts mphb_room_type_tag-day-yacht-charter-mallorca mphb_room_type_facility-1-wc mphb_room_type_facility-2-cabins mphb_room_type_facility-air-conditioning mphb_room_type_facility-courtesy-drinks mphb_room_type_facility-paddle-sup mphb_room_type_facility-professional-skipper mphb_room_type_facility-snorkel mphb_room_type_facility-yacht-motor-3 mphb-room-type-adults-10 mphb-room-type-children-0\">\n\n\t\n\t\n\n\t<p class=\"post-thumbnail mphb-loop-room-thumbnail\">\n\t<a href=\"https:\/\/www.dayyachtchartermallorca.com\/de\/yacht\/fjord-52\/\">\n\t<img loading=\"lazy\" decoding=\"async\" width=\"800\" height=\"534\" src=\"https:\/\/www.dayyachtchartermallorca.com\/wp-content\/uploads\/2024\/12\/fjord-52-yacht-charter-mallorca.webp\" class=\"attachment-post-thumbnail size-post-thumbnail wp-post-image\" alt=\"\" srcset=\"https:\/\/www.dayyachtchartermallorca.com\/wp-content\/uploads\/2024\/12\/fjord-52-yacht-charter-mallorca.webp 800w, https:\/\/www.dayyachtchartermallorca.com\/wp-content\/uploads\/2024\/12\/fjord-52-yacht-charter-mallorca-300x200.webp 300w, https:\/\/www.dayyachtchartermallorca.com\/wp-content\/uploads\/2024\/12\/fjord-52-yacht-charter-mallorca-768x513.webp 768w, https:\/\/www.dayyachtchartermallorca.com\/wp-content\/uploads\/2024\/12\/fjord-52-yacht-charter-mallorca-18x12.webp 18w\" sizes=\"(max-width: 800px) 100vw, 800px\" \/>\t<\/a>\n\n\t<\/p>\n\n\n\n<h2 class=\"mphb-room-type-title entry-title\">\n\n\n\n<a class=\"mphb-room-type-title\" href=\"https:\/\/www.dayyachtchartermallorca.com\/de\/yacht\/fjord-52\/\">Fjord 52 &#8216;Petichet&#8217;<\/a>\n\n\n<\/h2>\n\n\n<h3 class=\"mphb-room-type-details-title\">Details<\/h3><ul class=\"mphb-loop-room-type-attributes\">\n\t<li class=\"mphb-room-type-total-capacity\"><span class=\"mphb-attribute-title mphb-total-capacity-title\">G\u00e4ste:<\/span><span class=\"mphb-attribute-value\">\n\t10\n\t<\/span><\/li>\t\n\n\n\t<li class=\"mphb-room-type-facilities\"><span class=\"mphb-attribute-title mphb-facilities-title\">Ausstattungen:<\/span><span class=\"mphb-attribute-value\"> <span class=\"facility-1-wc\"><a href=\"https:\/\/www.dayyachtchartermallorca.com\/de\/yacht-facility\/1-wc\/\">1 WC<\/a><\/span>, <span class=\"facility-2-cabins\"><a href=\"https:\/\/www.dayyachtchartermallorca.com\/de\/yacht-facility\/2-cabins\/\">2 Cabins<\/a><\/span>, <span class=\"facility-air-conditioning\"><a href=\"https:\/\/www.dayyachtchartermallorca.com\/de\/yacht-facility\/air-conditioning\/\">Air-conditioned<\/a><\/span>, <span class=\"facility-courtesy-drinks\"><a href=\"https:\/\/www.dayyachtchartermallorca.com\/de\/yacht-facility\/courtesy-drinks\/\">Courtesy Drinks<\/a><\/span>, <span class=\"facility-paddle-sup\"><a href=\"https:\/\/www.dayyachtchartermallorca.com\/de\/yacht-facility\/paddle-sup\/\">Paddle Sup<\/a><\/span>, <span class=\"facility-professional-skipper\"><a href=\"https:\/\/www.dayyachtchartermallorca.com\/de\/yacht-facility\/professional-skipper\/\">Professional Skipper<\/a><\/span>, <span class=\"facility-snorkel\"><a href=\"https:\/\/www.dayyachtchartermallorca.com\/de\/yacht-facility\/snorkel\/\">Snorkel<\/a><\/span>, <span class=\"facility-yacht-motor-3\"><a href=\"https:\/\/www.dayyachtchartermallorca.com\/de\/yacht-facility\/yacht-motor-3\/\">Volvo Penta 2 x IPS700<\/a><\/span><\/span><\/li>\n\t\n\n\n\n\n\t<li class=\"mphb-room-type-size\"><span class=\"mphb-attribute-title mphb-size-title\">Gr\u00f6\u00dfe:<\/span><span class=\"mphb-attribute-value\">\n\t52ft\u00b2\n\t<\/span><\/li>\n\t\n\n\n\n\t<li class=\"mphb-room-type-categories\"><span class=\"mphb-attribute-title mphb-categories-title\">Kategorien:<\/span><span class=\"mphb-attribute-value\"> <span class=\"category-day-charter-yachts\"><a href=\"https:\/\/www.dayyachtchartermallorca.com\/de\/yacht-category\/day-charter-yachts\/\">Day Charter Yachts<\/a><\/span><\/span><\/li>\n\t\n<\/ul>\n\n<p class=\"mphb-view-details-button-wrapper\">\n<a class=\"button mphb-view-details-button\" href=\"https:\/\/www.dayyachtchartermallorca.com\/de\/yacht\/fjord-52\/\" >Details ansehen<\/a>\n<\/p>\n\t\n<\/div>\n<\/div>\t\t\t\t<\/div>\n\t\t\t\t\t\t\t\t<div class=\"knsl-masonry-grid-item knsl-masonry-grid-item-50  day-charter-yachts week-charter-yachts-mallorca\">\n\t\t\t\t\t<div class=\"mphb_sc_room-wrapper knsl-scroll-animation\"><div class=\"mphb-room-type post-9133 mphb_room_type type-mphb_room_type status-publish has-post-thumbnail mphb_room_type_category-day-charter-yachts mphb_room_type_category-week-charter-yachts-mallorca mphb_room_type_tag-day-yacht-charter-mallorca mphb_room_type_facility-1-wc mphb_room_type_facility-2-cabins mphb_room_type_facility-air-conditioning mphb_room_type_facility-courtesy-drinks mphb_room_type_facility-paddle-sup mphb_room_type_facility-professional-skipper mphb_room_type_facility-snorkel mphb-room-type-adults-10 mphb-room-type-children-0\">\n\n\t\n\t\n\n\t<p class=\"post-thumbnail mphb-loop-room-thumbnail\">\n\t<a href=\"https:\/\/www.dayyachtchartermallorca.com\/de\/yacht\/de-antonio-d50\/\">\n\t<img loading=\"lazy\" decoding=\"async\" width=\"800\" height=\"533\" src=\"https:\/\/www.dayyachtchartermallorca.com\/wp-content\/uploads\/2024\/12\/yachtcharter-mallorca-de-antonio-d50.webp\" class=\"attachment-post-thumbnail size-post-thumbnail wp-post-image\" alt=\"\" srcset=\"https:\/\/www.dayyachtchartermallorca.com\/wp-content\/uploads\/2024\/12\/yachtcharter-mallorca-de-antonio-d50.webp 800w, https:\/\/www.dayyachtchartermallorca.com\/wp-content\/uploads\/2024\/12\/yachtcharter-mallorca-de-antonio-d50-300x200.webp 300w, https:\/\/www.dayyachtchartermallorca.com\/wp-content\/uploads\/2024\/12\/yachtcharter-mallorca-de-antonio-d50-768x512.webp 768w, https:\/\/www.dayyachtchartermallorca.com\/wp-content\/uploads\/2024\/12\/yachtcharter-mallorca-de-antonio-d50-18x12.webp 18w\" sizes=\"(max-width: 800px) 100vw, 800px\" \/>\t<\/a>\n\n\t<\/p>\n\n\n\n<h2 class=\"mphb-room-type-title entry-title\">\n\n\n\n<a class=\"mphb-room-type-title\" href=\"https:\/\/www.dayyachtchartermallorca.com\/de\/yacht\/de-antonio-d50\/\">De Antonio D50 &#8216;El Bebe&#8217;<\/a>\n\n\n<\/h2>\n\n\n<h3 class=\"mphb-room-type-details-title\">Details<\/h3><ul class=\"mphb-loop-room-type-attributes\">\n\t<li class=\"mphb-room-type-total-capacity\"><span class=\"mphb-attribute-title mphb-total-capacity-title\">G\u00e4ste:<\/span><span class=\"mphb-attribute-value\">\n\t10\n\t<\/span><\/li>\t\n\n\n\t<li class=\"mphb-room-type-facilities\"><span class=\"mphb-attribute-title mphb-facilities-title\">Ausstattungen:<\/span><span class=\"mphb-attribute-value\"> <span class=\"facility-1-wc\"><a href=\"https:\/\/www.dayyachtchartermallorca.com\/de\/yacht-facility\/1-wc\/\">1 WC<\/a><\/span>, <span class=\"facility-2-cabins\"><a href=\"https:\/\/www.dayyachtchartermallorca.com\/de\/yacht-facility\/2-cabins\/\">2 Cabins<\/a><\/span>, <span class=\"facility-air-conditioning\"><a href=\"https:\/\/www.dayyachtchartermallorca.com\/de\/yacht-facility\/air-conditioning\/\">Air-conditioned<\/a><\/span>, <span class=\"facility-courtesy-drinks\"><a href=\"https:\/\/www.dayyachtchartermallorca.com\/de\/yacht-facility\/courtesy-drinks\/\">Courtesy Drinks<\/a><\/span>, <span class=\"facility-paddle-sup\"><a href=\"https:\/\/www.dayyachtchartermallorca.com\/de\/yacht-facility\/paddle-sup\/\">Paddle Sup<\/a><\/span>, <span class=\"facility-professional-skipper\"><a href=\"https:\/\/www.dayyachtchartermallorca.com\/de\/yacht-facility\/professional-skipper\/\">Professional Skipper<\/a><\/span>, <span class=\"facility-snorkel\"><a href=\"https:\/\/www.dayyachtchartermallorca.com\/de\/yacht-facility\/snorkel\/\">Snorkel<\/a><\/span><\/span><\/li>\n\t\n\n\n\n\n\t<li class=\"mphb-room-type-size\"><span class=\"mphb-attribute-title mphb-size-title\">Gr\u00f6\u00dfe:<\/span><span class=\"mphb-attribute-value\">\n\t50ft\u00b2\n\t<\/span><\/li>\n\t\n\n\n\n\t<li class=\"mphb-room-type-categories\"><span class=\"mphb-attribute-title mphb-categories-title\">Kategorien:<\/span><span class=\"mphb-attribute-value\"> <span class=\"category-day-charter-yachts\"><a href=\"https:\/\/www.dayyachtchartermallorca.com\/de\/yacht-category\/day-charter-yachts\/\">Day Charter Yachts<\/a><\/span>, <span class=\"category-week-charter-yachts-mallorca\"><a href=\"https:\/\/www.dayyachtchartermallorca.com\/de\/yacht-category\/week-charter-yachts-mallorca\/\">Week Charter Yachts<\/a><\/span><\/span><\/li>\n\t\n<\/ul>\n\n<p class=\"mphb-view-details-button-wrapper\">\n<a class=\"button mphb-view-details-button\" href=\"https:\/\/www.dayyachtchartermallorca.com\/de\/yacht\/de-antonio-d50\/\" >Details ansehen<\/a>\n<\/p>\n\t\n<\/div>\n<\/div>\t\t\t\t<\/div>\n\t\t\t\t\t\t\t\t<div class=\"knsl-masonry-grid-item knsl-masonry-grid-item-50  day-charter-yachts\">\n\t\t\t\t\t<div class=\"mphb_sc_room-wrapper knsl-scroll-animation\"><div class=\"mphb-room-type post-8244 mphb_room_type type-mphb_room_type status-publish has-post-thumbnail mphb_room_type_category-day-charter-yachts mphb_room_type_tag-day-yacht-charter-mallorca mphb_room_type_facility-1-wc mphb_room_type_facility-2-cabins mphb_room_type_facility-yacht-motor-2 mphb_room_type_facility-air-conditioning mphb_room_type_facility-courtesy-drinks mphb_room_type_facility-paddle-sup mphb_room_type_facility-professional-skipper mphb_room_type_facility-snorkel mphb-room-type-adults-11 mphb-room-type-children-0\">\n\n\t\n\t\n\n\t<p class=\"post-thumbnail mphb-loop-room-thumbnail\">\n\t<a href=\"https:\/\/www.dayyachtchartermallorca.com\/de\/yacht\/fjord-48\/\">\n\t<img loading=\"lazy\" decoding=\"async\" width=\"800\" height=\"533\" src=\"https:\/\/www.dayyachtchartermallorca.com\/wp-content\/uploads\/2024\/12\/day-yacht-charter-mallorca-fjord-48.webp\" class=\"attachment-post-thumbnail size-post-thumbnail wp-post-image\" alt=\"\" srcset=\"https:\/\/www.dayyachtchartermallorca.com\/wp-content\/uploads\/2024\/12\/day-yacht-charter-mallorca-fjord-48.webp 800w, https:\/\/www.dayyachtchartermallorca.com\/wp-content\/uploads\/2024\/12\/day-yacht-charter-mallorca-fjord-48-300x200.webp 300w, https:\/\/www.dayyachtchartermallorca.com\/wp-content\/uploads\/2024\/12\/day-yacht-charter-mallorca-fjord-48-768x512.webp 768w, https:\/\/www.dayyachtchartermallorca.com\/wp-content\/uploads\/2024\/12\/day-yacht-charter-mallorca-fjord-48-18x12.webp 18w\" sizes=\"(max-width: 800px) 100vw, 800px\" \/>\t<\/a>\n\n\t<\/p>\n\n\n\n<h2 class=\"mphb-room-type-title entry-title\">\n\n\n\n<a class=\"mphb-room-type-title\" href=\"https:\/\/www.dayyachtchartermallorca.com\/de\/yacht\/fjord-48\/\">Fjord 48 &#8216;Hells Bells&#8217;<\/a>\n\n\n<\/h2>\n\n\n<h3 class=\"mphb-room-type-details-title\">Details<\/h3><ul class=\"mphb-loop-room-type-attributes\">\n\t<li class=\"mphb-room-type-total-capacity\"><span class=\"mphb-attribute-title mphb-total-capacity-title\">G\u00e4ste:<\/span><span class=\"mphb-attribute-value\">\n\t11\n\t<\/span><\/li>\t\n\n\n\t<li class=\"mphb-room-type-facilities\"><span class=\"mphb-attribute-title mphb-facilities-title\">Ausstattungen:<\/span><span class=\"mphb-attribute-value\"> <span class=\"facility-1-wc\"><a href=\"https:\/\/www.dayyachtchartermallorca.com\/de\/yacht-facility\/1-wc\/\">1 WC<\/a><\/span>, <span class=\"facility-2-cabins\"><a href=\"https:\/\/www.dayyachtchartermallorca.com\/de\/yacht-facility\/2-cabins\/\">2 Cabins<\/a><\/span>, <span class=\"facility-yacht-motor-2\"><a href=\"https:\/\/www.dayyachtchartermallorca.com\/de\/yacht-facility\/yacht-motor-2\/\">2 x 435 IPS Interceptor<\/a><\/span>, <span class=\"facility-air-conditioning\"><a href=\"https:\/\/www.dayyachtchartermallorca.com\/de\/yacht-facility\/air-conditioning\/\">Air-conditioned<\/a><\/span>, <span class=\"facility-courtesy-drinks\"><a href=\"https:\/\/www.dayyachtchartermallorca.com\/de\/yacht-facility\/courtesy-drinks\/\">Courtesy Drinks<\/a><\/span>, <span class=\"facility-paddle-sup\"><a href=\"https:\/\/www.dayyachtchartermallorca.com\/de\/yacht-facility\/paddle-sup\/\">Paddle Sup<\/a><\/span>, <span class=\"facility-professional-skipper\"><a href=\"https:\/\/www.dayyachtchartermallorca.com\/de\/yacht-facility\/professional-skipper\/\">Professional Skipper<\/a><\/span>, <span class=\"facility-snorkel\"><a href=\"https:\/\/www.dayyachtchartermallorca.com\/de\/yacht-facility\/snorkel\/\">Snorkel<\/a><\/span><\/span><\/li>\n\t\n\n\n\n\n\t<li class=\"mphb-room-type-size\"><span class=\"mphb-attribute-title mphb-size-title\">Gr\u00f6\u00dfe:<\/span><span class=\"mphb-attribute-value\">\n\t48ft\u00b2\n\t<\/span><\/li>\n\t\n\n\n\n\t<li class=\"mphb-room-type-categories\"><span class=\"mphb-attribute-title mphb-categories-title\">Kategorien:<\/span><span class=\"mphb-attribute-value\"> <span class=\"category-day-charter-yachts\"><a href=\"https:\/\/www.dayyachtchartermallorca.com\/de\/yacht-category\/day-charter-yachts\/\">Day Charter Yachts<\/a><\/span><\/span><\/li>\n\t\n<\/ul>\n\n<p class=\"mphb-view-details-button-wrapper\">\n<a class=\"button mphb-view-details-button\" href=\"https:\/\/www.dayyachtchartermallorca.com\/de\/yacht\/fjord-48\/\" >Details ansehen<\/a>\n<\/p>\n\t\n<\/div>\n<\/div>\t\t\t\t<\/div>\n\t\t\t\t\t\t\t\t<div class=\"knsl-masonry-grid-item knsl-masonry-grid-item-50  day-charter-yachts\">\n\t\t\t\t\t<div class=\"mphb_sc_room-wrapper knsl-scroll-animation\"><div class=\"mphb-room-type post-8409 mphb_room_type type-mphb_room_type status-publish has-post-thumbnail mphb_room_type_category-day-charter-yachts mphb_room_type_tag-day-yacht-charter-mallorca mphb_room_type_facility-1-wc mphb_room_type_facility-2-cabins mphb_room_type_facility-yacht-motor-5 mphb_room_type_facility-air-conditioning mphb_room_type_facility-professional-skipper mphb_room_type_facility-snorkel mphb-room-type-adults-11 mphb-room-type-children-0\">\n\n\t\n\t\n\n\t<p class=\"post-thumbnail mphb-loop-room-thumbnail\">\n\t<a href=\"https:\/\/www.dayyachtchartermallorca.com\/de\/yacht\/fjord-44\/\">\n\t<img loading=\"lazy\" decoding=\"async\" width=\"800\" height=\"533\" src=\"https:\/\/www.dayyachtchartermallorca.com\/wp-content\/uploads\/2024\/12\/fjord-44-day-yacht-charter-mallorca.webp\" class=\"attachment-post-thumbnail size-post-thumbnail wp-post-image\" alt=\"\" srcset=\"https:\/\/www.dayyachtchartermallorca.com\/wp-content\/uploads\/2024\/12\/fjord-44-day-yacht-charter-mallorca.webp 800w, https:\/\/www.dayyachtchartermallorca.com\/wp-content\/uploads\/2024\/12\/fjord-44-day-yacht-charter-mallorca-300x200.webp 300w, https:\/\/www.dayyachtchartermallorca.com\/wp-content\/uploads\/2024\/12\/fjord-44-day-yacht-charter-mallorca-768x512.webp 768w, https:\/\/www.dayyachtchartermallorca.com\/wp-content\/uploads\/2024\/12\/fjord-44-day-yacht-charter-mallorca-18x12.webp 18w\" sizes=\"(max-width: 800px) 100vw, 800px\" \/>\t<\/a>\n\n\t<\/p>\n\n\n\n<h2 class=\"mphb-room-type-title entry-title\">\n\n\n\n<a class=\"mphb-room-type-title\" href=\"https:\/\/www.dayyachtchartermallorca.com\/de\/yacht\/fjord-44\/\">Fjord 44 Open &#8216;Cloudy Bay&#8217;<\/a>\n\n\n<\/h2>\n\n\n<h3 class=\"mphb-room-type-details-title\">Details<\/h3><ul class=\"mphb-loop-room-type-attributes\">\n\t<li class=\"mphb-room-type-total-capacity\"><span class=\"mphb-attribute-title mphb-total-capacity-title\">G\u00e4ste:<\/span><span class=\"mphb-attribute-value\">\n\t11\n\t<\/span><\/li>\t\n\n\n\t<li class=\"mphb-room-type-facilities\"><span class=\"mphb-attribute-title mphb-facilities-title\">Ausstattungen:<\/span><span class=\"mphb-attribute-value\"> <span class=\"facility-1-wc\"><a href=\"https:\/\/www.dayyachtchartermallorca.com\/de\/yacht-facility\/1-wc\/\">1 WC<\/a><\/span>, <span class=\"facility-2-cabins\"><a href=\"https:\/\/www.dayyachtchartermallorca.com\/de\/yacht-facility\/2-cabins\/\">2 Cabins<\/a><\/span>, <span class=\"facility-yacht-motor-5\"><a href=\"https:\/\/www.dayyachtchartermallorca.com\/de\/yacht-facility\/yacht-motor-5\/\">2 x Volvo Penta D6 IPS 650<\/a><\/span>, <span class=\"facility-air-conditioning\"><a href=\"https:\/\/www.dayyachtchartermallorca.com\/de\/yacht-facility\/air-conditioning\/\">Air-conditioned<\/a><\/span>, <span class=\"facility-professional-skipper\"><a href=\"https:\/\/www.dayyachtchartermallorca.com\/de\/yacht-facility\/professional-skipper\/\">Professional Skipper<\/a><\/span>, <span class=\"facility-snorkel\"><a href=\"https:\/\/www.dayyachtchartermallorca.com\/de\/yacht-facility\/snorkel\/\">Snorkel<\/a><\/span><\/span><\/li>\n\t\n\n\n\n\n\t<li class=\"mphb-room-type-size\"><span class=\"mphb-attribute-title mphb-size-title\">Gr\u00f6\u00dfe:<\/span><span class=\"mphb-attribute-value\">\n\t44ft\u00b2\n\t<\/span><\/li>\n\t\n\n\n\n\t<li class=\"mphb-room-type-categories\"><span class=\"mphb-attribute-title mphb-categories-title\">Kategorien:<\/span><span class=\"mphb-attribute-value\"> <span class=\"category-day-charter-yachts\"><a href=\"https:\/\/www.dayyachtchartermallorca.com\/de\/yacht-category\/day-charter-yachts\/\">Day Charter Yachts<\/a><\/span><\/span><\/li>\n\t\n<\/ul>\n\n<p class=\"mphb-view-details-button-wrapper\">\n<a class=\"button mphb-view-details-button\" href=\"https:\/\/www.dayyachtchartermallorca.com\/de\/yacht\/fjord-44\/\" >Details ansehen<\/a>\n<\/p>\n\t\n<\/div>\n<\/div>\t\t\t\t<\/div>\n\t\t\t\t\t\t\t\t<div class=\"knsl-masonry-grid-item knsl-masonry-grid-item-50  day-charter-yachts\">\n\t\t\t\t\t<div class=\"mphb_sc_room-wrapper knsl-scroll-animation\"><div class=\"mphb-room-type post-8426 mphb_room_type type-mphb_room_type status-publish has-post-thumbnail mphb_room_type_category-day-charter-yachts mphb_room_type_tag-day-yacht-charter-mallorca mphb_room_type_facility-1-cabin mphb_room_type_facility-1-wc mphb_room_type_facility-yacht-motor-6 mphb_room_type_facility-air-conditioning mphb_room_type_facility-professional-skipper mphb-room-type-adults-9 mphb-room-type-children-0\">\n\n\t\n\t\n\n\t<p class=\"post-thumbnail mphb-loop-room-thumbnail\">\n\t<a href=\"https:\/\/www.dayyachtchartermallorca.com\/de\/yacht\/pardo-43\/\">\n\t<img loading=\"lazy\" decoding=\"async\" width=\"800\" height=\"533\" src=\"https:\/\/www.dayyachtchartermallorca.com\/wp-content\/uploads\/2024\/12\/pardo-43-yachtcharter-mallorca.webp\" class=\"attachment-post-thumbnail size-post-thumbnail wp-post-image\" alt=\"\" srcset=\"https:\/\/www.dayyachtchartermallorca.com\/wp-content\/uploads\/2024\/12\/pardo-43-yachtcharter-mallorca.webp 800w, https:\/\/www.dayyachtchartermallorca.com\/wp-content\/uploads\/2024\/12\/pardo-43-yachtcharter-mallorca-300x200.webp 300w, https:\/\/www.dayyachtchartermallorca.com\/wp-content\/uploads\/2024\/12\/pardo-43-yachtcharter-mallorca-768x512.webp 768w, https:\/\/www.dayyachtchartermallorca.com\/wp-content\/uploads\/2024\/12\/pardo-43-yachtcharter-mallorca-18x12.webp 18w\" sizes=\"(max-width: 800px) 100vw, 800px\" \/>\t<\/a>\n\n\t<\/p>\n\n\n\n<h2 class=\"mphb-room-type-title entry-title\">\n\n\n\n<a class=\"mphb-room-type-title\" href=\"https:\/\/www.dayyachtchartermallorca.com\/de\/yacht\/pardo-43\/\">Pardo 43 &#8216;Filou&#8217;<\/a>\n\n\n<\/h2>\n\n\n<h3 class=\"mphb-room-type-details-title\">Details<\/h3><ul class=\"mphb-loop-room-type-attributes\">\n\t<li class=\"mphb-room-type-total-capacity\"><span class=\"mphb-attribute-title mphb-total-capacity-title\">G\u00e4ste:<\/span><span class=\"mphb-attribute-value\">\n\t9\n\t<\/span><\/li>\t\n\n\n\t<li class=\"mphb-room-type-facilities\"><span class=\"mphb-attribute-title mphb-facilities-title\">Ausstattungen:<\/span><span class=\"mphb-attribute-value\"> <span class=\"facility-1-cabin\"><a href=\"https:\/\/www.dayyachtchartermallorca.com\/de\/yacht-facility\/1-cabin\/\">1 Cabin<\/a><\/span>, <span class=\"facility-1-wc\"><a href=\"https:\/\/www.dayyachtchartermallorca.com\/de\/yacht-facility\/1-wc\/\">1 WC<\/a><\/span>, <span class=\"facility-yacht-motor-6\"><a href=\"https:\/\/www.dayyachtchartermallorca.com\/de\/yacht-facility\/yacht-motor-6\/\">2 x Volvo IPS 500<\/a><\/span>, <span class=\"facility-air-conditioning\"><a href=\"https:\/\/www.dayyachtchartermallorca.com\/de\/yacht-facility\/air-conditioning\/\">Air-conditioned<\/a><\/span>, <span class=\"facility-professional-skipper\"><a href=\"https:\/\/www.dayyachtchartermallorca.com\/de\/yacht-facility\/professional-skipper\/\">Professional Skipper<\/a><\/span><\/span><\/li>\n\t\n\n\n\n\n\t<li class=\"mphb-room-type-size\"><span class=\"mphb-attribute-title mphb-size-title\">Gr\u00f6\u00dfe:<\/span><span class=\"mphb-attribute-value\">\n\t43ft\u00b2\n\t<\/span><\/li>\n\t\n\n\n\n\t<li class=\"mphb-room-type-categories\"><span class=\"mphb-attribute-title mphb-categories-title\">Kategorien:<\/span><span class=\"mphb-attribute-value\"> <span class=\"category-day-charter-yachts\"><a href=\"https:\/\/www.dayyachtchartermallorca.com\/de\/yacht-category\/day-charter-yachts\/\">Day Charter Yachts<\/a><\/span><\/span><\/li>\n\t\n<\/ul>\n\n<p class=\"mphb-view-details-button-wrapper\">\n<a class=\"button mphb-view-details-button\" href=\"https:\/\/www.dayyachtchartermallorca.com\/de\/yacht\/pardo-43\/\" >Details ansehen<\/a>\n<\/p>\n\t\n<\/div>\n<\/div>\t\t\t\t<\/div>\n\t\t\t\t\t\t\t\t<div class=\"knsl-masonry-grid-item knsl-masonry-grid-item-50  day-charter-yachts week-charter-yachts-mallorca\">\n\t\t\t\t\t<div class=\"mphb_sc_room-wrapper knsl-scroll-animation\"><div class=\"mphb-room-type post-8358 mphb_room_type type-mphb_room_type status-publish has-post-thumbnail mphb_room_type_category-day-charter-yachts mphb_room_type_category-week-charter-yachts-mallorca mphb_room_type_tag-day-yacht-charter-mallorca mphb_room_type_facility-1-wc mphb_room_type_facility-2-cabins mphb_room_type_facility-air-conditioning mphb_room_type_facility-yacht-motor-4 mphb_room_type_facility-professional-skipper mphb_room_type_facility-snorkel mphb-room-type-adults-10 mphb-room-type-children-0\">\n\n\t\n\t\n\n\t<p class=\"post-thumbnail mphb-loop-room-thumbnail\">\n\t<a href=\"https:\/\/www.dayyachtchartermallorca.com\/de\/yacht\/jeanneau-db-43\/\">\n\t<img loading=\"lazy\" decoding=\"async\" width=\"800\" height=\"533\" src=\"https:\/\/www.dayyachtchartermallorca.com\/wp-content\/uploads\/2024\/12\/jeanneau-db43-yachtcharter-mallorca.webp\" class=\"attachment-post-thumbnail size-post-thumbnail wp-post-image\" alt=\"\" srcset=\"https:\/\/www.dayyachtchartermallorca.com\/wp-content\/uploads\/2024\/12\/jeanneau-db43-yachtcharter-mallorca.webp 800w, https:\/\/www.dayyachtchartermallorca.com\/wp-content\/uploads\/2024\/12\/jeanneau-db43-yachtcharter-mallorca-300x200.webp 300w, https:\/\/www.dayyachtchartermallorca.com\/wp-content\/uploads\/2024\/12\/jeanneau-db43-yachtcharter-mallorca-768x512.webp 768w, https:\/\/www.dayyachtchartermallorca.com\/wp-content\/uploads\/2024\/12\/jeanneau-db43-yachtcharter-mallorca-18x12.webp 18w\" sizes=\"(max-width: 800px) 100vw, 800px\" \/>\t<\/a>\n\n\t<\/p>\n\n\n\n<h2 class=\"mphb-room-type-title entry-title\">\n\n\n\n<a class=\"mphb-room-type-title\" href=\"https:\/\/www.dayyachtchartermallorca.com\/de\/yacht\/jeanneau-db-43\/\">Jeanneau DB 43 &#8216;Bon Voyage&#8217;<\/a>\n\n\n<\/h2>\n\n\n<h3 class=\"mphb-room-type-details-title\">Details<\/h3><ul class=\"mphb-loop-room-type-attributes\">\n\t<li class=\"mphb-room-type-total-capacity\"><span class=\"mphb-attribute-title mphb-total-capacity-title\">G\u00e4ste:<\/span><span class=\"mphb-attribute-value\">\n\t10\n\t<\/span><\/li>\t\n\n\n\t<li class=\"mphb-room-type-facilities\"><span class=\"mphb-attribute-title mphb-facilities-title\">Ausstattungen:<\/span><span class=\"mphb-attribute-value\"> <span class=\"facility-1-wc\"><a href=\"https:\/\/www.dayyachtchartermallorca.com\/de\/yacht-facility\/1-wc\/\">1 WC<\/a><\/span>, <span class=\"facility-2-cabins\"><a href=\"https:\/\/www.dayyachtchartermallorca.com\/de\/yacht-facility\/2-cabins\/\">2 Cabins<\/a><\/span>, <span class=\"facility-air-conditioning\"><a href=\"https:\/\/www.dayyachtchartermallorca.com\/de\/yacht-facility\/air-conditioning\/\">Air-conditioned<\/a><\/span>, <span class=\"facility-yacht-motor-4\"><a href=\"https:\/\/www.dayyachtchartermallorca.com\/de\/yacht-facility\/yacht-motor-4\/\">Motor 2 x 380HP<\/a><\/span>, <span class=\"facility-professional-skipper\"><a href=\"https:\/\/www.dayyachtchartermallorca.com\/de\/yacht-facility\/professional-skipper\/\">Professional Skipper<\/a><\/span>, <span class=\"facility-snorkel\"><a href=\"https:\/\/www.dayyachtchartermallorca.com\/de\/yacht-facility\/snorkel\/\">Snorkel<\/a><\/span><\/span><\/li>\n\t\n\n\n\n\n\t<li class=\"mphb-room-type-size\"><span class=\"mphb-attribute-title mphb-size-title\">Gr\u00f6\u00dfe:<\/span><span class=\"mphb-attribute-value\">\n\t43ft\u00b2\n\t<\/span><\/li>\n\t\n\n\n\n\t<li class=\"mphb-room-type-categories\"><span class=\"mphb-attribute-title mphb-categories-title\">Kategorien:<\/span><span class=\"mphb-attribute-value\"> <span class=\"category-day-charter-yachts\"><a href=\"https:\/\/www.dayyachtchartermallorca.com\/de\/yacht-category\/day-charter-yachts\/\">Day Charter Yachts<\/a><\/span>, <span class=\"category-week-charter-yachts-mallorca\"><a href=\"https:\/\/www.dayyachtchartermallorca.com\/de\/yacht-category\/week-charter-yachts-mallorca\/\">Week Charter Yachts<\/a><\/span><\/span><\/li>\n\t\n<\/ul>\n\n<p class=\"mphb-view-details-button-wrapper\">\n<a class=\"button mphb-view-details-button\" href=\"https:\/\/www.dayyachtchartermallorca.com\/de\/yacht\/jeanneau-db-43\/\" >Details ansehen<\/a>\n<\/p>\n\t\n<\/div>\n<\/div>\t\t\t\t<\/div>\n\t\t\t\t\t\t\t\t<div class=\"knsl-masonry-grid-item knsl-masonry-grid-item-50  day-charter-yachts\">\n\t\t\t\t\t<div class=\"mphb_sc_room-wrapper knsl-scroll-animation\"><div class=\"mphb-room-type post-8293 mphb_room_type type-mphb_room_type status-publish has-post-thumbnail mphb_room_type_category-day-charter-yachts mphb_room_type_tag-day-yacht-charter-mallorca mphb_room_type_facility-1-wc mphb_room_type_facility-2-cabins mphb_room_type_facility-air-conditioning mphb_room_type_facility-courtesy-drinks mphb_room_type_facility-jet-ski mphb_room_type_facility-paddle-sup mphb_room_type_facility-professional-skipper mphb_room_type_facility-snorkel mphb-room-type-adults-10 mphb-room-type-children-0\">\n\n\t\n\t\n\n\t<p class=\"post-thumbnail mphb-loop-room-thumbnail\">\n\t<a href=\"https:\/\/www.dayyachtchartermallorca.com\/de\/yacht\/fjord-41-xl\/\">\n\t<img loading=\"lazy\" decoding=\"async\" width=\"800\" height=\"533\" src=\"https:\/\/www.dayyachtchartermallorca.com\/wp-content\/uploads\/2024\/12\/day-yacht-charter-mallorca-fjord-41-xl.webp\" class=\"attachment-post-thumbnail size-post-thumbnail wp-post-image\" alt=\"\" srcset=\"https:\/\/www.dayyachtchartermallorca.com\/wp-content\/uploads\/2024\/12\/day-yacht-charter-mallorca-fjord-41-xl.webp 800w, https:\/\/www.dayyachtchartermallorca.com\/wp-content\/uploads\/2024\/12\/day-yacht-charter-mallorca-fjord-41-xl-300x200.webp 300w, https:\/\/www.dayyachtchartermallorca.com\/wp-content\/uploads\/2024\/12\/day-yacht-charter-mallorca-fjord-41-xl-768x512.webp 768w, https:\/\/www.dayyachtchartermallorca.com\/wp-content\/uploads\/2024\/12\/day-yacht-charter-mallorca-fjord-41-xl-18x12.webp 18w\" sizes=\"(max-width: 800px) 100vw, 800px\" \/>\t<\/a>\n\n\t<\/p>\n\n\n\n<h2 class=\"mphb-room-type-title entry-title\">\n\n\n\n<a class=\"mphb-room-type-title\" href=\"https:\/\/www.dayyachtchartermallorca.com\/de\/yacht\/fjord-41-xl\/\">Fjord 41 XL &#8216;Pool One&#8217;<\/a>\n\n\n<\/h2>\n\n\n<h3 class=\"mphb-room-type-details-title\">Details<\/h3><ul class=\"mphb-loop-room-type-attributes\">\n\t<li class=\"mphb-room-type-total-capacity\"><span class=\"mphb-attribute-title mphb-total-capacity-title\">G\u00e4ste:<\/span><span class=\"mphb-attribute-value\">\n\t10\n\t<\/span><\/li>\t\n\n\n\t<li class=\"mphb-room-type-facilities\"><span class=\"mphb-attribute-title mphb-facilities-title\">Ausstattungen:<\/span><span class=\"mphb-attribute-value\"> <span class=\"facility-1-wc\"><a href=\"https:\/\/www.dayyachtchartermallorca.com\/de\/yacht-facility\/1-wc\/\">1 WC<\/a><\/span>, <span class=\"facility-2-cabins\"><a href=\"https:\/\/www.dayyachtchartermallorca.com\/de\/yacht-facility\/2-cabins\/\">2 Cabins<\/a><\/span>, <span class=\"facility-air-conditioning\"><a href=\"https:\/\/www.dayyachtchartermallorca.com\/de\/yacht-facility\/air-conditioning\/\">Air-conditioned<\/a><\/span>, <span class=\"facility-courtesy-drinks\"><a href=\"https:\/\/www.dayyachtchartermallorca.com\/de\/yacht-facility\/courtesy-drinks\/\">Courtesy Drinks<\/a><\/span>, <span class=\"facility-jet-ski\"><a href=\"https:\/\/www.dayyachtchartermallorca.com\/de\/yacht-facility\/jet-ski\/\">Jetski<\/a><\/span>, <span class=\"facility-paddle-sup\"><a href=\"https:\/\/www.dayyachtchartermallorca.com\/de\/yacht-facility\/paddle-sup\/\">Paddle Sup<\/a><\/span>, <span class=\"facility-professional-skipper\"><a href=\"https:\/\/www.dayyachtchartermallorca.com\/de\/yacht-facility\/professional-skipper\/\">Professional Skipper<\/a><\/span>, <span class=\"facility-snorkel\"><a href=\"https:\/\/www.dayyachtchartermallorca.com\/de\/yacht-facility\/snorkel\/\">Snorkel<\/a><\/span><\/span><\/li>\n\t\n\n\n\n\n\t<li class=\"mphb-room-type-size\"><span class=\"mphb-attribute-title mphb-size-title\">Gr\u00f6\u00dfe:<\/span><span class=\"mphb-attribute-value\">\n\t41ft\u00b2\n\t<\/span><\/li>\n\t\n\n\n\n\t<li class=\"mphb-room-type-categories\"><span class=\"mphb-attribute-title mphb-categories-title\">Kategorien:<\/span><span class=\"mphb-attribute-value\"> <span class=\"category-day-charter-yachts\"><a href=\"https:\/\/www.dayyachtchartermallorca.com\/de\/yacht-category\/day-charter-yachts\/\">Day Charter Yachts<\/a><\/span><\/span><\/li>\n\t\n<\/ul>\n\n<p class=\"mphb-view-details-button-wrapper\">\n<a class=\"button mphb-view-details-button\" href=\"https:\/\/www.dayyachtchartermallorca.com\/de\/yacht\/fjord-41-xl\/\" >Details ansehen<\/a>\n<\/p>\n\t\n<\/div>\n<\/div>\t\t\t\t<\/div>\n\t\t\t\t\t\t\t\t<div class=\"knsl-masonry-grid-item knsl-masonry-grid-item-50  day-charter-yachts week-charter-yachts-mallorca\">\n\t\t\t\t\t<div class=\"mphb_sc_room-wrapper knsl-scroll-animation\"><div class=\"mphb-room-type post-8465 mphb_room_type type-mphb_room_type status-publish has-post-thumbnail mphb_room_type_category-day-charter-yachts mphb_room_type_category-week-charter-yachts-mallorca mphb_room_type_tag-day-yacht-charter-mallorca mphb_room_type_facility-1-cabin mphb_room_type_facility-1-wc mphb_room_type_facility-air-conditioning mphb_room_type_facility-courtesy-drinks mphb_room_type_facility-paddle-sup mphb_room_type_facility-professional-skipper mphb_room_type_facility-snorkel mphb_room_type_facility-williams-tender mphb-room-type-adults-11 mphb-room-type-children-0\">\n\n\t\n\t\n\n\t<p class=\"post-thumbnail mphb-loop-room-thumbnail\">\n\t<a href=\"https:\/\/www.dayyachtchartermallorca.com\/de\/yacht\/tesoro-40\/\">\n\t<img loading=\"lazy\" decoding=\"async\" width=\"800\" height=\"533\" src=\"https:\/\/www.dayyachtchartermallorca.com\/wp-content\/uploads\/2024\/12\/yacht-charter-mallorca-tesoro-40.webp\" class=\"attachment-post-thumbnail size-post-thumbnail wp-post-image\" alt=\"\" srcset=\"https:\/\/www.dayyachtchartermallorca.com\/wp-content\/uploads\/2024\/12\/yacht-charter-mallorca-tesoro-40.webp 800w, https:\/\/www.dayyachtchartermallorca.com\/wp-content\/uploads\/2024\/12\/yacht-charter-mallorca-tesoro-40-300x200.webp 300w, https:\/\/www.dayyachtchartermallorca.com\/wp-content\/uploads\/2024\/12\/yacht-charter-mallorca-tesoro-40-768x512.webp 768w, https:\/\/www.dayyachtchartermallorca.com\/wp-content\/uploads\/2024\/12\/yacht-charter-mallorca-tesoro-40-18x12.webp 18w\" sizes=\"(max-width: 800px) 100vw, 800px\" \/>\t<\/a>\n\n\t<\/p>\n\n\n\n<h2 class=\"mphb-room-type-title entry-title\">\n\n\n\n<a class=\"mphb-room-type-title\" href=\"https:\/\/www.dayyachtchartermallorca.com\/de\/yacht\/tesoro-40\/\">Tesoro 40 &#8216;Luna&#8217;<\/a>\n\n\n<\/h2>\n\n\n<h3 class=\"mphb-room-type-details-title\">Details<\/h3><ul class=\"mphb-loop-room-type-attributes\">\n\t<li class=\"mphb-room-type-total-capacity\"><span class=\"mphb-attribute-title mphb-total-capacity-title\">G\u00e4ste:<\/span><span class=\"mphb-attribute-value\">\n\t11\n\t<\/span><\/li>\t\n\n\n\t<li class=\"mphb-room-type-facilities\"><span class=\"mphb-attribute-title mphb-facilities-title\">Ausstattungen:<\/span><span class=\"mphb-attribute-value\"> <span class=\"facility-1-cabin\"><a href=\"https:\/\/www.dayyachtchartermallorca.com\/de\/yacht-facility\/1-cabin\/\">1 Cabin<\/a><\/span>, <span class=\"facility-1-wc\"><a href=\"https:\/\/www.dayyachtchartermallorca.com\/de\/yacht-facility\/1-wc\/\">1 WC<\/a><\/span>, <span class=\"facility-air-conditioning\"><a href=\"https:\/\/www.dayyachtchartermallorca.com\/de\/yacht-facility\/air-conditioning\/\">Air-conditioned<\/a><\/span>, <span class=\"facility-courtesy-drinks\"><a href=\"https:\/\/www.dayyachtchartermallorca.com\/de\/yacht-facility\/courtesy-drinks\/\">Courtesy Drinks<\/a><\/span>, <span class=\"facility-paddle-sup\"><a href=\"https:\/\/www.dayyachtchartermallorca.com\/de\/yacht-facility\/paddle-sup\/\">Paddle Sup<\/a><\/span>, <span class=\"facility-professional-skipper\"><a href=\"https:\/\/www.dayyachtchartermallorca.com\/de\/yacht-facility\/professional-skipper\/\">Professional Skipper<\/a><\/span>, <span class=\"facility-snorkel\"><a href=\"https:\/\/www.dayyachtchartermallorca.com\/de\/yacht-facility\/snorkel\/\">Snorkel<\/a><\/span>, <span class=\"facility-williams-tender\"><a href=\"https:\/\/www.dayyachtchartermallorca.com\/de\/yacht-facility\/williams-tender\/\">Williams Tender<\/a><\/span><\/span><\/li>\n\t\n\n\n\n\n\t<li class=\"mphb-room-type-size\"><span class=\"mphb-attribute-title mphb-size-title\">Gr\u00f6\u00dfe:<\/span><span class=\"mphb-attribute-value\">\n\t40ft\u00b2\n\t<\/span><\/li>\n\t\n\n\n\n\t<li class=\"mphb-room-type-categories\"><span class=\"mphb-attribute-title mphb-categories-title\">Kategorien:<\/span><span class=\"mphb-attribute-value\"> <span class=\"category-day-charter-yachts\"><a href=\"https:\/\/www.dayyachtchartermallorca.com\/de\/yacht-category\/day-charter-yachts\/\">Day Charter Yachts<\/a><\/span>, <span class=\"category-week-charter-yachts-mallorca\"><a href=\"https:\/\/www.dayyachtchartermallorca.com\/de\/yacht-category\/week-charter-yachts-mallorca\/\">Week Charter Yachts<\/a><\/span><\/span><\/li>\n\t\n<\/ul>\n\n<p class=\"mphb-view-details-button-wrapper\">\n<a class=\"button mphb-view-details-button\" href=\"https:\/\/www.dayyachtchartermallorca.com\/de\/yacht\/tesoro-40\/\" >Details ansehen<\/a>\n<\/p>\n\t\n<\/div>\n<\/div>\t\t\t\t<\/div>\n\t\t\t\t\t\t\t\t<div class=\"knsl-masonry-grid-item knsl-masonry-grid-item-50  day-charter-yachts\">\n\t\t\t\t\t<div class=\"mphb_sc_room-wrapper knsl-scroll-animation\"><div class=\"mphb-room-type post-8445 mphb_room_type type-mphb_room_type status-publish has-post-thumbnail mphb_room_type_category-day-charter-yachts mphb_room_type_tag-day-yacht-charter-mallorca mphb_room_type_facility-1-wc mphb_room_type_facility-2-cabins mphb_room_type_facility-yacht-motor-7 mphb_room_type_facility-air-conditioning mphb_room_type_facility-courtesy-drinks mphb_room_type_facility-paddle-sup mphb_room_type_facility-professional-skipper mphb_room_type_facility-snorkel mphb-room-type-adults-9 mphb-room-type-children-0\">\n\n\t\n\t\n\n\t<p class=\"post-thumbnail mphb-loop-room-thumbnail\">\n\t<a href=\"https:\/\/www.dayyachtchartermallorca.com\/de\/yacht\/pardo-38\/\">\n\t<img loading=\"lazy\" decoding=\"async\" width=\"800\" height=\"533\" src=\"https:\/\/www.dayyachtchartermallorca.com\/wp-content\/uploads\/2024\/12\/yachtcharter-mallorca-pardo-38.webp\" class=\"attachment-post-thumbnail size-post-thumbnail wp-post-image\" alt=\"\" srcset=\"https:\/\/www.dayyachtchartermallorca.com\/wp-content\/uploads\/2024\/12\/yachtcharter-mallorca-pardo-38.webp 800w, https:\/\/www.dayyachtchartermallorca.com\/wp-content\/uploads\/2024\/12\/yachtcharter-mallorca-pardo-38-300x200.webp 300w, https:\/\/www.dayyachtchartermallorca.com\/wp-content\/uploads\/2024\/12\/yachtcharter-mallorca-pardo-38-768x512.webp 768w, https:\/\/www.dayyachtchartermallorca.com\/wp-content\/uploads\/2024\/12\/yachtcharter-mallorca-pardo-38-18x12.webp 18w\" sizes=\"(max-width: 800px) 100vw, 800px\" \/>\t<\/a>\n\n\t<\/p>\n\n\n\n<h2 class=\"mphb-room-type-title entry-title\">\n\n\n\n<a class=\"mphb-room-type-title\" href=\"https:\/\/www.dayyachtchartermallorca.com\/de\/yacht\/pardo-38\/\">Pardo 38 &#8216;Soho I&#8217;<\/a>\n\n\n<\/h2>\n\n\n<h3 class=\"mphb-room-type-details-title\">Details<\/h3><ul class=\"mphb-loop-room-type-attributes\">\n\t<li class=\"mphb-room-type-total-capacity\"><span class=\"mphb-attribute-title mphb-total-capacity-title\">G\u00e4ste:<\/span><span class=\"mphb-attribute-value\">\n\t9\n\t<\/span><\/li>\t\n\n\n\t<li class=\"mphb-room-type-facilities\"><span class=\"mphb-attribute-title mphb-facilities-title\">Ausstattungen:<\/span><span class=\"mphb-attribute-value\"> <span class=\"facility-1-wc\"><a href=\"https:\/\/www.dayyachtchartermallorca.com\/de\/yacht-facility\/1-wc\/\">1 WC<\/a><\/span>, <span class=\"facility-2-cabins\"><a href=\"https:\/\/www.dayyachtchartermallorca.com\/de\/yacht-facility\/2-cabins\/\">2 Cabins<\/a><\/span>, <span class=\"facility-yacht-motor-7\"><a href=\"https:\/\/www.dayyachtchartermallorca.com\/de\/yacht-facility\/yacht-motor-7\/\">2 x Volvo 350 HP<\/a><\/span>, <span class=\"facility-air-conditioning\"><a href=\"https:\/\/www.dayyachtchartermallorca.com\/de\/yacht-facility\/air-conditioning\/\">Air-conditioned<\/a><\/span>, <span class=\"facility-courtesy-drinks\"><a href=\"https:\/\/www.dayyachtchartermallorca.com\/de\/yacht-facility\/courtesy-drinks\/\">Courtesy Drinks<\/a><\/span>, <span class=\"facility-paddle-sup\"><a href=\"https:\/\/www.dayyachtchartermallorca.com\/de\/yacht-facility\/paddle-sup\/\">Paddle Sup<\/a><\/span>, <span class=\"facility-professional-skipper\"><a href=\"https:\/\/www.dayyachtchartermallorca.com\/de\/yacht-facility\/professional-skipper\/\">Professional Skipper<\/a><\/span>, <span class=\"facility-snorkel\"><a href=\"https:\/\/www.dayyachtchartermallorca.com\/de\/yacht-facility\/snorkel\/\">Snorkel<\/a><\/span><\/span><\/li>\n\t\n\n\n\n\n\t<li class=\"mphb-room-type-size\"><span class=\"mphb-attribute-title mphb-size-title\">Gr\u00f6\u00dfe:<\/span><span class=\"mphb-attribute-value\">\n\t38ft\u00b2\n\t<\/span><\/li>\n\t\n\n\n\n\t<li class=\"mphb-room-type-categories\"><span class=\"mphb-attribute-title mphb-categories-title\">Kategorien:<\/span><span class=\"mphb-attribute-value\"> <span class=\"category-day-charter-yachts\"><a href=\"https:\/\/www.dayyachtchartermallorca.com\/de\/yacht-category\/day-charter-yachts\/\">Day Charter Yachts<\/a><\/span><\/span><\/li>\n\t\n<\/ul>\n\n<p class=\"mphb-view-details-button-wrapper\">\n<a class=\"button mphb-view-details-button\" href=\"https:\/\/www.dayyachtchartermallorca.com\/de\/yacht\/pardo-38\/\" >Details ansehen<\/a>\n<\/p>\n\t\n<\/div>\n<\/div>\t\t\t\t<\/div>\n\t\t\t\t\t\t\t\t<div class=\"knsl-masonry-grid-item knsl-masonry-grid-item-50  day-charter-yachts\">\n\t\t\t\t\t<div class=\"mphb_sc_room-wrapper knsl-scroll-animation\"><div class=\"mphb-room-type post-8678 mphb_room_type type-mphb_room_type status-publish has-post-thumbnail mphb_room_type_category-day-charter-yachts mphb_room_type_tag-day-yacht-charter-mallorca mphb_room_type_facility-1-wc mphb_room_type_facility-2-cabins mphb_room_type_facility-yacht-motor-9 mphb_room_type_facility-air-conditioning mphb_room_type_facility-paddle-sup mphb_room_type_facility-professional-skipper mphb_room_type_facility-snorkel mphb_room_type_facility-tender mphb-room-type-adults-9 mphb-room-type-children-0\">\n\n\t\n\t\n\n\t<p class=\"post-thumbnail mphb-loop-room-thumbnail\">\n\t<a href=\"https:\/\/www.dayyachtchartermallorca.com\/de\/yacht\/sessa-c38\/\">\n\t<img loading=\"lazy\" decoding=\"async\" width=\"800\" height=\"533\" src=\"https:\/\/www.dayyachtchartermallorca.com\/wp-content\/uploads\/2024\/12\/sessa-c38-yachtcharter-mallorca.webp\" class=\"attachment-post-thumbnail size-post-thumbnail wp-post-image\" alt=\"\" srcset=\"https:\/\/www.dayyachtchartermallorca.com\/wp-content\/uploads\/2024\/12\/sessa-c38-yachtcharter-mallorca.webp 800w, https:\/\/www.dayyachtchartermallorca.com\/wp-content\/uploads\/2024\/12\/sessa-c38-yachtcharter-mallorca-300x200.webp 300w, https:\/\/www.dayyachtchartermallorca.com\/wp-content\/uploads\/2024\/12\/sessa-c38-yachtcharter-mallorca-768x512.webp 768w, https:\/\/www.dayyachtchartermallorca.com\/wp-content\/uploads\/2024\/12\/sessa-c38-yachtcharter-mallorca-18x12.webp 18w\" sizes=\"(max-width: 800px) 100vw, 800px\" \/>\t<\/a>\n\n\t<\/p>\n\n\n\n<h2 class=\"mphb-room-type-title entry-title\">\n\n\n\n<a class=\"mphb-room-type-title\" href=\"https:\/\/www.dayyachtchartermallorca.com\/de\/yacht\/sessa-c38\/\">Sessa C38 &#8216;Wikki Two&#8217;<\/a>\n\n\n<\/h2>\n\n\n<h3 class=\"mphb-room-type-details-title\">Details<\/h3><ul class=\"mphb-loop-room-type-attributes\">\n\t<li class=\"mphb-room-type-total-capacity\"><span class=\"mphb-attribute-title mphb-total-capacity-title\">G\u00e4ste:<\/span><span class=\"mphb-attribute-value\">\n\t9\n\t<\/span><\/li>\t\n\n\n\t<li class=\"mphb-room-type-facilities\"><span class=\"mphb-attribute-title mphb-facilities-title\">Ausstattungen:<\/span><span class=\"mphb-attribute-value\"> <span class=\"facility-1-wc\"><a href=\"https:\/\/www.dayyachtchartermallorca.com\/de\/yacht-facility\/1-wc\/\">1 WC<\/a><\/span>, <span class=\"facility-2-cabins\"><a href=\"https:\/\/www.dayyachtchartermallorca.com\/de\/yacht-facility\/2-cabins\/\">2 Cabins<\/a><\/span>, <span class=\"facility-yacht-motor-9\"><a href=\"https:\/\/www.dayyachtchartermallorca.com\/de\/yacht-facility\/yacht-motor-9\/\">2 x Volvo 440HP<\/a><\/span>, <span class=\"facility-air-conditioning\"><a href=\"https:\/\/www.dayyachtchartermallorca.com\/de\/yacht-facility\/air-conditioning\/\">Air-conditioned<\/a><\/span>, <span class=\"facility-paddle-sup\"><a href=\"https:\/\/www.dayyachtchartermallorca.com\/de\/yacht-facility\/paddle-sup\/\">Paddle Sup<\/a><\/span>, <span class=\"facility-professional-skipper\"><a href=\"https:\/\/www.dayyachtchartermallorca.com\/de\/yacht-facility\/professional-skipper\/\">Professional Skipper<\/a><\/span>, <span class=\"facility-snorkel\"><a href=\"https:\/\/www.dayyachtchartermallorca.com\/de\/yacht-facility\/snorkel\/\">Snorkel<\/a><\/span>, <span class=\"facility-tender\"><a href=\"https:\/\/www.dayyachtchartermallorca.com\/de\/yacht-facility\/tender\/\">Tender<\/a><\/span><\/span><\/li>\n\t\n\n\n\n\n\t<li class=\"mphb-room-type-size\"><span class=\"mphb-attribute-title mphb-size-title\">Gr\u00f6\u00dfe:<\/span><span class=\"mphb-attribute-value\">\n\t38ft\u00b2\n\t<\/span><\/li>\n\t\n\n\n\n\t<li class=\"mphb-room-type-categories\"><span class=\"mphb-attribute-title mphb-categories-title\">Kategorien:<\/span><span class=\"mphb-attribute-value\"> <span class=\"category-day-charter-yachts\"><a href=\"https:\/\/www.dayyachtchartermallorca.com\/de\/yacht-category\/day-charter-yachts\/\">Day Charter Yachts<\/a><\/span><\/span><\/li>\n\t\n<\/ul>\n\n<p class=\"mphb-view-details-button-wrapper\">\n<a class=\"button mphb-view-details-button\" href=\"https:\/\/www.dayyachtchartermallorca.com\/de\/yacht\/sessa-c38\/\" >Details ansehen<\/a>\n<\/p>\n\t\n<\/div>\n<\/div>\t\t\t\t<\/div>\n\t\t\t\t\t\t\t<\/div>\n\t\t\t\n\t\t\t\n\t\t\t\t\t\t\t\t\t\t<\/section>\n\t\t<!-- rooms end -->\n\n\t\t\t\t\t\t<\/div>\n\t\t\t\t<\/div>\n\t\t\t\t\t<\/div>\n\t\t\t\t<\/div>\n\t\t<div class=\"elementor-element elementor-element-ff8e8dc e-flex e-con-boxed e-con e-parent\" data-id=\"ff8e8dc\" data-element_type=\"container\" data-e-type=\"container\">\n\t\t\t\t\t<div class=\"e-con-inner\">\n\t\t<div class=\"elementor-element elementor-element-87cc9a7 e-con-full e-flex e-con e-child\" data-id=\"87cc9a7\" data-element_type=\"container\" data-e-type=\"container\">\n\t\t\t\t<div class=\"elementor-element elementor-element-af0b53d elementor-widget elementor-widget-heading\" data-id=\"af0b53d\" data-element_type=\"widget\" data-e-type=\"widget\" data-widget_type=\"heading.default\">\n\t\t\t\t<div class=\"elementor-widget-container\">\n\t\t\t\t\t<h2 class=\"elementor-heading-title elementor-size-default\">Yacht Charter Mallorca<\/h2>\t\t\t\t<\/div>\n\t\t\t\t<\/div>\n\t\t\t\t<div class=\"elementor-element elementor-element-1828277 elementor-widget elementor-widget-text-editor\" data-id=\"1828277\" data-element_type=\"widget\" data-e-type=\"widget\" data-widget_type=\"text-editor.default\">\n\t\t\t\t<div class=\"elementor-widget-container\">\n\t\t\t\t\t\t\t\t\t<p>G\u00f6nnen Sie sich etwas Besonderes und entdecken Sie das einzigartige Gef\u00fchl der Yacht-Charter auf Mallorca. Mit unserer breiten Palette an luxuri\u00f6sen Yachten k\u00f6nnen Sie Mallorca wie nie zuvor genie\u00dfen.<\/p><p>Navigieren Sie in den kristallklaren Gew\u00e4ssern von Mallorca, tauchen Sie in das t\u00fcrkisfarbene Wasser von Buchten wie Portals Vells oder Es Trenc ein. Mit unseren Yachten und professionellen Skippern entdecken Sie Mallorca vom Meer aus.<\/p><p>Bei der Anmietung einer Yacht auf Mallorca genie\u00dfen Sie Privatsph\u00e4re und Spa\u00df mit Ihrer Gruppe von Freunden oder Familie. Je nachdem, an welchem Hafen Sie Ihre Charter starten, k\u00f6nnen Sie verschiedene Buchten genie\u00dfen.<\/p><p>Mallorca ist bekannt f\u00fcr seine wertvollen Buchten und versteckten Buchten, die Sie nur auf dem Seeweg erreichen k\u00f6nnen.<\/p>\t\t\t\t\t\t\t\t<\/div>\n\t\t\t\t<\/div>\n\t\t\t\t<\/div>\n\t\t<div class=\"elementor-element elementor-element-a78a2b4 e-con-full e-flex e-con e-child\" data-id=\"a78a2b4\" data-element_type=\"container\" data-e-type=\"container\" data-settings=\"{&quot;background_background&quot;:&quot;classic&quot;}\">\n\t\t\t\t<div class=\"elementor-element elementor-element-3f0a589 elementor-hidden-mobile elementor-widget elementor-widget-image\" data-id=\"3f0a589\" data-element_type=\"widget\" data-e-type=\"widget\" data-widget_type=\"image.default\">\n\t\t\t\t<div class=\"elementor-widget-container\">\n\t\t\t\t\t\t\t\t\t\t\t\t\t\t\t<img loading=\"lazy\" decoding=\"async\" width=\"768\" height=\"512\" src=\"https:\/\/www.dayyachtchartermallorca.com\/wp-content\/uploads\/2024\/12\/day-yacht-charter-mallorca-pardo-38-768x512.webp\" class=\"attachment-medium_large size-medium_large wp-image-9632\" alt=\"\" srcset=\"https:\/\/www.dayyachtchartermallorca.com\/wp-content\/uploads\/2024\/12\/day-yacht-charter-mallorca-pardo-38-768x512.webp 768w, https:\/\/www.dayyachtchartermallorca.com\/wp-content\/uploads\/2024\/12\/day-yacht-charter-mallorca-pardo-38-300x200.webp 300w, https:\/\/www.dayyachtchartermallorca.com\/wp-content\/uploads\/2024\/12\/day-yacht-charter-mallorca-pardo-38-18x12.webp 18w, https:\/\/www.dayyachtchartermallorca.com\/wp-content\/uploads\/2024\/12\/day-yacht-charter-mallorca-pardo-38.webp 800w\" sizes=\"(max-width: 768px) 100vw, 768px\" \/>\t\t\t\t\t\t\t\t\t\t\t\t\t\t\t<\/div>\n\t\t\t\t<\/div>\n\t\t\t\t<\/div>\n\t\t\t\t\t<\/div>\n\t\t\t\t<\/div>\n\t\t<div class=\"elementor-element elementor-element-6f33e40 e-flex e-con-boxed e-con e-parent\" data-id=\"6f33e40\" data-element_type=\"container\" data-e-type=\"container\">\n\t\t\t\t\t<div class=\"e-con-inner\">\n\t\t<div class=\"elementor-element elementor-element-8345061 e-con-full e-flex e-con e-child\" data-id=\"8345061\" data-element_type=\"container\" data-e-type=\"container\">\n\t\t\t\t<div class=\"elementor-element elementor-element-ec08624 elementor-hidden-mobile elementor-widget elementor-widget-image\" data-id=\"ec08624\" data-element_type=\"widget\" data-e-type=\"widget\" data-widget_type=\"image.default\">\n\t\t\t\t<div class=\"elementor-widget-container\">\n\t\t\t\t\t\t\t\t\t\t\t\t\t\t\t<img loading=\"lazy\" decoding=\"async\" width=\"768\" height=\"512\" src=\"https:\/\/www.dayyachtchartermallorca.com\/wp-content\/uploads\/2024\/12\/yacht-charter-mallorca-fjord-41-xl-768x512.webp\" class=\"attachment-medium_large size-medium_large wp-image-9641\" alt=\"\" srcset=\"https:\/\/www.dayyachtchartermallorca.com\/wp-content\/uploads\/2024\/12\/yacht-charter-mallorca-fjord-41-xl-768x512.webp 768w, https:\/\/www.dayyachtchartermallorca.com\/wp-content\/uploads\/2024\/12\/yacht-charter-mallorca-fjord-41-xl-300x200.webp 300w, https:\/\/www.dayyachtchartermallorca.com\/wp-content\/uploads\/2024\/12\/yacht-charter-mallorca-fjord-41-xl-18x12.webp 18w, https:\/\/www.dayyachtchartermallorca.com\/wp-content\/uploads\/2024\/12\/yacht-charter-mallorca-fjord-41-xl.webp 800w\" sizes=\"(max-width: 768px) 100vw, 768px\" \/>\t\t\t\t\t\t\t\t\t\t\t\t\t\t\t<\/div>\n\t\t\t\t<\/div>\n\t\t\t\t<\/div>\n\t\t<div class=\"elementor-element elementor-element-15d46ae e-con-full e-flex e-con e-child\" data-id=\"15d46ae\" data-element_type=\"container\" data-e-type=\"container\">\n\t\t\t\t<div class=\"elementor-element elementor-element-c3898c5 elementor-widget elementor-widget-heading\" data-id=\"c3898c5\" data-element_type=\"widget\" data-e-type=\"widget\" data-widget_type=\"heading.default\">\n\t\t\t\t<div class=\"elementor-widget-container\">\n\t\t\t\t\t<h2 class=\"elementor-heading-title elementor-size-default\">Wasserspielzeuge bei Yacht-Charter<\/h2>\t\t\t\t<\/div>\n\t\t\t\t<\/div>\n\t\t\t\t<div class=\"elementor-element elementor-element-93c02e7 elementor-widget elementor-widget-text-editor\" data-id=\"93c02e7\" data-element_type=\"widget\" data-e-type=\"widget\" data-widget_type=\"text-editor.default\">\n\t\t\t\t<div class=\"elementor-widget-container\">\n\t\t\t\t\t\t\t\t\t<p>Wasserspielzeuge sind ein Muss bei der Yacht-Charter. Wer genie\u00dft nicht gerne einen sch\u00f6nen Schwimm im Anti-Quallen-Pool oder eine sch\u00f6ne Fahrt mit dem Seabob? Mit unserem Yachtcharter-Service bieten wir die M\u00f6glichkeit, diese Wasserspielzeuge auf Anfrage als Extra zu mieten.<\/p><p>Die meisten unserer Yachten verf\u00fcgen mindestens \u00fcber ein Paddle-SUP und Schnorchelausr\u00fcstung. In einigen, wie der Azimut 64, sind Schleppspielzeuge im Preis inbegriffen. In der Filipetti S55 ist ein Sublue im Preis inbegriffen.<\/p><p>Eines unserer neuesten Wasserspielzeuge, das E-Foil, ist bei jungen Leuten sehr beliebt geworden. \u00dcber dem Meeresspiegel in einer ruhigen Bucht zu navigieren, ist ein einzigartiges Gef\u00fchl! Obwohl es etwas Geschick erfordert, ist es ein sehr unterhaltsames Wasserspielzeug.<\/p><p>Es ist schon eine Weile her, seit wir zum ersten Mal den Anti-Quallen-Pool gesehen haben. Ein sehr cleveres und innovatives Design hat dieses Wasserspielzeug zu einem Bed\u00fcrfnis f\u00fcr die meisten Yachten gemacht. Genie\u00dfen Sie einen ruhigen Schwimm ohne Quallen oder sogar einen Kinder-Spielplatz, w\u00e4hrend Sie ein sch\u00f6nes Sonnenbad nehmen!<\/p><p>Schlie\u00dflich ist der weltweit bekannte Seabob heutzutage bei allen Yachtchartern ein Muss. Das Gef\u00fchl, mit hoher Geschwindigkeit ins Wasser zu tauchen, ist besonders und sehr zu empfehlen.<\/p><div>\u00a0<\/div><div>\u00a0<\/div>\t\t\t\t\t\t\t\t<\/div>\n\t\t\t\t<\/div>\n\t\t\t\t<\/div>\n\t\t\t\t\t<\/div>\n\t\t\t\t<\/div>\n\t\t<div class=\"elementor-element elementor-element-dfef09c e-flex e-con-boxed e-con e-parent\" data-id=\"dfef09c\" data-element_type=\"container\" data-e-type=\"container\">\n\t\t\t\t\t<div class=\"e-con-inner\">\n\t\t<div class=\"elementor-element elementor-element-96f5f93 e-con-full e-flex e-con e-child\" data-id=\"96f5f93\" data-element_type=\"container\" data-e-type=\"container\">\n\t\t\t\t<div class=\"elementor-element elementor-element-920358b elementor-widget elementor-widget-heading\" data-id=\"920358b\" data-element_type=\"widget\" data-e-type=\"widget\" data-widget_type=\"heading.default\">\n\t\t\t\t<div class=\"elementor-widget-container\">\n\t\t\t\t\t<h2 class=\"elementor-heading-title elementor-size-default\">Yachting mit einem Skipper<\/h2>\t\t\t\t<\/div>\n\t\t\t\t<\/div>\n\t\t\t\t<div class=\"elementor-element elementor-element-5bcd019 elementor-widget elementor-widget-text-editor\" data-id=\"5bcd019\" data-element_type=\"widget\" data-e-type=\"widget\" data-widget_type=\"text-editor.default\">\n\t\t\t\t<div class=\"elementor-widget-container\">\n\t\t\t\t\t\t\t\t\t<p>Wer liebt es nicht, sich in einem ger\u00e4umigen Bett zu entspannen, w\u00e4hrend man mit voller Geschwindigkeit navigiert? Mit unseren professionellen Skippers k\u00f6nnen Sie Ihre Familie, Freunde und vor allem die Aussicht auf Mallorca genie\u00dfen. <\/p><p>G\u00f6nnen Sie sich etwas Besonderes und w\u00e4hlen Sie die Yachtcharter mit einem Skipper. W\u00e4hrend er sich um Sie k\u00fcmmert, k\u00f6nnen Sie sich sonnen, schwimmen und mit allen Wasserspielzeugen an Bord spielen.<\/p>\t\t\t\t\t\t\t\t<\/div>\n\t\t\t\t<\/div>\n\t\t\t\t<\/div>\n\t\t<div class=\"elementor-element elementor-element-c9edbc7 e-con-full e-flex e-con e-child\" data-id=\"c9edbc7\" data-element_type=\"container\" data-e-type=\"container\">\n\t\t\t\t<div class=\"elementor-element elementor-element-aa060f8 elementor-hidden-mobile elementor-widget elementor-widget-image\" data-id=\"aa060f8\" data-element_type=\"widget\" data-e-type=\"widget\" data-widget_type=\"image.default\">\n\t\t\t\t<div class=\"elementor-widget-container\">\n\t\t\t\t\t\t\t\t\t\t\t\t\t\t\t<img loading=\"lazy\" decoding=\"async\" width=\"768\" height=\"512\" src=\"https:\/\/www.dayyachtchartermallorca.com\/wp-content\/uploads\/2024\/12\/fjord-44-yachtcharter-mallorca-768x512.webp\" class=\"attachment-medium_large size-medium_large wp-image-9569\" alt=\"\" srcset=\"https:\/\/www.dayyachtchartermallorca.com\/wp-content\/uploads\/2024\/12\/fjord-44-yachtcharter-mallorca-768x512.webp 768w, https:\/\/www.dayyachtchartermallorca.com\/wp-content\/uploads\/2024\/12\/fjord-44-yachtcharter-mallorca-300x200.webp 300w, https:\/\/www.dayyachtchartermallorca.com\/wp-content\/uploads\/2024\/12\/fjord-44-yachtcharter-mallorca-18x12.webp 18w, https:\/\/www.dayyachtchartermallorca.com\/wp-content\/uploads\/2024\/12\/fjord-44-yachtcharter-mallorca.webp 800w\" sizes=\"(max-width: 768px) 100vw, 768px\" \/>\t\t\t\t\t\t\t\t\t\t\t\t\t\t\t<\/div>\n\t\t\t\t<\/div>\n\t\t\t\t<\/div>\n\t\t\t\t\t<\/div>\n\t\t\t\t<\/div>\n\t\t<div class=\"elementor-element elementor-element-679269e e-flex e-con-boxed e-con e-parent\" data-id=\"679269e\" data-element_type=\"container\" data-e-type=\"container\">\n\t\t\t\t\t<div class=\"e-con-inner\">\n\t\t<div class=\"elementor-element elementor-element-a628888 e-con-full e-flex e-con e-child\" data-id=\"a628888\" data-element_type=\"container\" data-e-type=\"container\">\n\t\t\t\t<div class=\"elementor-element elementor-element-d972d03 elementor-hidden-mobile elementor-widget elementor-widget-image\" data-id=\"d972d03\" data-element_type=\"widget\" data-e-type=\"widget\" data-widget_type=\"image.default\">\n\t\t\t\t<div class=\"elementor-widget-container\">\n\t\t\t\t\t\t\t\t\t\t\t\t\t\t\t<img loading=\"lazy\" decoding=\"async\" width=\"768\" height=\"512\" src=\"https:\/\/www.dayyachtchartermallorca.com\/wp-content\/uploads\/2024\/12\/day-yacht-charter-mallorca-filippetti-s55-768x512.webp\" class=\"attachment-medium_large size-medium_large wp-image-9602\" alt=\"\" srcset=\"https:\/\/www.dayyachtchartermallorca.com\/wp-content\/uploads\/2024\/12\/day-yacht-charter-mallorca-filippetti-s55-768x512.webp 768w, https:\/\/www.dayyachtchartermallorca.com\/wp-content\/uploads\/2024\/12\/day-yacht-charter-mallorca-filippetti-s55-300x200.webp 300w, https:\/\/www.dayyachtchartermallorca.com\/wp-content\/uploads\/2024\/12\/day-yacht-charter-mallorca-filippetti-s55-18x12.webp 18w, https:\/\/www.dayyachtchartermallorca.com\/wp-content\/uploads\/2024\/12\/day-yacht-charter-mallorca-filippetti-s55.webp 800w\" sizes=\"(max-width: 768px) 100vw, 768px\" \/>\t\t\t\t\t\t\t\t\t\t\t\t\t\t\t<\/div>\n\t\t\t\t<\/div>\n\t\t\t\t<\/div>\n\t\t<div class=\"elementor-element elementor-element-0e6cdd6 e-con-full e-flex e-con e-child\" data-id=\"0e6cdd6\" data-element_type=\"container\" data-e-type=\"container\">\n\t\t\t\t<div class=\"elementor-element elementor-element-51b5342 elementor-widget elementor-widget-heading\" data-id=\"51b5342\" data-element_type=\"widget\" data-e-type=\"widget\" data-widget_type=\"heading.default\">\n\t\t\t\t<div class=\"elementor-widget-container\">\n\t\t\t\t\t<h2 class=\"elementor-heading-title elementor-size-default\">Routen mit der Yacht in Mallorca<\/h2>\t\t\t\t<\/div>\n\t\t\t\t<\/div>\n\t\t\t\t<div class=\"elementor-element elementor-element-5b469d6 elementor-widget elementor-widget-text-editor\" data-id=\"5b469d6\" data-element_type=\"widget\" data-e-type=\"widget\" data-widget_type=\"text-editor.default\">\n\t\t\t\t<div class=\"elementor-widget-container\">\n\t\t\t\t\t\t\t\t\t<p>Mallorca ist weltweit bekannt f\u00fcr seine Buchten. Viele von ihnen k\u00f6nnen jedoch immer noch genossen werden, da sie nur \u00fcber das Meer erreichbar sind. Mit unserem Yachtcharter-Service werden wir unseren Kunden verschiedene Routen vorschlagen, damit sie Mallorca genie\u00dfen k\u00f6nnen.<\/p><p>Es gibt viele Buchten auf Mallorca, die wir f\u00fcr einen \"Muss-Besuch\" halten, wie zum Beispiel Portals Vells oder Sant Elm. In unserem Abschnitt \"Yachtrouten Mallorca\" finden Sie all unsere Vorschl\u00e4ge.<\/p>\t\t\t\t\t\t\t\t<\/div>\n\t\t\t\t<\/div>\n\t\t\t\t<\/div>\n\t\t\t\t\t<\/div>\n\t\t\t\t<\/div>\n\t\t\t\t<\/div>","protected":false},"excerpt":{"rendered":"<p>Day Charter Mallorca OUR LUXURIOUS YACHTS IN MALLORCA Charter Motor Yachts in Mallorca According to your preferences, these are the best options available All Yachts Day Charter Yachts Week Charter&#8230; <span class=\"knsl-el-more\"><a href=\"https:\/\/www.dayyachtchartermallorca.com\/de\/yacht\/sessa-c38\/\" class=\"knsl-btn\">Read more<span class=\"screen-reader-text\">Read more&nbsp;Sessa C38 &#8216;Wikki Two&#8217;<\/span><\/a><\/span><\/p>","protected":false},"author":1,"featured_media":0,"parent":0,"menu_order":0,"comment_status":"closed","ping_status":"closed","template":"template-layout-builder.php","meta":{"_acf_changed":false,"_uf_show_specific_survey":0,"_uf_disable_surveys":false,"footnotes":""},"class_list":["post-3438","page","type-page","status-publish","hentry"],"acf":[],"aioseo_notices":[],"_links":{"self":[{"href":"https:\/\/www.dayyachtchartermallorca.com\/de\/wp-json\/wp\/v2\/pages\/3438","targetHints":{"allow":["GET"]}}],"collection":[{"href":"https:\/\/www.dayyachtchartermallorca.com\/de\/wp-json\/wp\/v2\/pages"}],"about":[{"href":"https:\/\/www.dayyachtchartermallorca.com\/de\/wp-json\/wp\/v2\/types\/page"}],"author":[{"embeddable":true,"href":"https:\/\/www.dayyachtchartermallorca.com\/de\/wp-json\/wp\/v2\/users\/1"}],"replies":[{"embeddable":true,"href":"https:\/\/www.dayyachtchartermallorca.com\/de\/wp-json\/wp\/v2\/comments?post=3438"}],"version-history":[{"count":89,"href":"https:\/\/www.dayyachtchartermallorca.com\/de\/wp-json\/wp\/v2\/pages\/3438\/revisions"}],"predecessor-version":[{"id":9825,"href":"https:\/\/www.dayyachtchartermallorca.com\/de\/wp-json\/wp\/v2\/pages\/3438\/revisions\/9825"}],"wp:attachment":[{"href":"https:\/\/www.dayyachtchartermallorca.com\/de\/wp-json\/wp\/v2\/media?parent=3438"}],"curies":[{"name":"wp","href":"https:\/\/api.w.org\/{rel}","templated":true}]}}